{"id":457912,"date":"2024-08-09T09:00:10","date_gmt":"2024-08-09T07:00:10","guid":{"rendered":"https:\/\/www.ecinews.fr\/?post_type=white_papers&#038;p=457912"},"modified":"2024-08-08T17:56:25","modified_gmt":"2024-08-08T15:56:25","slug":"vehicules-utilitaires-electriques-quelles-solutions-pour-quels-defis","status":"publish","type":"white_papers","link":"https:\/\/www.ecinews.fr\/fr\/white_papers\/vehicules-utilitaires-electriques-quelles-solutions-pour-quels-defis\/","title":{"rendered":"V\u00e9hicules utilitaires \u00e9lectriques : quelles solutions pour quels d\u00e9fis ?"},"content":{"rendered":"<p>Tout bien consid\u00e9r\u00e9, on peut dire que l\u2019\u00e9lectrification de l\u2019automobile a \u00e9t\u00e9 remarquablement rapide. Malgr\u00e9 le gigantisme de cette industrie, ses processus qui semblaient jusqu\u2019ici immuables et ses cycles de recherche et d\u00e9veloppement relativement longs, qui sont autant de facteurs qui ont normalement tendance \u00e0 freiner tout changement radical, force est de constater que les constructeurs du monde entier ont \u00e9t\u00e9 prompts \u00e0 commercialiser des gammes enti\u00e8res de mod\u00e8les de v\u00e9hicules \u00e9lectriques. Dix ans apr\u00e8s le lancement en 2011 du premier v\u00e9hicule \u00e9lectrique v\u00e9ritablement produit en s\u00e9rie, \u00e0 savoir la Nissan Leaf, on comptait plus de 450 mod\u00e8les de v\u00e9hicules enti\u00e8rement \u00e9lectriques disponibles sur le march\u00e9. De 2015 \u00e0 2021, le taux de croissance annuel compos\u00e9 (TCAC) pour les nouveaux mod\u00e8les a atteint le chiffre incroyable de 34 %.<\/p>\n","protected":false},"excerpt":{"rendered":"<p>Tout bien consid\u00e9r\u00e9, on peut dire que l\u2019\u00e9lectrification de l\u2019automobile a \u00e9t\u00e9 remarquablement rapide. Malgr\u00e9 le gigantisme de cette industrie, ses processus qui semblaient jusqu\u2019ici immuables et ses cycles de recherche et d\u00e9veloppement relativement longs, qui sont autant de facteurs qui ont normalement tendance \u00e0 freiner tout changement radical, force est de constater que les [&hellip;]<\/p>\n","protected":false},"featured_media":457913,"template":"","tags":[],"company":[579],"wp_category":[],"ppma_author":[6113],"class_list":["post-457912","white_papers","type-white_papers","status-publish","has-post-thumbnail","hentry","company-mouser-electronics"],"acf":[],"yoast_head":"<title>V\u00e9hicules utilitaires \u00e9lectriques : quelles solutions pour qu...<\/title>\n<meta name=\"description\" content=\"Tout bien consid\u00e9r\u00e9, on peut dire que l\u2019\u00e9lectrification de l\u2019automobile a \u00e9t\u00e9 remarquablement rapide. Malgr\u00e9 le gigantisme de cette industrie, ses...\" \/>\n<meta name=\"robots\" content=\"index, follow, max-snippet:-1, max-image-preview:large, max-video-preview:-1\" \/>\n<link rel=\"canonical\" href=\"https:\/\/www.ecinews.fr\/fr\/wp-json\/wp\/v2\/white_papers\/457912\/\" \/>\n<meta property=\"og:locale\" content=\"fr_FR\" \/>\n<meta property=\"og:type\" content=\"article\" \/>\n<meta property=\"og:title\" content=\"V\u00e9hicules utilitaires \u00e9lectriques : quelles solutions pour quels d\u00e9fis ?\" \/>\n<meta property=\"og:description\" content=\"Tout bien consid\u00e9r\u00e9, on peut dire que l\u2019\u00e9lectrification de l\u2019automobile a \u00e9t\u00e9 remarquablement rapide. Malgr\u00e9 le gigantisme de cette industrie, ses processus qui semblaient jusqu\u2019ici immuables et ses cycles de recherche et d\u00e9veloppement relativement longs, qui sont autant de facteurs qui ont normalement tendance \u00e0 freiner tout changement radical, force est de constater que les [&hellip;]\" \/>\n<meta property=\"og:url\" content=\"https:\/\/www.ecinews.fr\/fr\/wp-json\/wp\/v2\/white_papers\/457912\/\" \/>\n<meta property=\"og:site_name\" content=\"EENewsEurope\" \/>\n<meta property=\"article:modified_time\" content=\"2024-08-08T15:56:25+00:00\" \/>\n<meta property=\"og:image\" content=\"https:\/\/test.ecinews.fr\/wp-content\/uploads\/2024\/08\/ECI4359-MRA501ACommercial-EV-Technical-Article-FR-scaled.jpeg\" \/>\n\t<meta property=\"og:image:width\" content=\"1080\" \/>\n\t<meta property=\"og:image:height\" content=\"604\" \/>\n\t<meta property=\"og:image:type\" content=\"image\/jpeg\" \/>\n<meta name=\"twitter:card\" content=\"summary_large_image\" \/>\n<meta name=\"twitter:label1\" content=\"Est. reading time\" \/>\n\t<meta name=\"twitter:data1\" content=\"1 minute\" \/>\n<script type=\"application\/ld+json\" class=\"yoast-schema-graph\">{\"@context\":\"https:\/\/schema.org\",\"@graph\":[{\"@type\":\"WebPage\",\"@id\":\"https:\/\/test.ecinews.fr\/fr\/white_papers\/vehicules-utilitaires-electriques-quelles-solutions-pour-quels-defis\/\",\"url\":\"https:\/\/test.ecinews.fr\/fr\/white_papers\/vehicules-utilitaires-electriques-quelles-solutions-pour-quels-defis\/\",\"name\":\"V\u00e9hicules utilitaires \u00e9lectriques : quelles solutions pour quels d\u00e9fis ? -\",\"isPartOf\":{\"@id\":\"https:\/\/www.ecinews.fr\/fr\/#website\"},\"datePublished\":\"2024-08-09T07:00:10+00:00\",\"dateModified\":\"2024-08-08T15:56:25+00:00\",\"breadcrumb\":{\"@id\":\"https:\/\/test.ecinews.fr\/fr\/white_papers\/vehicules-utilitaires-electriques-quelles-solutions-pour-quels-defis\/#breadcrumb\"},\"inLanguage\":\"fr-FR\",\"potentialAction\":[{\"@type\":\"ReadAction\",\"target\":[\"https:\/\/test.ecinews.fr\/fr\/white_papers\/vehicules-utilitaires-electriques-quelles-solutions-pour-quels-defis\/\"]}]},{\"@type\":\"BreadcrumbList\",\"@id\":\"https:\/\/test.ecinews.fr\/fr\/white_papers\/vehicules-utilitaires-electriques-quelles-solutions-pour-quels-defis\/#breadcrumb\",\"itemListElement\":[{\"@type\":\"ListItem\",\"position\":1,\"name\":\"Home\",\"item\":\"https:\/\/www.ecinews.fr\/fr\/\"},{\"@type\":\"ListItem\",\"position\":2,\"name\":\"V\u00e9hicules utilitaires \u00e9lectriques : quelles solutions pour quels d\u00e9fis ?\"}]},{\"@type\":\"WebSite\",\"@id\":\"https:\/\/www.ecinews.fr\/fr\/#website\",\"url\":\"https:\/\/www.ecinews.fr\/fr\/\",\"name\":\"EENewsEurope\",\"description\":\"Just another WordPress site\",\"publisher\":{\"@id\":\"https:\/\/www.ecinews.fr\/fr\/#organization\"},\"potentialAction\":[{\"@type\":\"SearchAction\",\"target\":{\"@type\":\"EntryPoint\",\"urlTemplate\":\"https:\/\/www.ecinews.fr\/fr\/?s={search_term_string}\"},\"query-input\":\"required name=search_term_string\"}],\"inLanguage\":\"fr-FR\"},{\"@type\":\"Organization\",\"@id\":\"https:\/\/www.ecinews.fr\/fr\/#organization\",\"name\":\"EENewsEurope\",\"url\":\"https:\/\/www.ecinews.fr\/fr\/\",\"logo\":{\"@type\":\"ImageObject\",\"inLanguage\":\"fr-FR\",\"@id\":\"https:\/\/www.ecinews.fr\/fr\/#\/schema\/logo\/image\/\",\"url\":\"https:\/\/www.ecinews.fr\/wp-content\/uploads\/2022\/02\/logo-1.jpg\",\"contentUrl\":\"https:\/\/www.ecinews.fr\/wp-content\/uploads\/2022\/02\/logo-1.jpg\",\"width\":283,\"height\":113,\"caption\":\"EENewsEurope\"},\"image\":{\"@id\":\"https:\/\/www.ecinews.fr\/fr\/#\/schema\/logo\/image\/\"}}]}<\/script>","yoast_head_json":{"title":"V\u00e9hicules utilitaires \u00e9lectriques : quelles solutions pour qu...","description":"Tout bien consid\u00e9r\u00e9, on peut dire que l\u2019\u00e9lectrification de l\u2019automobile a \u00e9t\u00e9 remarquablement rapide. Malgr\u00e9 le gigantisme de cette industrie, ses...","robots":{"index":"index","follow":"follow","max-snippet":"max-snippet:-1","max-image-preview":"max-image-preview:large","max-video-preview":"max-video-preview:-1"},"canonical":"https:\/\/www.ecinews.fr\/fr\/wp-json\/wp\/v2\/white_papers\/457912\/","og_locale":"fr_FR","og_type":"article","og_title":"V\u00e9hicules utilitaires \u00e9lectriques : quelles solutions pour quels d\u00e9fis ?","og_description":"Tout bien consid\u00e9r\u00e9, on peut dire que l\u2019\u00e9lectrification de l\u2019automobile a \u00e9t\u00e9 remarquablement rapide. Malgr\u00e9 le gigantisme de cette industrie, ses processus qui semblaient jusqu\u2019ici immuables et ses cycles de recherche et d\u00e9veloppement relativement longs, qui sont autant de facteurs qui ont normalement tendance \u00e0 freiner tout changement radical, force est de constater que les [&hellip;]","og_url":"https:\/\/www.ecinews.fr\/fr\/wp-json\/wp\/v2\/white_papers\/457912\/","og_site_name":"EENewsEurope","article_modified_time":"2024-08-08T15:56:25+00:00","og_image":[{"width":1080,"height":604,"url":"https:\/\/test.ecinews.fr\/wp-content\/uploads\/2024\/08\/ECI4359-MRA501ACommercial-EV-Technical-Article-FR-scaled.jpeg","type":"image\/jpeg"}],"twitter_card":"summary_large_image","twitter_misc":{"Est. reading time":"1 minute"},"schema":{"@context":"https:\/\/schema.org","@graph":[{"@type":"WebPage","@id":"https:\/\/test.ecinews.fr\/fr\/white_papers\/vehicules-utilitaires-electriques-quelles-solutions-pour-quels-defis\/","url":"https:\/\/test.ecinews.fr\/fr\/white_papers\/vehicules-utilitaires-electriques-quelles-solutions-pour-quels-defis\/","name":"V\u00e9hicules utilitaires \u00e9lectriques : quelles solutions pour quels d\u00e9fis ? -","isPartOf":{"@id":"https:\/\/www.ecinews.fr\/fr\/#website"},"datePublished":"2024-08-09T07:00:10+00:00","dateModified":"2024-08-08T15:56:25+00:00","breadcrumb":{"@id":"https:\/\/test.ecinews.fr\/fr\/white_papers\/vehicules-utilitaires-electriques-quelles-solutions-pour-quels-defis\/#breadcrumb"},"inLanguage":"fr-FR","potentialAction":[{"@type":"ReadAction","target":["https:\/\/test.ecinews.fr\/fr\/white_papers\/vehicules-utilitaires-electriques-quelles-solutions-pour-quels-defis\/"]}]},{"@type":"BreadcrumbList","@id":"https:\/\/test.ecinews.fr\/fr\/white_papers\/vehicules-utilitaires-electriques-quelles-solutions-pour-quels-defis\/#breadcrumb","itemListElement":[{"@type":"ListItem","position":1,"name":"Home","item":"https:\/\/www.ecinews.fr\/fr\/"},{"@type":"ListItem","position":2,"name":"V\u00e9hicules utilitaires \u00e9lectriques : quelles solutions pour quels d\u00e9fis ?"}]},{"@type":"WebSite","@id":"https:\/\/www.ecinews.fr\/fr\/#website","url":"https:\/\/www.ecinews.fr\/fr\/","name":"EENewsEurope","description":"Just another WordPress site","publisher":{"@id":"https:\/\/www.ecinews.fr\/fr\/#organization"},"potentialAction":[{"@type":"SearchAction","target":{"@type":"EntryPoint","urlTemplate":"https:\/\/www.ecinews.fr\/fr\/?s={search_term_string}"},"query-input":"required name=search_term_string"}],"inLanguage":"fr-FR"},{"@type":"Organization","@id":"https:\/\/www.ecinews.fr\/fr\/#organization","name":"EENewsEurope","url":"https:\/\/www.ecinews.fr\/fr\/","logo":{"@type":"ImageObject","inLanguage":"fr-FR","@id":"https:\/\/www.ecinews.fr\/fr\/#\/schema\/logo\/image\/","url":"https:\/\/www.ecinews.fr\/wp-content\/uploads\/2022\/02\/logo-1.jpg","contentUrl":"https:\/\/www.ecinews.fr\/wp-content\/uploads\/2022\/02\/logo-1.jpg","width":283,"height":113,"caption":"EENewsEurope"},"image":{"@id":"https:\/\/www.ecinews.fr\/fr\/#\/schema\/logo\/image\/"}}]}},"_links":{"self":[{"href":"https:\/\/www.ecinews.fr\/fr\/wp-json\/wp\/v2\/white_papers\/457912"}],"collection":[{"href":"https:\/\/www.ecinews.fr\/fr\/wp-json\/wp\/v2\/white_papers"}],"about":[{"href":"https:\/\/www.ecinews.fr\/fr\/wp-json\/wp\/v2\/types\/white_papers"}],"wp:featuredmedia":[{"embeddable":true,"href":"https:\/\/www.ecinews.fr\/fr\/wp-json\/wp\/v2\/media\/457913"}],"wp:attachment":[{"href":"https:\/\/www.ecinews.fr\/fr\/wp-json\/wp\/v2\/media?parent=457912"}],"wp:term":[{"taxonomy":"post_tag","embeddable":true,"href":"https:\/\/www.ecinews.fr\/fr\/wp-json\/wp\/v2\/tags?post=457912"},{"taxonomy":"company","embeddable":true,"href":"https:\/\/www.ecinews.fr\/fr\/wp-json\/wp\/v2\/company?post=457912"},{"taxonomy":"wp_category","embeddable":true,"href":"https:\/\/www.ecinews.fr\/fr\/wp-json\/wp\/v2\/wp_category?post=457912"},{"taxonomy":"author","embeddable":true,"href":"https:\/\/www.ecinews.fr\/fr\/wp-json\/wp\/v2\/ppma_author?post=457912"}],"curies":[{"name":"wp","href":"https:\/\/api.w.org\/{rel}","templated":true}]}}