{"id":447120,"date":"2024-03-26T15:48:52","date_gmt":"2024-03-26T14:48:52","guid":{"rendered":"https:\/\/www.ecinews.fr\/?post_type=white_papers&#038;p=447120"},"modified":"2024-03-26T15:48:52","modified_gmt":"2024-03-26T14:48:52","slug":"mise-a-la-terre-electrique-adoptez-une-approche-pragmatique","status":"publish","type":"white_papers","link":"https:\/\/www.ecinews.fr\/fr\/white_papers\/mise-a-la-terre-electrique-adoptez-une-approche-pragmatique\/","title":{"rendered":"Mise \u00e0 la terre \u00e9lectrique : adoptez une approche pragmatique"},"content":{"rendered":"<p>Jusqu&rsquo;\u00e0 r\u00e9cemment, la mise \u00e0 la terre \u00e9lectrique n&rsquo;avait qu&rsquo;une seule raison d&rsquo;\u00eatre : la s\u00e9curit\u00e9. Et si la protection des personnes contre l&rsquo;\u00e9lectrocution reste un objectif essentiel, l&rsquo;\u00e9laboration d&rsquo;une strat\u00e9gie de mise \u00e0 la terre solide et compl\u00e8te est d&rsquo;autant plus importante avec les appareils \u00e9lectroniques grand public modernes et leurs capacit\u00e9s multim\u00e9dias et de communication.<br \/>\nLa mise \u00e0 la terre est un sujet complexe, mais son r\u00f4le essentiel dans la protection des appareils et produits \u00e9lectroniques sensibles et hautement performants est ind\u00e9niable. Une mise \u00e0 la terre appropri\u00e9e permet d&rsquo;\u00e9viter les d\u00e9faillances du circuit et les dommages qui en d\u00e9coulent pour les composants co\u00fbteux. Elle emp\u00eache \u00e9galement l&rsquo;accumulation d&rsquo;\u00e9lectricit\u00e9 statique et am\u00e9liore m\u00eame les performances des dispositifs et des appareils en minimisant les cons\u00e9quences des interf\u00e9rences \u00e9lectromagn\u00e9tiques (EMI).<\/p>\n<p>&nbsp;<\/p>\n","protected":false},"excerpt":{"rendered":"<p>Jusqu&rsquo;\u00e0 r\u00e9cemment, la mise \u00e0 la terre \u00e9lectrique n&rsquo;avait qu&rsquo;une seule raison d&rsquo;\u00eatre : la s\u00e9curit\u00e9. Et si la protection des personnes contre l&rsquo;\u00e9lectrocution reste un objectif essentiel, l&rsquo;\u00e9laboration d&rsquo;une strat\u00e9gie de mise \u00e0 la terre solide et compl\u00e8te est d&rsquo;autant plus importante avec les appareils \u00e9lectroniques grand public modernes et leurs capacit\u00e9s multim\u00e9dias et [&hellip;]<\/p>\n","protected":false},"featured_media":447123,"template":"","tags":[],"company":[146],"wp_category":[],"ppma_author":[1154],"class_list":["post-447120","white_papers","type-white_papers","status-publish","has-post-thumbnail","hentry","company-parker-hannifin-limited-division-chomerics-europe"],"acf":[],"yoast_head":"<title>Mise \u00e0 la terre \u00e9lectrique : adoptez une approche pragmatique ...<\/title>\n<meta name=\"description\" content=\"Jusqu&rsquo;\u00e0 r\u00e9cemment, la mise \u00e0 la terre \u00e9lectrique n&rsquo;avait qu&rsquo;une seule raison d&rsquo;\u00eatre : la s\u00e9curit\u00e9. Et si la protection des...\" \/>\n<meta name=\"robots\" content=\"index, follow, max-snippet:-1, max-image-preview:large, max-video-preview:-1\" \/>\n<link rel=\"canonical\" href=\"https:\/\/www.ecinews.fr\/fr\/wp-json\/wp\/v2\/white_papers\/447120\/\" \/>\n<meta property=\"og:locale\" content=\"fr_FR\" \/>\n<meta property=\"og:type\" content=\"article\" \/>\n<meta property=\"og:title\" content=\"Mise \u00e0 la terre \u00e9lectrique : adoptez une approche pragmatique\" \/>\n<meta property=\"og:description\" content=\"Jusqu&rsquo;\u00e0 r\u00e9cemment, la mise \u00e0 la terre \u00e9lectrique n&rsquo;avait qu&rsquo;une seule raison d&rsquo;\u00eatre : la s\u00e9curit\u00e9. Et si la protection des personnes contre l&rsquo;\u00e9lectrocution reste un objectif essentiel, l&rsquo;\u00e9laboration d&rsquo;une strat\u00e9gie de mise \u00e0 la terre solide et compl\u00e8te est d&rsquo;autant plus importante avec les appareils \u00e9lectroniques grand public modernes et leurs capacit\u00e9s multim\u00e9dias et [&hellip;]\" \/>\n<meta property=\"og:url\" content=\"https:\/\/www.ecinews.fr\/fr\/wp-json\/wp\/v2\/white_papers\/447120\/\" \/>\n<meta property=\"og:site_name\" content=\"EENewsEurope\" \/>\n<meta property=\"og:image\" content=\"https:\/\/www.eenewseurope.com\/wp-content\/uploads\/2024\/03\/ECI3281_Parker-Chomerics_applic_Fig-2-scaled.jpg\" \/>\n\t<meta property=\"og:image:width\" content=\"1080\" \/>\n\t<meta property=\"og:image:height\" content=\"608\" \/>\n\t<meta property=\"og:image:type\" content=\"image\/jpeg\" \/>\n<meta name=\"twitter:card\" content=\"summary_large_image\" \/>\n<meta name=\"twitter:label1\" content=\"Est. reading time\" \/>\n\t<meta name=\"twitter:data1\" content=\"1 minute\" \/>\n<script type=\"application\/ld+json\" class=\"yoast-schema-graph\">{\"@context\":\"https:\/\/schema.org\",\"@graph\":[{\"@type\":\"WebPage\",\"@id\":\"https:\/\/www.eenewseurope.com\/fr\/white_papers\/mise-a-la-terre-electrique-adoptez-une-approche-pragmatique\/\",\"url\":\"https:\/\/www.eenewseurope.com\/fr\/white_papers\/mise-a-la-terre-electrique-adoptez-une-approche-pragmatique\/\",\"name\":\"Mise \u00e0 la terre \u00e9lectrique : adoptez une approche pragmatique -\",\"isPartOf\":{\"@id\":\"https:\/\/www.ecinews.fr\/fr\/#website\"},\"datePublished\":\"2024-03-26T14:48:52+00:00\",\"dateModified\":\"2024-03-26T14:48:52+00:00\",\"breadcrumb\":{\"@id\":\"https:\/\/www.eenewseurope.com\/fr\/white_papers\/mise-a-la-terre-electrique-adoptez-une-approche-pragmatique\/#breadcrumb\"},\"inLanguage\":\"fr-FR\",\"potentialAction\":[{\"@type\":\"ReadAction\",\"target\":[\"https:\/\/www.eenewseurope.com\/fr\/white_papers\/mise-a-la-terre-electrique-adoptez-une-approche-pragmatique\/\"]}]},{\"@type\":\"BreadcrumbList\",\"@id\":\"https:\/\/www.eenewseurope.com\/fr\/white_papers\/mise-a-la-terre-electrique-adoptez-une-approche-pragmatique\/#breadcrumb\",\"itemListElement\":[{\"@type\":\"ListItem\",\"position\":1,\"name\":\"Home\",\"item\":\"https:\/\/www.ecinews.fr\/fr\/\"},{\"@type\":\"ListItem\",\"position\":2,\"name\":\"Mise \u00e0 la terre \u00e9lectrique : adoptez une approche pragmatique\"}]},{\"@type\":\"WebSite\",\"@id\":\"https:\/\/www.ecinews.fr\/fr\/#website\",\"url\":\"https:\/\/www.ecinews.fr\/fr\/\",\"name\":\"EENewsEurope\",\"description\":\"Just another WordPress site\",\"publisher\":{\"@id\":\"https:\/\/www.ecinews.fr\/fr\/#organization\"},\"potentialAction\":[{\"@type\":\"SearchAction\",\"target\":{\"@type\":\"EntryPoint\",\"urlTemplate\":\"https:\/\/www.ecinews.fr\/fr\/?s={search_term_string}\"},\"query-input\":\"required name=search_term_string\"}],\"inLanguage\":\"fr-FR\"},{\"@type\":\"Organization\",\"@id\":\"https:\/\/www.ecinews.fr\/fr\/#organization\",\"name\":\"EENewsEurope\",\"url\":\"https:\/\/www.ecinews.fr\/fr\/\",\"logo\":{\"@type\":\"ImageObject\",\"inLanguage\":\"fr-FR\",\"@id\":\"https:\/\/www.ecinews.fr\/fr\/#\/schema\/logo\/image\/\",\"url\":\"https:\/\/www.ecinews.fr\/wp-content\/uploads\/2022\/02\/logo-1.jpg\",\"contentUrl\":\"https:\/\/www.ecinews.fr\/wp-content\/uploads\/2022\/02\/logo-1.jpg\",\"width\":283,\"height\":113,\"caption\":\"EENewsEurope\"},\"image\":{\"@id\":\"https:\/\/www.ecinews.fr\/fr\/#\/schema\/logo\/image\/\"}}]}<\/script>","yoast_head_json":{"title":"Mise \u00e0 la terre \u00e9lectrique : adoptez une approche pragmatique ...","description":"Jusqu&rsquo;\u00e0 r\u00e9cemment, la mise \u00e0 la terre \u00e9lectrique n&rsquo;avait qu&rsquo;une seule raison d&rsquo;\u00eatre : la s\u00e9curit\u00e9. Et si la protection des...","robots":{"index":"index","follow":"follow","max-snippet":"max-snippet:-1","max-image-preview":"max-image-preview:large","max-video-preview":"max-video-preview:-1"},"canonical":"https:\/\/www.ecinews.fr\/fr\/wp-json\/wp\/v2\/white_papers\/447120\/","og_locale":"fr_FR","og_type":"article","og_title":"Mise \u00e0 la terre \u00e9lectrique : adoptez une approche pragmatique","og_description":"Jusqu&rsquo;\u00e0 r\u00e9cemment, la mise \u00e0 la terre \u00e9lectrique n&rsquo;avait qu&rsquo;une seule raison d&rsquo;\u00eatre : la s\u00e9curit\u00e9. Et si la protection des personnes contre l&rsquo;\u00e9lectrocution reste un objectif essentiel, l&rsquo;\u00e9laboration d&rsquo;une strat\u00e9gie de mise \u00e0 la terre solide et compl\u00e8te est d&rsquo;autant plus importante avec les appareils \u00e9lectroniques grand public modernes et leurs capacit\u00e9s multim\u00e9dias et [&hellip;]","og_url":"https:\/\/www.ecinews.fr\/fr\/wp-json\/wp\/v2\/white_papers\/447120\/","og_site_name":"EENewsEurope","og_image":[{"width":1080,"height":608,"url":"https:\/\/www.eenewseurope.com\/wp-content\/uploads\/2024\/03\/ECI3281_Parker-Chomerics_applic_Fig-2-scaled.jpg","type":"image\/jpeg"}],"twitter_card":"summary_large_image","twitter_misc":{"Est. reading time":"1 minute"},"schema":{"@context":"https:\/\/schema.org","@graph":[{"@type":"WebPage","@id":"https:\/\/www.eenewseurope.com\/fr\/white_papers\/mise-a-la-terre-electrique-adoptez-une-approche-pragmatique\/","url":"https:\/\/www.eenewseurope.com\/fr\/white_papers\/mise-a-la-terre-electrique-adoptez-une-approche-pragmatique\/","name":"Mise \u00e0 la terre \u00e9lectrique : adoptez une approche pragmatique -","isPartOf":{"@id":"https:\/\/www.ecinews.fr\/fr\/#website"},"datePublished":"2024-03-26T14:48:52+00:00","dateModified":"2024-03-26T14:48:52+00:00","breadcrumb":{"@id":"https:\/\/www.eenewseurope.com\/fr\/white_papers\/mise-a-la-terre-electrique-adoptez-une-approche-pragmatique\/#breadcrumb"},"inLanguage":"fr-FR","potentialAction":[{"@type":"ReadAction","target":["https:\/\/www.eenewseurope.com\/fr\/white_papers\/mise-a-la-terre-electrique-adoptez-une-approche-pragmatique\/"]}]},{"@type":"BreadcrumbList","@id":"https:\/\/www.eenewseurope.com\/fr\/white_papers\/mise-a-la-terre-electrique-adoptez-une-approche-pragmatique\/#breadcrumb","itemListElement":[{"@type":"ListItem","position":1,"name":"Home","item":"https:\/\/www.ecinews.fr\/fr\/"},{"@type":"ListItem","position":2,"name":"Mise \u00e0 la terre \u00e9lectrique : adoptez une approche pragmatique"}]},{"@type":"WebSite","@id":"https:\/\/www.ecinews.fr\/fr\/#website","url":"https:\/\/www.ecinews.fr\/fr\/","name":"EENewsEurope","description":"Just another WordPress site","publisher":{"@id":"https:\/\/www.ecinews.fr\/fr\/#organization"},"potentialAction":[{"@type":"SearchAction","target":{"@type":"EntryPoint","urlTemplate":"https:\/\/www.ecinews.fr\/fr\/?s={search_term_string}"},"query-input":"required name=search_term_string"}],"inLanguage":"fr-FR"},{"@type":"Organization","@id":"https:\/\/www.ecinews.fr\/fr\/#organization","name":"EENewsEurope","url":"https:\/\/www.ecinews.fr\/fr\/","logo":{"@type":"ImageObject","inLanguage":"fr-FR","@id":"https:\/\/www.ecinews.fr\/fr\/#\/schema\/logo\/image\/","url":"https:\/\/www.ecinews.fr\/wp-content\/uploads\/2022\/02\/logo-1.jpg","contentUrl":"https:\/\/www.ecinews.fr\/wp-content\/uploads\/2022\/02\/logo-1.jpg","width":283,"height":113,"caption":"EENewsEurope"},"image":{"@id":"https:\/\/www.ecinews.fr\/fr\/#\/schema\/logo\/image\/"}}]}},"_links":{"self":[{"href":"https:\/\/www.ecinews.fr\/fr\/wp-json\/wp\/v2\/white_papers\/447120"}],"collection":[{"href":"https:\/\/www.ecinews.fr\/fr\/wp-json\/wp\/v2\/white_papers"}],"about":[{"href":"https:\/\/www.ecinews.fr\/fr\/wp-json\/wp\/v2\/types\/white_papers"}],"wp:featuredmedia":[{"embeddable":true,"href":"https:\/\/www.ecinews.fr\/fr\/wp-json\/wp\/v2\/media\/447123"}],"wp:attachment":[{"href":"https:\/\/www.ecinews.fr\/fr\/wp-json\/wp\/v2\/media?parent=447120"}],"wp:term":[{"taxonomy":"post_tag","embeddable":true,"href":"https:\/\/www.ecinews.fr\/fr\/wp-json\/wp\/v2\/tags?post=447120"},{"taxonomy":"company","embeddable":true,"href":"https:\/\/www.ecinews.fr\/fr\/wp-json\/wp\/v2\/company?post=447120"},{"taxonomy":"wp_category","embeddable":true,"href":"https:\/\/www.ecinews.fr\/fr\/wp-json\/wp\/v2\/wp_category?post=447120"},{"taxonomy":"author","embeddable":true,"href":"https:\/\/www.ecinews.fr\/fr\/wp-json\/wp\/v2\/ppma_author?post=447120"}],"curies":[{"name":"wp","href":"https:\/\/api.w.org\/{rel}","templated":true}]}}