{"id":431102,"date":"2023-09-02T14:46:59","date_gmt":"2023-09-02T12:46:59","guid":{"rendered":"https:\/\/www.ecinews.fr\/?post_type=white_papers&#038;p=431102"},"modified":"2023-09-02T14:46:59","modified_gmt":"2023-09-02T12:46:59","slug":"une-technologie-delectrification-avancee-pour-accelerer-ladoption-du-transport-durable","status":"publish","type":"white_papers","link":"https:\/\/www.ecinews.fr\/fr\/white_papers\/une-technologie-delectrification-avancee-pour-accelerer-ladoption-du-transport-durable\/","title":{"rendered":"Une technologie d\u2019\u00e9lectrification avanc\u00e9e pour acc\u00e9l\u00e9rer  l\u2019adoption du transport durable"},"content":{"rendered":"<p>Le portefeuille de solutions d\u2019\u00e9lectrification propos\u00e9 par Analog Devices (ADI), ADI Recharge, red\u00e9finit aujourd\u2019hui le concept m\u00eame de mobilit\u00e9 \u00e9lectrique et l\u2019\u00e9cosyst\u00e8me de l\u2019\u00e9nergie durable, en offrant une valeur ajout\u00e9e aux propri\u00e9taires de v\u00e9hicules \u00e9lectriques. Les solutions d\u2019ADI permettent une meilleure op\u00e9rationnalit\u00e9 de ces v\u00e9hicules, mais aussi de conserver la valeur des batteries tout au long de leur cycle de vie, am\u00e9liorant ainsi le co\u00fbt total de possession des v\u00e9hicules \u00e9lectriques. ADI travaille avec des OEM, des fournisseurs de rang 1, des fabricants de batteries, des producteurs d\u2019\u00e9lectricit\u00e9 et d\u2019autres parties prenantes pour offrir un \u00e9cosyst\u00e8me d\u2019information \u00e0 partir des donn\u00e9es collect\u00e9es sur les batteries \u2013 une premi\u00e8re dans ce domaine.<\/p>\n","protected":false},"excerpt":{"rendered":"<p>Le portefeuille de solutions d\u2019\u00e9lectrification propos\u00e9 par Analog Devices (ADI), ADI Recharge, red\u00e9finit aujourd\u2019hui le concept m\u00eame de mobilit\u00e9 \u00e9lectrique et l\u2019\u00e9cosyst\u00e8me de l\u2019\u00e9nergie durable, en offrant une valeur ajout\u00e9e aux propri\u00e9taires de v\u00e9hicules \u00e9lectriques. Les solutions d\u2019ADI permettent une meilleure op\u00e9rationnalit\u00e9 de ces v\u00e9hicules, mais aussi de conserver la valeur des batteries tout au [&hellip;]<\/p>\n","protected":false},"featured_media":431105,"template":"","tags":[],"company":[613],"wp_category":[],"ppma_author":[1154],"class_list":["post-431102","white_papers","type-white_papers","status-publish","has-post-thumbnail","hentry","company-analog-devices"],"acf":[],"yoast_head":"<title>Une technologie d\u2019\u00e9lectrification avanc\u00e9e pour acc\u00e9l\u00e9rer ...<\/title>\n<meta name=\"description\" content=\"Le portefeuille de solutions d\u2019\u00e9lectrification propos\u00e9 par Analog Devices, ADI Recharge, red\u00e9finit aujourd\u2019hui le concept m\u00eame de mobilit\u00e9...\" \/>\n<meta name=\"robots\" content=\"index, follow, max-snippet:-1, max-image-preview:large, max-video-preview:-1\" \/>\n<link rel=\"canonical\" href=\"https:\/\/www.ecinews.fr\/fr\/wp-json\/wp\/v2\/white_papers\/431102\/\" \/>\n<meta property=\"og:locale\" content=\"fr_FR\" \/>\n<meta property=\"og:type\" content=\"article\" \/>\n<meta property=\"og:title\" content=\"Une technologie d\u2019\u00e9lectrification avanc\u00e9e pour acc\u00e9l\u00e9rer l\u2019adoption du transport durable\" \/>\n<meta property=\"og:description\" content=\"Le portefeuille de solutions d\u2019\u00e9lectrification propos\u00e9 par Analog Devices, ADI Recharge, red\u00e9finit aujourd\u2019hui le concept m\u00eame de mobilit\u00e9 \u00e9lectrique et l\u2019\u00e9cosyst\u00e8me de l\u2019\u00e9nergie durable, en offrant une valeur ajout\u00e9e aux propri\u00e9taires de v\u00e9hicules \u00e9lectriques.\" \/>\n<meta property=\"og:url\" content=\"https:\/\/www.ecinews.fr\/fr\/wp-json\/wp\/v2\/white_papers\/431102\/\" \/>\n<meta property=\"og:site_name\" content=\"EENewsEurope\" \/>\n<meta property=\"og:image\" content=\"https:\/\/www.ecinews.fr\/wp-content\/uploads\/2023\/09\/ECI1975_ADI.jpg\" \/>\n\t<meta property=\"og:image:width\" content=\"624\" \/>\n\t<meta property=\"og:image:height\" content=\"301\" \/>\n\t<meta property=\"og:image:type\" content=\"image\/jpeg\" \/>\n<meta name=\"twitter:card\" content=\"summary_large_image\" \/>\n<meta name=\"twitter:label1\" content=\"Est. reading time\" \/>\n\t<meta name=\"twitter:data1\" content=\"1 minute\" \/>\n<script type=\"application\/ld+json\" class=\"yoast-schema-graph\">{\"@context\":\"https:\/\/schema.org\",\"@graph\":[{\"@type\":\"WebPage\",\"@id\":\"https:\/\/www.ecinews.fr\/fr\/white_papers\/une-technologie-delectrification-avancee-pour-accelerer-ladoption-du-transport-durable\/\",\"url\":\"https:\/\/www.ecinews.fr\/fr\/white_papers\/une-technologie-delectrification-avancee-pour-accelerer-ladoption-du-transport-durable\/\",\"name\":\"Une technologie d\u2019\u00e9lectrification avanc\u00e9e pour acc\u00e9l\u00e9rer l\u2019adoption du transport durable -\",\"isPartOf\":{\"@id\":\"https:\/\/www.ecinews.fr\/fr\/#website\"},\"datePublished\":\"2023-09-02T12:46:59+00:00\",\"dateModified\":\"2023-09-02T12:46:59+00:00\",\"description\":\"Le portefeuille de solutions d\u2019\u00e9lectrification propos\u00e9 par Analog Devices, ADI Recharge, red\u00e9finit aujourd\u2019hui le concept m\u00eame de mobilit\u00e9 \u00e9lectrique et l\u2019\u00e9cosyst\u00e8me de l\u2019\u00e9nergie durable, en offrant une valeur ajout\u00e9e aux propri\u00e9taires de v\u00e9hicules \u00e9lectriques.\",\"breadcrumb\":{\"@id\":\"https:\/\/www.ecinews.fr\/fr\/white_papers\/une-technologie-delectrification-avancee-pour-accelerer-ladoption-du-transport-durable\/#breadcrumb\"},\"inLanguage\":\"fr-FR\",\"potentialAction\":[{\"@type\":\"ReadAction\",\"target\":[\"https:\/\/www.ecinews.fr\/fr\/white_papers\/une-technologie-delectrification-avancee-pour-accelerer-ladoption-du-transport-durable\/\"]}]},{\"@type\":\"BreadcrumbList\",\"@id\":\"https:\/\/www.ecinews.fr\/fr\/white_papers\/une-technologie-delectrification-avancee-pour-accelerer-ladoption-du-transport-durable\/#breadcrumb\",\"itemListElement\":[{\"@type\":\"ListItem\",\"position\":1,\"name\":\"Home\",\"item\":\"https:\/\/www.ecinews.fr\/fr\/\"},{\"@type\":\"ListItem\",\"position\":2,\"name\":\"Une technologie d\u2019\u00e9lectrification avanc\u00e9e pour acc\u00e9l\u00e9rer l\u2019adoption du transport durable\"}]},{\"@type\":\"WebSite\",\"@id\":\"https:\/\/www.ecinews.fr\/fr\/#website\",\"url\":\"https:\/\/www.ecinews.fr\/fr\/\",\"name\":\"EENewsEurope\",\"description\":\"Just another WordPress site\",\"publisher\":{\"@id\":\"https:\/\/www.ecinews.fr\/fr\/#organization\"},\"potentialAction\":[{\"@type\":\"SearchAction\",\"target\":{\"@type\":\"EntryPoint\",\"urlTemplate\":\"https:\/\/www.ecinews.fr\/fr\/?s={search_term_string}\"},\"query-input\":\"required name=search_term_string\"}],\"inLanguage\":\"fr-FR\"},{\"@type\":\"Organization\",\"@id\":\"https:\/\/www.ecinews.fr\/fr\/#organization\",\"name\":\"EENewsEurope\",\"url\":\"https:\/\/www.ecinews.fr\/fr\/\",\"logo\":{\"@type\":\"ImageObject\",\"inLanguage\":\"fr-FR\",\"@id\":\"https:\/\/www.ecinews.fr\/fr\/#\/schema\/logo\/image\/\",\"url\":\"https:\/\/www.ecinews.fr\/wp-content\/uploads\/2022\/02\/logo-1.jpg\",\"contentUrl\":\"https:\/\/www.ecinews.fr\/wp-content\/uploads\/2022\/02\/logo-1.jpg\",\"width\":283,\"height\":113,\"caption\":\"EENewsEurope\"},\"image\":{\"@id\":\"https:\/\/www.ecinews.fr\/fr\/#\/schema\/logo\/image\/\"}}]}<\/script>","yoast_head_json":{"title":"Une technologie d\u2019\u00e9lectrification avanc\u00e9e pour acc\u00e9l\u00e9rer ...","description":"Le portefeuille de solutions d\u2019\u00e9lectrification propos\u00e9 par Analog Devices, ADI Recharge, red\u00e9finit aujourd\u2019hui le concept m\u00eame de mobilit\u00e9...","robots":{"index":"index","follow":"follow","max-snippet":"max-snippet:-1","max-image-preview":"max-image-preview:large","max-video-preview":"max-video-preview:-1"},"canonical":"https:\/\/www.ecinews.fr\/fr\/wp-json\/wp\/v2\/white_papers\/431102\/","og_locale":"fr_FR","og_type":"article","og_title":"Une technologie d\u2019\u00e9lectrification avanc\u00e9e pour acc\u00e9l\u00e9rer l\u2019adoption du transport durable","og_description":"Le portefeuille de solutions d\u2019\u00e9lectrification propos\u00e9 par Analog Devices, ADI Recharge, red\u00e9finit aujourd\u2019hui le concept m\u00eame de mobilit\u00e9 \u00e9lectrique et l\u2019\u00e9cosyst\u00e8me de l\u2019\u00e9nergie durable, en offrant une valeur ajout\u00e9e aux propri\u00e9taires de v\u00e9hicules \u00e9lectriques.","og_url":"https:\/\/www.ecinews.fr\/fr\/wp-json\/wp\/v2\/white_papers\/431102\/","og_site_name":"EENewsEurope","og_image":[{"width":624,"height":301,"url":"https:\/\/www.ecinews.fr\/wp-content\/uploads\/2023\/09\/ECI1975_ADI.jpg","type":"image\/jpeg"}],"twitter_card":"summary_large_image","twitter_misc":{"Est. reading time":"1 minute"},"schema":{"@context":"https:\/\/schema.org","@graph":[{"@type":"WebPage","@id":"https:\/\/www.ecinews.fr\/fr\/white_papers\/une-technologie-delectrification-avancee-pour-accelerer-ladoption-du-transport-durable\/","url":"https:\/\/www.ecinews.fr\/fr\/white_papers\/une-technologie-delectrification-avancee-pour-accelerer-ladoption-du-transport-durable\/","name":"Une technologie d\u2019\u00e9lectrification avanc\u00e9e pour acc\u00e9l\u00e9rer l\u2019adoption du transport durable -","isPartOf":{"@id":"https:\/\/www.ecinews.fr\/fr\/#website"},"datePublished":"2023-09-02T12:46:59+00:00","dateModified":"2023-09-02T12:46:59+00:00","description":"Le portefeuille de solutions d\u2019\u00e9lectrification propos\u00e9 par Analog Devices, ADI Recharge, red\u00e9finit aujourd\u2019hui le concept m\u00eame de mobilit\u00e9 \u00e9lectrique et l\u2019\u00e9cosyst\u00e8me de l\u2019\u00e9nergie durable, en offrant une valeur ajout\u00e9e aux propri\u00e9taires de v\u00e9hicules \u00e9lectriques.","breadcrumb":{"@id":"https:\/\/www.ecinews.fr\/fr\/white_papers\/une-technologie-delectrification-avancee-pour-accelerer-ladoption-du-transport-durable\/#breadcrumb"},"inLanguage":"fr-FR","potentialAction":[{"@type":"ReadAction","target":["https:\/\/www.ecinews.fr\/fr\/white_papers\/une-technologie-delectrification-avancee-pour-accelerer-ladoption-du-transport-durable\/"]}]},{"@type":"BreadcrumbList","@id":"https:\/\/www.ecinews.fr\/fr\/white_papers\/une-technologie-delectrification-avancee-pour-accelerer-ladoption-du-transport-durable\/#breadcrumb","itemListElement":[{"@type":"ListItem","position":1,"name":"Home","item":"https:\/\/www.ecinews.fr\/fr\/"},{"@type":"ListItem","position":2,"name":"Une technologie d\u2019\u00e9lectrification avanc\u00e9e pour acc\u00e9l\u00e9rer l\u2019adoption du transport durable"}]},{"@type":"WebSite","@id":"https:\/\/www.ecinews.fr\/fr\/#website","url":"https:\/\/www.ecinews.fr\/fr\/","name":"EENewsEurope","description":"Just another WordPress site","publisher":{"@id":"https:\/\/www.ecinews.fr\/fr\/#organization"},"potentialAction":[{"@type":"SearchAction","target":{"@type":"EntryPoint","urlTemplate":"https:\/\/www.ecinews.fr\/fr\/?s={search_term_string}"},"query-input":"required name=search_term_string"}],"inLanguage":"fr-FR"},{"@type":"Organization","@id":"https:\/\/www.ecinews.fr\/fr\/#organization","name":"EENewsEurope","url":"https:\/\/www.ecinews.fr\/fr\/","logo":{"@type":"ImageObject","inLanguage":"fr-FR","@id":"https:\/\/www.ecinews.fr\/fr\/#\/schema\/logo\/image\/","url":"https:\/\/www.ecinews.fr\/wp-content\/uploads\/2022\/02\/logo-1.jpg","contentUrl":"https:\/\/www.ecinews.fr\/wp-content\/uploads\/2022\/02\/logo-1.jpg","width":283,"height":113,"caption":"EENewsEurope"},"image":{"@id":"https:\/\/www.ecinews.fr\/fr\/#\/schema\/logo\/image\/"}}]}},"_links":{"self":[{"href":"https:\/\/www.ecinews.fr\/fr\/wp-json\/wp\/v2\/white_papers\/431102"}],"collection":[{"href":"https:\/\/www.ecinews.fr\/fr\/wp-json\/wp\/v2\/white_papers"}],"about":[{"href":"https:\/\/www.ecinews.fr\/fr\/wp-json\/wp\/v2\/types\/white_papers"}],"wp:featuredmedia":[{"embeddable":true,"href":"https:\/\/www.ecinews.fr\/fr\/wp-json\/wp\/v2\/media\/431105"}],"wp:attachment":[{"href":"https:\/\/www.ecinews.fr\/fr\/wp-json\/wp\/v2\/media?parent=431102"}],"wp:term":[{"taxonomy":"post_tag","embeddable":true,"href":"https:\/\/www.ecinews.fr\/fr\/wp-json\/wp\/v2\/tags?post=431102"},{"taxonomy":"company","embeddable":true,"href":"https:\/\/www.ecinews.fr\/fr\/wp-json\/wp\/v2\/company?post=431102"},{"taxonomy":"wp_category","embeddable":true,"href":"https:\/\/www.ecinews.fr\/fr\/wp-json\/wp\/v2\/wp_category?post=431102"},{"taxonomy":"author","embeddable":true,"href":"https:\/\/www.ecinews.fr\/fr\/wp-json\/wp\/v2\/ppma_author?post=431102"}],"curies":[{"name":"wp","href":"https:\/\/api.w.org\/{rel}","templated":true}]}}