{"id":395497,"date":"2022-09-17T11:42:12","date_gmt":"2022-09-17T09:42:12","guid":{"rendered":"https:\/\/www.ecinews.fr\/?post_type=white_papers&#038;p=395497"},"modified":"2022-09-17T11:46:06","modified_gmt":"2022-09-17T09:46:06","slug":"resoudre-le-probleme-de-lincompatibilite-de-recharge-rapide-400-v-800-v-des-ve","status":"publish","type":"white_papers","link":"https:\/\/www.ecinews.fr\/fr\/white_papers\/resoudre-le-probleme-de-lincompatibilite-de-recharge-rapide-400-v-800-v-des-ve\/","title":{"rendered":"R\u00e9soudre le probl\u00e8me de l&rsquo;incompatibilit\u00e9 de recharge rapide 400 V\/800 V des VE"},"content":{"rendered":"<p>La r\u00e9volution de l&rsquo;\u00e9lectrification automobile se poursuit avec le lancement par les \u00e9quipementiers de nouveaux v\u00e9hicules aliment\u00e9s par des batteries 800\u00a0V, qui permettent non seulement d\u2019alimenter des groupes motopropulseurs plus puissants et d\u2019obtenir des v\u00e9hicules plus performants, mais aussi de profiter de recharges plus rapides. Cependant, il existe des probl\u00e8mes d&rsquo;incompatibilit\u00e9 pour la charge rapide en courant continu. Pour pouvoir charger ces VE 800\u00a0V rapidement, les propri\u00e9taires doivent utiliser des stations de charge compatibles, et non les stations de recharge 400\u00a0V continu qui sont les plus r\u00e9pandues aujourd&rsquo;hui. Non seulement ces stations ne sont pas compatibles avec ces VE plus r\u00e9cents, mais elles pr\u00e9sentent \u00e9galement des limites consid\u00e9rables en termes de courant maximum, de gestion thermique des c\u00e2bles, et de plage de tension.<\/p>\n","protected":false},"excerpt":{"rendered":"<p>La r\u00e9volution de l&rsquo;\u00e9lectrification automobile se poursuit avec le lancement par les \u00e9quipementiers de nouveaux v\u00e9hicules aliment\u00e9s par des batteries 800\u00a0V, qui permettent non seulement d\u2019alimenter des groupes motopropulseurs plus puissants et d\u2019obtenir des v\u00e9hicules plus performants, mais aussi de profiter de recharges plus rapides. Cependant, il existe des probl\u00e8mes d&rsquo;incompatibilit\u00e9 pour la charge rapide [&hellip;]<\/p>\n","protected":false},"featured_media":395500,"template":"","tags":[1077,891],"company":[700],"wp_category":[],"ppma_author":[1154],"class_list":["post-395497","white_papers","type-white_papers","status-publish","has-post-thumbnail","hentry","tag-alimentations","tag-automotive-fr","company-vicor"],"acf":[],"yoast_head":"<title>R\u00e9soudre le probl\u00e8me de l&#039;incompatibilit\u00e9 de recharge rapide...<\/title>\n<meta name=\"description\" content=\"La r\u00e9volution de l&rsquo;\u00e9lectrification automobile se poursuit avec le lancement par les \u00e9quipementiers de nouveaux v\u00e9hicules aliment\u00e9s par des...\" \/>\n<meta name=\"robots\" content=\"index, follow, max-snippet:-1, max-image-preview:large, max-video-preview:-1\" \/>\n<link rel=\"canonical\" href=\"https:\/\/www.ecinews.fr\/fr\/wp-json\/wp\/v2\/white_papers\/395497\/\" \/>\n<meta property=\"og:locale\" content=\"fr_FR\" \/>\n<meta property=\"og:type\" content=\"article\" \/>\n<meta property=\"og:title\" content=\"R\u00e9soudre le probl\u00e8me de l&#039;incompatibilit\u00e9 de recharge rapide 400 V\/800 V des VE\" \/>\n<meta property=\"og:description\" content=\"La r\u00e9volution de l&rsquo;\u00e9lectrification automobile se poursuit avec le lancement par les \u00e9quipementiers de nouveaux v\u00e9hicules aliment\u00e9s par des batteries 800\u00a0V, qui permettent non seulement d\u2019alimenter des groupes motopropulseurs plus puissants et d\u2019obtenir des v\u00e9hicules plus performants, mais aussi de profiter de recharges plus rapides. Cependant, il existe des probl\u00e8mes d&rsquo;incompatibilit\u00e9 pour la charge rapide [&hellip;]\" \/>\n<meta property=\"og:url\" content=\"https:\/\/www.ecinews.fr\/fr\/wp-json\/wp\/v2\/white_papers\/395497\/\" \/>\n<meta property=\"og:site_name\" content=\"EENewsEurope\" \/>\n<meta property=\"article:modified_time\" content=\"2022-09-17T09:46:06+00:00\" \/>\n<meta property=\"og:image\" content=\"https:\/\/www.ecinews.fr\/wp-content\/uploads\/2022\/09\/ECI1423_Vicor_Figure-1-scaled.jpg\" \/>\n\t<meta property=\"og:image:width\" content=\"1080\" \/>\n\t<meta property=\"og:image:height\" content=\"934\" \/>\n\t<meta property=\"og:image:type\" content=\"image\/jpeg\" \/>\n<meta name=\"twitter:card\" content=\"summary_large_image\" \/>\n<meta name=\"twitter:label1\" content=\"Est. reading time\" \/>\n\t<meta name=\"twitter:data1\" content=\"1 minute\" \/>\n<script type=\"application\/ld+json\" class=\"yoast-schema-graph\">{\"@context\":\"https:\/\/schema.org\",\"@graph\":[{\"@type\":\"WebPage\",\"@id\":\"https:\/\/www.ecinews.fr\/fr\/white_papers\/resoudre-le-probleme-de-lincompatibilite-de-recharge-rapide-400-v-800-v-des-ve\/\",\"url\":\"https:\/\/www.ecinews.fr\/fr\/white_papers\/resoudre-le-probleme-de-lincompatibilite-de-recharge-rapide-400-v-800-v-des-ve\/\",\"name\":\"R\u00e9soudre le probl\u00e8me de l'incompatibilit\u00e9 de recharge rapide 400 V\/800 V des VE -\",\"isPartOf\":{\"@id\":\"https:\/\/www.eenewseurope.com\/en\/#website\"},\"datePublished\":\"2022-09-17T09:42:12+00:00\",\"dateModified\":\"2022-09-17T09:46:06+00:00\",\"breadcrumb\":{\"@id\":\"https:\/\/www.ecinews.fr\/fr\/white_papers\/resoudre-le-probleme-de-lincompatibilite-de-recharge-rapide-400-v-800-v-des-ve\/#breadcrumb\"},\"inLanguage\":\"fr-FR\",\"potentialAction\":[{\"@type\":\"ReadAction\",\"target\":[\"https:\/\/www.ecinews.fr\/fr\/white_papers\/resoudre-le-probleme-de-lincompatibilite-de-recharge-rapide-400-v-800-v-des-ve\/\"]}]},{\"@type\":\"BreadcrumbList\",\"@id\":\"https:\/\/www.ecinews.fr\/fr\/white_papers\/resoudre-le-probleme-de-lincompatibilite-de-recharge-rapide-400-v-800-v-des-ve\/#breadcrumb\",\"itemListElement\":[{\"@type\":\"ListItem\",\"position\":1,\"name\":\"Home\",\"item\":\"https:\/\/www.ecinews.fr\/fr\/\"},{\"@type\":\"ListItem\",\"position\":2,\"name\":\"R\u00e9soudre le probl\u00e8me de l&rsquo;incompatibilit\u00e9 de recharge rapide 400 V\/800 V des VE\"}]},{\"@type\":\"WebSite\",\"@id\":\"https:\/\/www.eenewseurope.com\/en\/#website\",\"url\":\"https:\/\/www.eenewseurope.com\/en\/\",\"name\":\"EENewsEurope\",\"description\":\"Just another WordPress site\",\"publisher\":{\"@id\":\"https:\/\/www.eenewseurope.com\/en\/#organization\"},\"potentialAction\":[{\"@type\":\"SearchAction\",\"target\":{\"@type\":\"EntryPoint\",\"urlTemplate\":\"https:\/\/www.eenewseurope.com\/en\/?s={search_term_string}\"},\"query-input\":\"required name=search_term_string\"}],\"inLanguage\":\"fr-FR\"},{\"@type\":\"Organization\",\"@id\":\"https:\/\/www.eenewseurope.com\/en\/#organization\",\"name\":\"EENewsEurope\",\"url\":\"https:\/\/www.eenewseurope.com\/en\/\",\"logo\":{\"@type\":\"ImageObject\",\"inLanguage\":\"fr-FR\",\"@id\":\"https:\/\/www.eenewseurope.com\/en\/#\/schema\/logo\/image\/\",\"url\":\"https:\/\/www.ecinews.fr\/wp-content\/uploads\/2022\/02\/logo-1.jpg\",\"contentUrl\":\"https:\/\/www.ecinews.fr\/wp-content\/uploads\/2022\/02\/logo-1.jpg\",\"width\":283,\"height\":113,\"caption\":\"EENewsEurope\"},\"image\":{\"@id\":\"https:\/\/www.eenewseurope.com\/en\/#\/schema\/logo\/image\/\"}}]}<\/script>","yoast_head_json":{"title":"R\u00e9soudre le probl\u00e8me de l'incompatibilit\u00e9 de recharge rapide...","description":"La r\u00e9volution de l&rsquo;\u00e9lectrification automobile se poursuit avec le lancement par les \u00e9quipementiers de nouveaux v\u00e9hicules aliment\u00e9s par des...","robots":{"index":"index","follow":"follow","max-snippet":"max-snippet:-1","max-image-preview":"max-image-preview:large","max-video-preview":"max-video-preview:-1"},"canonical":"https:\/\/www.ecinews.fr\/fr\/wp-json\/wp\/v2\/white_papers\/395497\/","og_locale":"fr_FR","og_type":"article","og_title":"R\u00e9soudre le probl\u00e8me de l'incompatibilit\u00e9 de recharge rapide 400 V\/800 V des VE","og_description":"La r\u00e9volution de l&rsquo;\u00e9lectrification automobile se poursuit avec le lancement par les \u00e9quipementiers de nouveaux v\u00e9hicules aliment\u00e9s par des batteries 800\u00a0V, qui permettent non seulement d\u2019alimenter des groupes motopropulseurs plus puissants et d\u2019obtenir des v\u00e9hicules plus performants, mais aussi de profiter de recharges plus rapides. Cependant, il existe des probl\u00e8mes d&rsquo;incompatibilit\u00e9 pour la charge rapide [&hellip;]","og_url":"https:\/\/www.ecinews.fr\/fr\/wp-json\/wp\/v2\/white_papers\/395497\/","og_site_name":"EENewsEurope","article_modified_time":"2022-09-17T09:46:06+00:00","og_image":[{"width":1080,"height":934,"url":"https:\/\/www.ecinews.fr\/wp-content\/uploads\/2022\/09\/ECI1423_Vicor_Figure-1-scaled.jpg","type":"image\/jpeg"}],"twitter_card":"summary_large_image","twitter_misc":{"Est. reading time":"1 minute"},"schema":{"@context":"https:\/\/schema.org","@graph":[{"@type":"WebPage","@id":"https:\/\/www.ecinews.fr\/fr\/white_papers\/resoudre-le-probleme-de-lincompatibilite-de-recharge-rapide-400-v-800-v-des-ve\/","url":"https:\/\/www.ecinews.fr\/fr\/white_papers\/resoudre-le-probleme-de-lincompatibilite-de-recharge-rapide-400-v-800-v-des-ve\/","name":"R\u00e9soudre le probl\u00e8me de l'incompatibilit\u00e9 de recharge rapide 400 V\/800 V des VE -","isPartOf":{"@id":"https:\/\/www.eenewseurope.com\/en\/#website"},"datePublished":"2022-09-17T09:42:12+00:00","dateModified":"2022-09-17T09:46:06+00:00","breadcrumb":{"@id":"https:\/\/www.ecinews.fr\/fr\/white_papers\/resoudre-le-probleme-de-lincompatibilite-de-recharge-rapide-400-v-800-v-des-ve\/#breadcrumb"},"inLanguage":"fr-FR","potentialAction":[{"@type":"ReadAction","target":["https:\/\/www.ecinews.fr\/fr\/white_papers\/resoudre-le-probleme-de-lincompatibilite-de-recharge-rapide-400-v-800-v-des-ve\/"]}]},{"@type":"BreadcrumbList","@id":"https:\/\/www.ecinews.fr\/fr\/white_papers\/resoudre-le-probleme-de-lincompatibilite-de-recharge-rapide-400-v-800-v-des-ve\/#breadcrumb","itemListElement":[{"@type":"ListItem","position":1,"name":"Home","item":"https:\/\/www.ecinews.fr\/fr\/"},{"@type":"ListItem","position":2,"name":"R\u00e9soudre le probl\u00e8me de l&rsquo;incompatibilit\u00e9 de recharge rapide 400 V\/800 V des VE"}]},{"@type":"WebSite","@id":"https:\/\/www.eenewseurope.com\/en\/#website","url":"https:\/\/www.eenewseurope.com\/en\/","name":"EENewsEurope","description":"Just another WordPress site","publisher":{"@id":"https:\/\/www.eenewseurope.com\/en\/#organization"},"potentialAction":[{"@type":"SearchAction","target":{"@type":"EntryPoint","urlTemplate":"https:\/\/www.eenewseurope.com\/en\/?s={search_term_string}"},"query-input":"required name=search_term_string"}],"inLanguage":"fr-FR"},{"@type":"Organization","@id":"https:\/\/www.eenewseurope.com\/en\/#organization","name":"EENewsEurope","url":"https:\/\/www.eenewseurope.com\/en\/","logo":{"@type":"ImageObject","inLanguage":"fr-FR","@id":"https:\/\/www.eenewseurope.com\/en\/#\/schema\/logo\/image\/","url":"https:\/\/www.ecinews.fr\/wp-content\/uploads\/2022\/02\/logo-1.jpg","contentUrl":"https:\/\/www.ecinews.fr\/wp-content\/uploads\/2022\/02\/logo-1.jpg","width":283,"height":113,"caption":"EENewsEurope"},"image":{"@id":"https:\/\/www.eenewseurope.com\/en\/#\/schema\/logo\/image\/"}}]}},"_links":{"self":[{"href":"https:\/\/www.ecinews.fr\/fr\/wp-json\/wp\/v2\/white_papers\/395497"}],"collection":[{"href":"https:\/\/www.ecinews.fr\/fr\/wp-json\/wp\/v2\/white_papers"}],"about":[{"href":"https:\/\/www.ecinews.fr\/fr\/wp-json\/wp\/v2\/types\/white_papers"}],"wp:featuredmedia":[{"embeddable":true,"href":"https:\/\/www.ecinews.fr\/fr\/wp-json\/wp\/v2\/media\/395500"}],"wp:attachment":[{"href":"https:\/\/www.ecinews.fr\/fr\/wp-json\/wp\/v2\/media?parent=395497"}],"wp:term":[{"taxonomy":"post_tag","embeddable":true,"href":"https:\/\/www.ecinews.fr\/fr\/wp-json\/wp\/v2\/tags?post=395497"},{"taxonomy":"company","embeddable":true,"href":"https:\/\/www.ecinews.fr\/fr\/wp-json\/wp\/v2\/company?post=395497"},{"taxonomy":"wp_category","embeddable":true,"href":"https:\/\/www.ecinews.fr\/fr\/wp-json\/wp\/v2\/wp_category?post=395497"},{"taxonomy":"author","embeddable":true,"href":"https:\/\/www.ecinews.fr\/fr\/wp-json\/wp\/v2\/ppma_author?post=395497"}],"curies":[{"name":"wp","href":"https:\/\/api.w.org\/{rel}","templated":true}]}}