{"id":379962,"date":"2022-04-12T10:18:03","date_gmt":"2022-04-12T08:18:03","guid":{"rendered":"https:\/\/www.ecinews.fr\/?post_type=white_papers&#038;p=379962"},"modified":"2022-04-12T10:18:03","modified_gmt":"2022-04-12T08:18:03","slug":"reduire-langoisse-liee-a-lautonomie-des-vehicules-electriques-et-ameliorer-la-securite","status":"publish","type":"white_papers","link":"https:\/\/www.ecinews.fr\/fr\/white_papers\/reduire-langoisse-liee-a-lautonomie-des-vehicules-electriques-et-ameliorer-la-securite\/","title":{"rendered":"R\u00e9duire l&rsquo;angoisse li\u00e9e \u00e0 l&rsquo;autonomie des v\u00e9hicules \u00e9lectriques et am\u00e9liorer la s\u00e9curit\u00e9"},"content":{"rendered":"<p>Les concepteurs de syst\u00e8mes de v\u00e9hicules \u00e9lectriques (VE) et de v\u00e9hicules \u00e9lectriques hybrides (VEH) (souvent appel\u00e9s xEV) sont soumis \u00e0 une pression constante pour augmenter le nombre de kilom\u00e8tres par charge afin de r\u00e9duire l&rsquo;angoisse li\u00e9e \u00e0 l&rsquo;autonomie et diminuer l&#8217;empreinte carbone des v\u00e9hicules. Dans le m\u00eame temps, ils doivent ajouter davantage de moteurs, de capteurs, d&rsquo;\u00e9lectronique associ\u00e9e, de processeurs et de logiciels pour atteindre des niveaux plus \u00e9lev\u00e9s d&rsquo;autonomie, de fonctionnalit\u00e9s utilisateur et de s\u00e9curit\u00e9, tout en r\u00e9duisant les co\u00fbts.<\/p>\n","protected":false},"excerpt":{"rendered":"<p>Cet article traite des probl\u00e8mes auxquels sont confront\u00e9s les concepteurs de v\u00e9hicules \u00e9lectriques et de v\u00e9hicules \u00e9lectriques hybrides. Il montre ensuite comment utiliser un contr\u00f4leur de moteur \u00e0 courant continu sans balais (BLDC) FOC hautement int\u00e9gr\u00e9 et une carte d&rsquo;\u00e9valuation associ\u00e9e pour lancer la conception d&rsquo;un moteur efficace pour les v\u00e9hicules \u00e9lectriques\/\u00e9lectriques hybrides. Il pr\u00e9sente \u00e9galement divers capteurs pour surveiller le courant, la position 3D, la vitesse et la direction.<\/p>\n","protected":false},"featured_media":379965,"template":"","tags":[],"company":[176],"wp_category":[],"ppma_author":[1154],"class_list":["post-379962","white_papers","type-white_papers","status-publish","has-post-thumbnail","hentry","company-digi-key-electronics"],"acf":[],"yoast_head":"<title>R\u00e9duire l&#039;angoisse li\u00e9e \u00e0 l&#039;autonomie des v\u00e9hicules \u00e9lectr...<\/title>\n<meta name=\"description\" content=\"Cet article traite des probl\u00e8mes auxquels sont confront\u00e9s les concepteurs de v\u00e9hicules \u00e9lectriques et de v\u00e9hicules \u00e9lectriques hybrides. Il montre...\" \/>\n<meta name=\"robots\" content=\"index, follow, max-snippet:-1, max-image-preview:large, max-video-preview:-1\" \/>\n<link rel=\"canonical\" href=\"https:\/\/www.ecinews.fr\/fr\/wp-json\/wp\/v2\/white_papers\/379962\/\" \/>\n<meta property=\"og:locale\" content=\"fr_FR\" \/>\n<meta property=\"og:type\" content=\"article\" \/>\n<meta property=\"og:title\" content=\"R\u00e9duire l&#039;angoisse li\u00e9e \u00e0 l&#039;autonomie des v\u00e9hicules \u00e9lectriques et am\u00e9liorer la s\u00e9curit\u00e9\" \/>\n<meta property=\"og:description\" content=\"Cet article traite des probl\u00e8mes auxquels sont confront\u00e9s les concepteurs de v\u00e9hicules \u00e9lectriques et de v\u00e9hicules \u00e9lectriques hybrides. Il montre ensuite comment utiliser un contr\u00f4leur de moteur \u00e0 courant continu sans balais (BLDC) FOC hautement int\u00e9gr\u00e9 et une carte d&#039;\u00e9valuation associ\u00e9e pour lancer la conception d&#039;un moteur efficace pour les v\u00e9hicules \u00e9lectriques\/\u00e9lectriques hybrides. Il pr\u00e9sente \u00e9galement divers capteurs pour surveiller le courant, la position 3D, la vitesse et la direction.\" \/>\n<meta property=\"og:url\" content=\"https:\/\/www.ecinews.fr\/fr\/wp-json\/wp\/v2\/white_papers\/379962\/\" \/>\n<meta property=\"og:site_name\" content=\"EENewsEurope\" \/>\n<meta property=\"og:image\" content=\"https:\/\/www.ecinews.fr\/wp-content\/uploads\/2022\/04\/ECI1022_DK_Figure-3.png\" \/>\n\t<meta property=\"og:image:width\" content=\"1080\" \/>\n\t<meta property=\"og:image:height\" content=\"653\" \/>\n\t<meta property=\"og:image:type\" content=\"image\/png\" \/>\n<meta name=\"twitter:card\" content=\"summary_large_image\" \/>\n<meta name=\"twitter:label1\" content=\"Est. reading time\" \/>\n\t<meta name=\"twitter:data1\" content=\"1 minute\" \/>\n<script type=\"application\/ld+json\" class=\"yoast-schema-graph\">{\"@context\":\"https:\/\/schema.org\",\"@graph\":[{\"@type\":\"WebPage\",\"@id\":\"https:\/\/www.ecinews.fr\/fr\/white_papers\/reduire-langoisse-liee-a-lautonomie-des-vehicules-electriques-et-ameliorer-la-securite\/\",\"url\":\"https:\/\/www.ecinews.fr\/fr\/white_papers\/reduire-langoisse-liee-a-lautonomie-des-vehicules-electriques-et-ameliorer-la-securite\/\",\"name\":\"R\u00e9duire l'angoisse li\u00e9e \u00e0 l'autonomie des v\u00e9hicules \u00e9lectriques et am\u00e9liorer la s\u00e9curit\u00e9 -\",\"isPartOf\":{\"@id\":\"https:\/\/www.eenewseurope.com\/en\/#website\"},\"datePublished\":\"2022-04-12T08:18:03+00:00\",\"dateModified\":\"2022-04-12T08:18:03+00:00\",\"breadcrumb\":{\"@id\":\"https:\/\/www.ecinews.fr\/fr\/white_papers\/reduire-langoisse-liee-a-lautonomie-des-vehicules-electriques-et-ameliorer-la-securite\/#breadcrumb\"},\"inLanguage\":\"fr-FR\",\"potentialAction\":[{\"@type\":\"ReadAction\",\"target\":[\"https:\/\/www.ecinews.fr\/fr\/white_papers\/reduire-langoisse-liee-a-lautonomie-des-vehicules-electriques-et-ameliorer-la-securite\/\"]}]},{\"@type\":\"BreadcrumbList\",\"@id\":\"https:\/\/www.ecinews.fr\/fr\/white_papers\/reduire-langoisse-liee-a-lautonomie-des-vehicules-electriques-et-ameliorer-la-securite\/#breadcrumb\",\"itemListElement\":[{\"@type\":\"ListItem\",\"position\":1,\"name\":\"Home\",\"item\":\"https:\/\/www.ecinews.fr\/fr\/\"},{\"@type\":\"ListItem\",\"position\":2,\"name\":\"R\u00e9duire l&rsquo;angoisse li\u00e9e \u00e0 l&rsquo;autonomie des v\u00e9hicules \u00e9lectriques et am\u00e9liorer la s\u00e9curit\u00e9\"}]},{\"@type\":\"WebSite\",\"@id\":\"https:\/\/www.eenewseurope.com\/en\/#website\",\"url\":\"https:\/\/www.eenewseurope.com\/en\/\",\"name\":\"EENewsEurope\",\"description\":\"Just another WordPress site\",\"publisher\":{\"@id\":\"https:\/\/www.eenewseurope.com\/en\/#organization\"},\"potentialAction\":[{\"@type\":\"SearchAction\",\"target\":{\"@type\":\"EntryPoint\",\"urlTemplate\":\"https:\/\/www.eenewseurope.com\/en\/?s={search_term_string}\"},\"query-input\":\"required name=search_term_string\"}],\"inLanguage\":\"fr-FR\"},{\"@type\":\"Organization\",\"@id\":\"https:\/\/www.eenewseurope.com\/en\/#organization\",\"name\":\"EENewsEurope\",\"url\":\"https:\/\/www.eenewseurope.com\/en\/\",\"logo\":{\"@type\":\"ImageObject\",\"inLanguage\":\"fr-FR\",\"@id\":\"https:\/\/www.eenewseurope.com\/en\/#\/schema\/logo\/image\/\",\"url\":\"https:\/\/www.ecinews.fr\/wp-content\/uploads\/2022\/02\/logo-1.jpg\",\"contentUrl\":\"https:\/\/www.ecinews.fr\/wp-content\/uploads\/2022\/02\/logo-1.jpg\",\"width\":283,\"height\":113,\"caption\":\"EENewsEurope\"},\"image\":{\"@id\":\"https:\/\/www.eenewseurope.com\/en\/#\/schema\/logo\/image\/\"}}]}<\/script>","yoast_head_json":{"title":"R\u00e9duire l'angoisse li\u00e9e \u00e0 l'autonomie des v\u00e9hicules \u00e9lectr...","description":"Cet article traite des probl\u00e8mes auxquels sont confront\u00e9s les concepteurs de v\u00e9hicules \u00e9lectriques et de v\u00e9hicules \u00e9lectriques hybrides. Il montre...","robots":{"index":"index","follow":"follow","max-snippet":"max-snippet:-1","max-image-preview":"max-image-preview:large","max-video-preview":"max-video-preview:-1"},"canonical":"https:\/\/www.ecinews.fr\/fr\/wp-json\/wp\/v2\/white_papers\/379962\/","og_locale":"fr_FR","og_type":"article","og_title":"R\u00e9duire l'angoisse li\u00e9e \u00e0 l'autonomie des v\u00e9hicules \u00e9lectriques et am\u00e9liorer la s\u00e9curit\u00e9","og_description":"Cet article traite des probl\u00e8mes auxquels sont confront\u00e9s les concepteurs de v\u00e9hicules \u00e9lectriques et de v\u00e9hicules \u00e9lectriques hybrides. Il montre ensuite comment utiliser un contr\u00f4leur de moteur \u00e0 courant continu sans balais (BLDC) FOC hautement int\u00e9gr\u00e9 et une carte d'\u00e9valuation associ\u00e9e pour lancer la conception d'un moteur efficace pour les v\u00e9hicules \u00e9lectriques\/\u00e9lectriques hybrides. Il pr\u00e9sente \u00e9galement divers capteurs pour surveiller le courant, la position 3D, la vitesse et la direction.","og_url":"https:\/\/www.ecinews.fr\/fr\/wp-json\/wp\/v2\/white_papers\/379962\/","og_site_name":"EENewsEurope","og_image":[{"width":1080,"height":653,"url":"https:\/\/www.ecinews.fr\/wp-content\/uploads\/2022\/04\/ECI1022_DK_Figure-3.png","type":"image\/png"}],"twitter_card":"summary_large_image","twitter_misc":{"Est. reading time":"1 minute"},"schema":{"@context":"https:\/\/schema.org","@graph":[{"@type":"WebPage","@id":"https:\/\/www.ecinews.fr\/fr\/white_papers\/reduire-langoisse-liee-a-lautonomie-des-vehicules-electriques-et-ameliorer-la-securite\/","url":"https:\/\/www.ecinews.fr\/fr\/white_papers\/reduire-langoisse-liee-a-lautonomie-des-vehicules-electriques-et-ameliorer-la-securite\/","name":"R\u00e9duire l'angoisse li\u00e9e \u00e0 l'autonomie des v\u00e9hicules \u00e9lectriques et am\u00e9liorer la s\u00e9curit\u00e9 -","isPartOf":{"@id":"https:\/\/www.eenewseurope.com\/en\/#website"},"datePublished":"2022-04-12T08:18:03+00:00","dateModified":"2022-04-12T08:18:03+00:00","breadcrumb":{"@id":"https:\/\/www.ecinews.fr\/fr\/white_papers\/reduire-langoisse-liee-a-lautonomie-des-vehicules-electriques-et-ameliorer-la-securite\/#breadcrumb"},"inLanguage":"fr-FR","potentialAction":[{"@type":"ReadAction","target":["https:\/\/www.ecinews.fr\/fr\/white_papers\/reduire-langoisse-liee-a-lautonomie-des-vehicules-electriques-et-ameliorer-la-securite\/"]}]},{"@type":"BreadcrumbList","@id":"https:\/\/www.ecinews.fr\/fr\/white_papers\/reduire-langoisse-liee-a-lautonomie-des-vehicules-electriques-et-ameliorer-la-securite\/#breadcrumb","itemListElement":[{"@type":"ListItem","position":1,"name":"Home","item":"https:\/\/www.ecinews.fr\/fr\/"},{"@type":"ListItem","position":2,"name":"R\u00e9duire l&rsquo;angoisse li\u00e9e \u00e0 l&rsquo;autonomie des v\u00e9hicules \u00e9lectriques et am\u00e9liorer la s\u00e9curit\u00e9"}]},{"@type":"WebSite","@id":"https:\/\/www.eenewseurope.com\/en\/#website","url":"https:\/\/www.eenewseurope.com\/en\/","name":"EENewsEurope","description":"Just another WordPress site","publisher":{"@id":"https:\/\/www.eenewseurope.com\/en\/#organization"},"potentialAction":[{"@type":"SearchAction","target":{"@type":"EntryPoint","urlTemplate":"https:\/\/www.eenewseurope.com\/en\/?s={search_term_string}"},"query-input":"required name=search_term_string"}],"inLanguage":"fr-FR"},{"@type":"Organization","@id":"https:\/\/www.eenewseurope.com\/en\/#organization","name":"EENewsEurope","url":"https:\/\/www.eenewseurope.com\/en\/","logo":{"@type":"ImageObject","inLanguage":"fr-FR","@id":"https:\/\/www.eenewseurope.com\/en\/#\/schema\/logo\/image\/","url":"https:\/\/www.ecinews.fr\/wp-content\/uploads\/2022\/02\/logo-1.jpg","contentUrl":"https:\/\/www.ecinews.fr\/wp-content\/uploads\/2022\/02\/logo-1.jpg","width":283,"height":113,"caption":"EENewsEurope"},"image":{"@id":"https:\/\/www.eenewseurope.com\/en\/#\/schema\/logo\/image\/"}}]}},"_links":{"self":[{"href":"https:\/\/www.ecinews.fr\/fr\/wp-json\/wp\/v2\/white_papers\/379962"}],"collection":[{"href":"https:\/\/www.ecinews.fr\/fr\/wp-json\/wp\/v2\/white_papers"}],"about":[{"href":"https:\/\/www.ecinews.fr\/fr\/wp-json\/wp\/v2\/types\/white_papers"}],"wp:featuredmedia":[{"embeddable":true,"href":"https:\/\/www.ecinews.fr\/fr\/wp-json\/wp\/v2\/media\/379965"}],"wp:attachment":[{"href":"https:\/\/www.ecinews.fr\/fr\/wp-json\/wp\/v2\/media?parent=379962"}],"wp:term":[{"taxonomy":"post_tag","embeddable":true,"href":"https:\/\/www.ecinews.fr\/fr\/wp-json\/wp\/v2\/tags?post=379962"},{"taxonomy":"company","embeddable":true,"href":"https:\/\/www.ecinews.fr\/fr\/wp-json\/wp\/v2\/company?post=379962"},{"taxonomy":"wp_category","embeddable":true,"href":"https:\/\/www.ecinews.fr\/fr\/wp-json\/wp\/v2\/wp_category?post=379962"},{"taxonomy":"author","embeddable":true,"href":"https:\/\/www.ecinews.fr\/fr\/wp-json\/wp\/v2\/ppma_author?post=379962"}],"curies":[{"name":"wp","href":"https:\/\/api.w.org\/{rel}","templated":true}]}}