{"id":27589,"date":"2014-09-12T22:00:00","date_gmt":"2014-09-12T22:00:00","guid":{"rendered":"https:\/\/\/white_papers\/les-fabricants-adoptent-une-politique-a-long-terme-pour-reussir-leur-developpement-sur-le-marche-de-la-sante-et-des-equipements-medicaux\/"},"modified":"2022-01-26T15:22:10","modified_gmt":"2022-01-26T15:22:10","slug":"les-fabricants-adoptent-une-politique-a-long-terme-pour-reussir-leur-developpement-sur-le-marche-de-la-sante-et-des-equipements-medicaux","status":"publish","type":"white_papers","link":"https:\/\/www.ecinews.fr\/fr\/white_papers\/les-fabricants-adoptent-une-politique-a-long-terme-pour-reussir-leur-developpement-sur-le-marche-de-la-sante-et-des-equipements-medicaux\/","title":{"rendered":"Les fabricants adoptent une politique \u00e0 long terme pour r\u00e9ussir leur d\u00e9veloppement sur le march\u00e9 de la sant\u00e9 et des \u00e9quipements m\u00e9dicaux"},"content":{"rendered":"","protected":false},"excerpt":{"rendered":"<p>Murata a r\u00e9cemment nomm\u00e9 Gary Atkins \u00e0 la t\u00eate de sa division europ\u00e9enne d\u00e9di\u00e9e au march\u00e9 de la sant\u00e9 et des \u00e9quipements m\u00e9dicaux. Pour s&rsquo;engager pleinement sur ce march\u00e9, Gary et son \u00e9quipe ont mis en place une s\u00e9rie d&rsquo;initiatives dans le cadre d&rsquo;une politique de d\u00e9veloppement \u00e0 long terme de la client\u00e8le de ce secteur. Il explique pourquoi il est impossible aux fabricants d&rsquo;avoir une vue \u00e0 court terme pour d\u00e9velopper ces march\u00e9s.   \u00ab\u00a0Nous avons commenc\u00e9 par aligner toutes nos politiques d&rsquo;entreprise concernant nos diff\u00e9rentes technologies produit, ce qui implique non seulement les produits install\u00e9s, mais aussi les nouveaut\u00e9s provenant des acquisitions de soci\u00e9t\u00e9s que nous avons effectu\u00e9es au cours des trois \u00e0 cinq derni\u00e8res ann\u00e9es. Nous proposons d\u00e9sormais des produits pour quasiment toutes les applications m\u00e9dicales. Gr\u00e2ce \u00e0 cette gamme enrichie, nous pouvons prendre en charge tout ce qui va du produit \u00e0 faible risques au pacemaker ou au d\u00e9fibrillateur.\u00a0\u00bb<\/p>\n","protected":false},"featured_media":27591,"template":"","tags":[],"company":[],"wp_category":[],"ppma_author":[1149],"class_list":["post-27589","white_papers","type-white_papers","status-publish","has-post-thumbnail","hentry"],"acf":[],"yoast_head":"<title>Les fabricants adoptent une politique \u00e0 long terme pour r\u00e9uss...<\/title>\n<meta name=\"description\" content=\"Murata a r\u00e9cemment nomm\u00e9 Gary Atkins \u00e0 la t\u00eate de sa division europ\u00e9enne d\u00e9di\u00e9e au march\u00e9 de la sant\u00e9 et des \u00e9quipements m\u00e9dicaux. Pour s&#039;engager...\" \/>\n<meta name=\"robots\" content=\"index, follow, max-snippet:-1, max-image-preview:large, max-video-preview:-1\" \/>\n<link rel=\"canonical\" href=\"https:\/\/www.ecinews.fr\/fr\/wp-json\/wp\/v2\/white_papers\/27589\/\" \/>\n<meta property=\"og:locale\" content=\"fr_FR\" \/>\n<meta property=\"og:type\" content=\"article\" \/>\n<meta property=\"og:title\" content=\"Les fabricants adoptent une politique \u00e0 long terme pour r\u00e9ussir leur d\u00e9veloppement sur le march\u00e9 de la sant\u00e9 et des \u00e9quipements m\u00e9dicaux\" \/>\n<meta property=\"og:description\" content=\"Murata a r\u00e9cemment nomm\u00e9 Gary Atkins \u00e0 la t\u00eate de sa division europ\u00e9enne d\u00e9di\u00e9e au march\u00e9 de la sant\u00e9 et des \u00e9quipements m\u00e9dicaux. Pour s&#039;engager pleinement sur ce march\u00e9, Gary et son \u00e9quipe ont mis en place une s\u00e9rie d&#039;initiatives dans le cadre d&#039;une politique de d\u00e9veloppement \u00e0 long terme de la client\u00e8le de ce secteur. Il explique pourquoi il est impossible aux fabricants d&#039;avoir une vue \u00e0 court terme pour d\u00e9velopper ces march\u00e9s.  &quot;Nous avons commenc\u00e9 par aligner toutes nos politiques d&#039;entreprise concernant nos diff\u00e9rentes technologies produit, ce qui implique non seulement les produits install\u00e9s, mais aussi les nouveaut\u00e9s provenant des acquisitions de soci\u00e9t\u00e9s que nous avons effectu\u00e9es au cours des trois \u00e0 cinq derni\u00e8res ann\u00e9es. Nous proposons d\u00e9sormais des produits pour quasiment toutes les applications m\u00e9dicales. Gr\u00e2ce \u00e0 cette gamme enrichie, nous pouvons prendre en charge tout ce qui va du produit \u00e0 faible risques au pacemaker ou au d\u00e9fibrillateur.&quot;\" \/>\n<meta property=\"og:url\" content=\"https:\/\/www.ecinews.fr\/fr\/wp-json\/wp\/v2\/white_papers\/27589\/\" \/>\n<meta property=\"og:site_name\" content=\"EENewsEurope\" \/>\n<meta property=\"article:modified_time\" content=\"2022-01-26T15:22:10+00:00\" \/>\n<meta property=\"og:image\" content=\"https:\/\/www.ecinews.fr\/wp-content\/uploads\/import\/default\/files\/import\/eci4020_murata_gary_atkins.jpg\" \/>\n\t<meta property=\"og:image:width\" content=\"1171\" \/>\n\t<meta property=\"og:image:height\" content=\"1283\" \/>\n\t<meta property=\"og:image:type\" content=\"image\/jpeg\" \/>\n<meta name=\"twitter:card\" content=\"summary_large_image\" \/>\n<script type=\"application\/ld+json\" class=\"yoast-schema-graph\">{\"@context\":\"https:\/\/schema.org\",\"@graph\":[{\"@type\":\"WebPage\",\"@id\":\"https:\/\/www.ecinews.fr\/fr\/white_papers\/les-fabricants-adoptent-une-politique-a-long-terme-pour-reussir-leur-developpement-sur-le-marche-de-la-sante-et-des-equipements-medicaux\/\",\"url\":\"https:\/\/www.ecinews.fr\/fr\/white_papers\/les-fabricants-adoptent-une-politique-a-long-terme-pour-reussir-leur-developpement-sur-le-marche-de-la-sante-et-des-equipements-medicaux\/\",\"name\":\"Les fabricants adoptent une politique \u00e0 long terme pour r\u00e9ussir leur d\u00e9veloppement sur le march\u00e9 de la sant\u00e9 et des \u00e9quipements m\u00e9dicaux -\",\"isPartOf\":{\"@id\":\"https:\/\/www.eenewseurope.com\/en\/#website\"},\"datePublished\":\"2014-09-12T22:00:00+00:00\",\"dateModified\":\"2022-01-26T15:22:10+00:00\",\"breadcrumb\":{\"@id\":\"https:\/\/www.ecinews.fr\/fr\/white_papers\/les-fabricants-adoptent-une-politique-a-long-terme-pour-reussir-leur-developpement-sur-le-marche-de-la-sante-et-des-equipements-medicaux\/#breadcrumb\"},\"inLanguage\":\"fr-FR\",\"potentialAction\":[{\"@type\":\"ReadAction\",\"target\":[\"https:\/\/www.ecinews.fr\/fr\/white_papers\/les-fabricants-adoptent-une-politique-a-long-terme-pour-reussir-leur-developpement-sur-le-marche-de-la-sante-et-des-equipements-medicaux\/\"]}]},{\"@type\":\"BreadcrumbList\",\"@id\":\"https:\/\/www.ecinews.fr\/fr\/white_papers\/les-fabricants-adoptent-une-politique-a-long-terme-pour-reussir-leur-developpement-sur-le-marche-de-la-sante-et-des-equipements-medicaux\/#breadcrumb\",\"itemListElement\":[{\"@type\":\"ListItem\",\"position\":1,\"name\":\"Home\",\"item\":\"https:\/\/www.ecinews.fr\/fr\/\"},{\"@type\":\"ListItem\",\"position\":2,\"name\":\"Les fabricants adoptent une politique \u00e0 long terme pour r\u00e9ussir leur d\u00e9veloppement sur le march\u00e9 de la sant\u00e9 et des \u00e9quipements m\u00e9dicaux\"}]},{\"@type\":\"WebSite\",\"@id\":\"https:\/\/www.eenewseurope.com\/en\/#website\",\"url\":\"https:\/\/www.eenewseurope.com\/en\/\",\"name\":\"EENewsEurope\",\"description\":\"Just another WordPress site\",\"publisher\":{\"@id\":\"https:\/\/www.eenewseurope.com\/en\/#organization\"},\"potentialAction\":[{\"@type\":\"SearchAction\",\"target\":{\"@type\":\"EntryPoint\",\"urlTemplate\":\"https:\/\/www.eenewseurope.com\/en\/?s={search_term_string}\"},\"query-input\":\"required name=search_term_string\"}],\"inLanguage\":\"fr-FR\"},{\"@type\":\"Organization\",\"@id\":\"https:\/\/www.eenewseurope.com\/en\/#organization\",\"name\":\"EENewsEurope\",\"url\":\"https:\/\/www.eenewseurope.com\/en\/\",\"logo\":{\"@type\":\"ImageObject\",\"inLanguage\":\"fr-FR\",\"@id\":\"https:\/\/www.eenewseurope.com\/en\/#\/schema\/logo\/image\/\",\"url\":\"https:\/\/www.ecinews.fr\/wp-content\/uploads\/2022\/02\/logo-1.jpg\",\"contentUrl\":\"https:\/\/www.ecinews.fr\/wp-content\/uploads\/2022\/02\/logo-1.jpg\",\"width\":283,\"height\":113,\"caption\":\"EENewsEurope\"},\"image\":{\"@id\":\"https:\/\/www.eenewseurope.com\/en\/#\/schema\/logo\/image\/\"}}]}<\/script>","yoast_head_json":{"title":"Les fabricants adoptent une politique \u00e0 long terme pour r\u00e9uss...","description":"Murata a r\u00e9cemment nomm\u00e9 Gary Atkins \u00e0 la t\u00eate de sa division europ\u00e9enne d\u00e9di\u00e9e au march\u00e9 de la sant\u00e9 et des \u00e9quipements m\u00e9dicaux. Pour s'engager...","robots":{"index":"index","follow":"follow","max-snippet":"max-snippet:-1","max-image-preview":"max-image-preview:large","max-video-preview":"max-video-preview:-1"},"canonical":"https:\/\/www.ecinews.fr\/fr\/wp-json\/wp\/v2\/white_papers\/27589\/","og_locale":"fr_FR","og_type":"article","og_title":"Les fabricants adoptent une politique \u00e0 long terme pour r\u00e9ussir leur d\u00e9veloppement sur le march\u00e9 de la sant\u00e9 et des \u00e9quipements m\u00e9dicaux","og_description":"Murata a r\u00e9cemment nomm\u00e9 Gary Atkins \u00e0 la t\u00eate de sa division europ\u00e9enne d\u00e9di\u00e9e au march\u00e9 de la sant\u00e9 et des \u00e9quipements m\u00e9dicaux. Pour s'engager pleinement sur ce march\u00e9, Gary et son \u00e9quipe ont mis en place une s\u00e9rie d'initiatives dans le cadre d'une politique de d\u00e9veloppement \u00e0 long terme de la client\u00e8le de ce secteur. Il explique pourquoi il est impossible aux fabricants d'avoir une vue \u00e0 court terme pour d\u00e9velopper ces march\u00e9s.  \"Nous avons commenc\u00e9 par aligner toutes nos politiques d'entreprise concernant nos diff\u00e9rentes technologies produit, ce qui implique non seulement les produits install\u00e9s, mais aussi les nouveaut\u00e9s provenant des acquisitions de soci\u00e9t\u00e9s que nous avons effectu\u00e9es au cours des trois \u00e0 cinq derni\u00e8res ann\u00e9es. Nous proposons d\u00e9sormais des produits pour quasiment toutes les applications m\u00e9dicales. Gr\u00e2ce \u00e0 cette gamme enrichie, nous pouvons prendre en charge tout ce qui va du produit \u00e0 faible risques au pacemaker ou au d\u00e9fibrillateur.\"","og_url":"https:\/\/www.ecinews.fr\/fr\/wp-json\/wp\/v2\/white_papers\/27589\/","og_site_name":"EENewsEurope","article_modified_time":"2022-01-26T15:22:10+00:00","og_image":[{"width":1171,"height":1283,"url":"https:\/\/www.ecinews.fr\/wp-content\/uploads\/import\/default\/files\/import\/eci4020_murata_gary_atkins.jpg","type":"image\/jpeg"}],"twitter_card":"summary_large_image","schema":{"@context":"https:\/\/schema.org","@graph":[{"@type":"WebPage","@id":"https:\/\/www.ecinews.fr\/fr\/white_papers\/les-fabricants-adoptent-une-politique-a-long-terme-pour-reussir-leur-developpement-sur-le-marche-de-la-sante-et-des-equipements-medicaux\/","url":"https:\/\/www.ecinews.fr\/fr\/white_papers\/les-fabricants-adoptent-une-politique-a-long-terme-pour-reussir-leur-developpement-sur-le-marche-de-la-sante-et-des-equipements-medicaux\/","name":"Les fabricants adoptent une politique \u00e0 long terme pour r\u00e9ussir leur d\u00e9veloppement sur le march\u00e9 de la sant\u00e9 et des \u00e9quipements m\u00e9dicaux -","isPartOf":{"@id":"https:\/\/www.eenewseurope.com\/en\/#website"},"datePublished":"2014-09-12T22:00:00+00:00","dateModified":"2022-01-26T15:22:10+00:00","breadcrumb":{"@id":"https:\/\/www.ecinews.fr\/fr\/white_papers\/les-fabricants-adoptent-une-politique-a-long-terme-pour-reussir-leur-developpement-sur-le-marche-de-la-sante-et-des-equipements-medicaux\/#breadcrumb"},"inLanguage":"fr-FR","potentialAction":[{"@type":"ReadAction","target":["https:\/\/www.ecinews.fr\/fr\/white_papers\/les-fabricants-adoptent-une-politique-a-long-terme-pour-reussir-leur-developpement-sur-le-marche-de-la-sante-et-des-equipements-medicaux\/"]}]},{"@type":"BreadcrumbList","@id":"https:\/\/www.ecinews.fr\/fr\/white_papers\/les-fabricants-adoptent-une-politique-a-long-terme-pour-reussir-leur-developpement-sur-le-marche-de-la-sante-et-des-equipements-medicaux\/#breadcrumb","itemListElement":[{"@type":"ListItem","position":1,"name":"Home","item":"https:\/\/www.ecinews.fr\/fr\/"},{"@type":"ListItem","position":2,"name":"Les fabricants adoptent une politique \u00e0 long terme pour r\u00e9ussir leur d\u00e9veloppement sur le march\u00e9 de la sant\u00e9 et des \u00e9quipements m\u00e9dicaux"}]},{"@type":"WebSite","@id":"https:\/\/www.eenewseurope.com\/en\/#website","url":"https:\/\/www.eenewseurope.com\/en\/","name":"EENewsEurope","description":"Just another WordPress site","publisher":{"@id":"https:\/\/www.eenewseurope.com\/en\/#organization"},"potentialAction":[{"@type":"SearchAction","target":{"@type":"EntryPoint","urlTemplate":"https:\/\/www.eenewseurope.com\/en\/?s={search_term_string}"},"query-input":"required name=search_term_string"}],"inLanguage":"fr-FR"},{"@type":"Organization","@id":"https:\/\/www.eenewseurope.com\/en\/#organization","name":"EENewsEurope","url":"https:\/\/www.eenewseurope.com\/en\/","logo":{"@type":"ImageObject","inLanguage":"fr-FR","@id":"https:\/\/www.eenewseurope.com\/en\/#\/schema\/logo\/image\/","url":"https:\/\/www.ecinews.fr\/wp-content\/uploads\/2022\/02\/logo-1.jpg","contentUrl":"https:\/\/www.ecinews.fr\/wp-content\/uploads\/2022\/02\/logo-1.jpg","width":283,"height":113,"caption":"EENewsEurope"},"image":{"@id":"https:\/\/www.eenewseurope.com\/en\/#\/schema\/logo\/image\/"}}]}},"_links":{"self":[{"href":"https:\/\/www.ecinews.fr\/fr\/wp-json\/wp\/v2\/white_papers\/27589"}],"collection":[{"href":"https:\/\/www.ecinews.fr\/fr\/wp-json\/wp\/v2\/white_papers"}],"about":[{"href":"https:\/\/www.ecinews.fr\/fr\/wp-json\/wp\/v2\/types\/white_papers"}],"wp:featuredmedia":[{"embeddable":true,"href":"https:\/\/www.ecinews.fr\/fr\/wp-json\/wp\/v2\/media\/27591"}],"wp:attachment":[{"href":"https:\/\/www.ecinews.fr\/fr\/wp-json\/wp\/v2\/media?parent=27589"}],"wp:term":[{"taxonomy":"post_tag","embeddable":true,"href":"https:\/\/www.ecinews.fr\/fr\/wp-json\/wp\/v2\/tags?post=27589"},{"taxonomy":"company","embeddable":true,"href":"https:\/\/www.ecinews.fr\/fr\/wp-json\/wp\/v2\/company?post=27589"},{"taxonomy":"wp_category","embeddable":true,"href":"https:\/\/www.ecinews.fr\/fr\/wp-json\/wp\/v2\/wp_category?post=27589"},{"taxonomy":"author","embeddable":true,"href":"https:\/\/www.ecinews.fr\/fr\/wp-json\/wp\/v2\/ppma_author?post=27589"}],"curies":[{"name":"wp","href":"https:\/\/api.w.org\/{rel}","templated":true}]}}