{"id":27584,"date":"2014-09-02T22:00:00","date_gmt":"2014-09-02T22:00:00","guid":{"rendered":"https:\/\/\/white_papers\/les-doutes-emis-sur-la-securite-de-lusb-sont-infondes\/"},"modified":"2022-01-26T15:22:09","modified_gmt":"2022-01-26T15:22:09","slug":"les-doutes-emis-sur-la-securite-de-lusb-sont-infondes","status":"publish","type":"white_papers","link":"https:\/\/www.ecinews.fr\/fr\/white_papers\/les-doutes-emis-sur-la-securite-de-lusb-sont-infondes\/","title":{"rendered":"Les doutes \u00e9mis sur la s\u00e9curit\u00e9 de l&rsquo;USB sont infond\u00e9s"},"content":{"rendered":"","protected":false},"excerpt":{"rendered":"<p>R\u00e9cemment, la publication de travaux effectu\u00e9s par Karsten Nohl et Jakob Lell de SRLabs, a fait couler beaucoup d&rsquo;encre. Ces travaux tentaient de d\u00e9montrer comment certains p\u00e9riph\u00e9riques USB \u00e9taient susceptibles de permettre l&rsquo;introduction de malware dans des syst\u00e8mes informatiques ou des appareils \u00e9lectroniques portables. Certains ont pu en d\u00e9duire qu&rsquo;il n&rsquo;existait aucun moyen valable pour se prot\u00e9ger de ce type de vuln\u00e9rabilit\u00e9. Les commentaires provocateurs, pour ne pas dire alarmistes, selon lesquels l&rsquo;USB serait \u00ab\u00a0intrins\u00e8quement faillible\u00a0\u00bb et selon lesquels les utilisateurs d&rsquo;ordinateurs ou d&rsquo;appareils portables devraient perdre toute confiance d\u00e8s apr\u00e8s avoir branch\u00e9 une cl\u00e9 USB, ne sont cependant pas r\u00e9alistes. Une mise au point s&rsquo;impose donc.<\/p>\n","protected":false},"featured_media":27586,"template":"","tags":[],"company":[],"wp_category":[],"ppma_author":[1149],"class_list":["post-27584","white_papers","type-white_papers","status-publish","has-post-thumbnail","hentry"],"acf":[],"yoast_head":"<title>Les doutes \u00e9mis sur la s\u00e9curit\u00e9 de l&#039;USB sont infond\u00e9s ...<\/title>\n<meta name=\"description\" content=\"R\u00e9cemment, la publication de travaux effectu\u00e9s par Karsten Nohl et Jakob Lell de SRLabs, a fait couler beaucoup d&#039;encre. Ces travaux tentaient de...\" \/>\n<meta name=\"robots\" content=\"index, follow, max-snippet:-1, max-image-preview:large, max-video-preview:-1\" \/>\n<link rel=\"canonical\" href=\"https:\/\/www.ecinews.fr\/fr\/wp-json\/wp\/v2\/white_papers\/27584\/\" \/>\n<meta property=\"og:locale\" content=\"fr_FR\" \/>\n<meta property=\"og:type\" content=\"article\" \/>\n<meta property=\"og:title\" content=\"Les doutes \u00e9mis sur la s\u00e9curit\u00e9 de l&#039;USB sont infond\u00e9s\" \/>\n<meta property=\"og:description\" content=\"R\u00e9cemment, la publication de travaux effectu\u00e9s par Karsten Nohl et Jakob Lell de SRLabs, a fait couler beaucoup d&#039;encre. Ces travaux tentaient de d\u00e9montrer comment certains p\u00e9riph\u00e9riques USB \u00e9taient susceptibles de permettre l&#039;introduction de malware dans des syst\u00e8mes informatiques ou des appareils \u00e9lectroniques portables. Certains ont pu en d\u00e9duire qu&#039;il n&#039;existait aucun moyen valable pour se prot\u00e9ger de ce type de vuln\u00e9rabilit\u00e9. Les commentaires provocateurs, pour ne pas dire alarmistes, selon lesquels l&#039;USB serait &quot;intrins\u00e8quement faillible&quot; et selon lesquels les utilisateurs d&#039;ordinateurs ou d&#039;appareils portables devraient perdre toute confiance d\u00e8s apr\u00e8s avoir branch\u00e9 une cl\u00e9 USB, ne sont cependant pas r\u00e9alistes. Une mise au point s&#039;impose donc.\" \/>\n<meta property=\"og:url\" content=\"https:\/\/www.ecinews.fr\/fr\/wp-json\/wp\/v2\/white_papers\/27584\/\" \/>\n<meta property=\"og:site_name\" content=\"EENewsEurope\" \/>\n<meta property=\"article:modified_time\" content=\"2022-01-26T15:22:09+00:00\" \/>\n<meta property=\"og:image\" content=\"https:\/\/www.ecinews.fr\/wp-content\/uploads\/import\/default\/files\/import\/eci4436_ftdi_fred-dart.jpg\" \/>\n\t<meta property=\"og:image:width\" content=\"1631\" \/>\n\t<meta property=\"og:image:height\" content=\"2561\" \/>\n\t<meta property=\"og:image:type\" content=\"image\/jpeg\" \/>\n<meta name=\"twitter:card\" content=\"summary_large_image\" \/>\n<script type=\"application\/ld+json\" class=\"yoast-schema-graph\">{\"@context\":\"https:\/\/schema.org\",\"@graph\":[{\"@type\":\"WebPage\",\"@id\":\"https:\/\/www.ecinews.fr\/fr\/white_papers\/les-doutes-emis-sur-la-securite-de-lusb-sont-infondes\/\",\"url\":\"https:\/\/www.ecinews.fr\/fr\/white_papers\/les-doutes-emis-sur-la-securite-de-lusb-sont-infondes\/\",\"name\":\"Les doutes \u00e9mis sur la s\u00e9curit\u00e9 de l'USB sont infond\u00e9s -\",\"isPartOf\":{\"@id\":\"https:\/\/www.eenewseurope.com\/en\/#website\"},\"datePublished\":\"2014-09-02T22:00:00+00:00\",\"dateModified\":\"2022-01-26T15:22:09+00:00\",\"breadcrumb\":{\"@id\":\"https:\/\/www.ecinews.fr\/fr\/white_papers\/les-doutes-emis-sur-la-securite-de-lusb-sont-infondes\/#breadcrumb\"},\"inLanguage\":\"fr-FR\",\"potentialAction\":[{\"@type\":\"ReadAction\",\"target\":[\"https:\/\/www.ecinews.fr\/fr\/white_papers\/les-doutes-emis-sur-la-securite-de-lusb-sont-infondes\/\"]}]},{\"@type\":\"BreadcrumbList\",\"@id\":\"https:\/\/www.ecinews.fr\/fr\/white_papers\/les-doutes-emis-sur-la-securite-de-lusb-sont-infondes\/#breadcrumb\",\"itemListElement\":[{\"@type\":\"ListItem\",\"position\":1,\"name\":\"Home\",\"item\":\"https:\/\/www.ecinews.fr\/fr\/\"},{\"@type\":\"ListItem\",\"position\":2,\"name\":\"Les doutes \u00e9mis sur la s\u00e9curit\u00e9 de l&rsquo;USB sont infond\u00e9s\"}]},{\"@type\":\"WebSite\",\"@id\":\"https:\/\/www.eenewseurope.com\/en\/#website\",\"url\":\"https:\/\/www.eenewseurope.com\/en\/\",\"name\":\"EENewsEurope\",\"description\":\"Just another WordPress site\",\"publisher\":{\"@id\":\"https:\/\/www.eenewseurope.com\/en\/#organization\"},\"potentialAction\":[{\"@type\":\"SearchAction\",\"target\":{\"@type\":\"EntryPoint\",\"urlTemplate\":\"https:\/\/www.eenewseurope.com\/en\/?s={search_term_string}\"},\"query-input\":\"required name=search_term_string\"}],\"inLanguage\":\"fr-FR\"},{\"@type\":\"Organization\",\"@id\":\"https:\/\/www.eenewseurope.com\/en\/#organization\",\"name\":\"EENewsEurope\",\"url\":\"https:\/\/www.eenewseurope.com\/en\/\",\"logo\":{\"@type\":\"ImageObject\",\"inLanguage\":\"fr-FR\",\"@id\":\"https:\/\/www.eenewseurope.com\/en\/#\/schema\/logo\/image\/\",\"url\":\"https:\/\/www.ecinews.fr\/wp-content\/uploads\/2022\/02\/logo-1.jpg\",\"contentUrl\":\"https:\/\/www.ecinews.fr\/wp-content\/uploads\/2022\/02\/logo-1.jpg\",\"width\":283,\"height\":113,\"caption\":\"EENewsEurope\"},\"image\":{\"@id\":\"https:\/\/www.eenewseurope.com\/en\/#\/schema\/logo\/image\/\"}}]}<\/script>","yoast_head_json":{"title":"Les doutes \u00e9mis sur la s\u00e9curit\u00e9 de l'USB sont infond\u00e9s ...","description":"R\u00e9cemment, la publication de travaux effectu\u00e9s par Karsten Nohl et Jakob Lell de SRLabs, a fait couler beaucoup d'encre. Ces travaux tentaient de...","robots":{"index":"index","follow":"follow","max-snippet":"max-snippet:-1","max-image-preview":"max-image-preview:large","max-video-preview":"max-video-preview:-1"},"canonical":"https:\/\/www.ecinews.fr\/fr\/wp-json\/wp\/v2\/white_papers\/27584\/","og_locale":"fr_FR","og_type":"article","og_title":"Les doutes \u00e9mis sur la s\u00e9curit\u00e9 de l'USB sont infond\u00e9s","og_description":"R\u00e9cemment, la publication de travaux effectu\u00e9s par Karsten Nohl et Jakob Lell de SRLabs, a fait couler beaucoup d'encre. Ces travaux tentaient de d\u00e9montrer comment certains p\u00e9riph\u00e9riques USB \u00e9taient susceptibles de permettre l'introduction de malware dans des syst\u00e8mes informatiques ou des appareils \u00e9lectroniques portables. Certains ont pu en d\u00e9duire qu'il n'existait aucun moyen valable pour se prot\u00e9ger de ce type de vuln\u00e9rabilit\u00e9. Les commentaires provocateurs, pour ne pas dire alarmistes, selon lesquels l'USB serait \"intrins\u00e8quement faillible\" et selon lesquels les utilisateurs d'ordinateurs ou d'appareils portables devraient perdre toute confiance d\u00e8s apr\u00e8s avoir branch\u00e9 une cl\u00e9 USB, ne sont cependant pas r\u00e9alistes. Une mise au point s'impose donc.","og_url":"https:\/\/www.ecinews.fr\/fr\/wp-json\/wp\/v2\/white_papers\/27584\/","og_site_name":"EENewsEurope","article_modified_time":"2022-01-26T15:22:09+00:00","og_image":[{"width":1631,"height":2561,"url":"https:\/\/www.ecinews.fr\/wp-content\/uploads\/import\/default\/files\/import\/eci4436_ftdi_fred-dart.jpg","type":"image\/jpeg"}],"twitter_card":"summary_large_image","schema":{"@context":"https:\/\/schema.org","@graph":[{"@type":"WebPage","@id":"https:\/\/www.ecinews.fr\/fr\/white_papers\/les-doutes-emis-sur-la-securite-de-lusb-sont-infondes\/","url":"https:\/\/www.ecinews.fr\/fr\/white_papers\/les-doutes-emis-sur-la-securite-de-lusb-sont-infondes\/","name":"Les doutes \u00e9mis sur la s\u00e9curit\u00e9 de l'USB sont infond\u00e9s -","isPartOf":{"@id":"https:\/\/www.eenewseurope.com\/en\/#website"},"datePublished":"2014-09-02T22:00:00+00:00","dateModified":"2022-01-26T15:22:09+00:00","breadcrumb":{"@id":"https:\/\/www.ecinews.fr\/fr\/white_papers\/les-doutes-emis-sur-la-securite-de-lusb-sont-infondes\/#breadcrumb"},"inLanguage":"fr-FR","potentialAction":[{"@type":"ReadAction","target":["https:\/\/www.ecinews.fr\/fr\/white_papers\/les-doutes-emis-sur-la-securite-de-lusb-sont-infondes\/"]}]},{"@type":"BreadcrumbList","@id":"https:\/\/www.ecinews.fr\/fr\/white_papers\/les-doutes-emis-sur-la-securite-de-lusb-sont-infondes\/#breadcrumb","itemListElement":[{"@type":"ListItem","position":1,"name":"Home","item":"https:\/\/www.ecinews.fr\/fr\/"},{"@type":"ListItem","position":2,"name":"Les doutes \u00e9mis sur la s\u00e9curit\u00e9 de l&rsquo;USB sont infond\u00e9s"}]},{"@type":"WebSite","@id":"https:\/\/www.eenewseurope.com\/en\/#website","url":"https:\/\/www.eenewseurope.com\/en\/","name":"EENewsEurope","description":"Just another WordPress site","publisher":{"@id":"https:\/\/www.eenewseurope.com\/en\/#organization"},"potentialAction":[{"@type":"SearchAction","target":{"@type":"EntryPoint","urlTemplate":"https:\/\/www.eenewseurope.com\/en\/?s={search_term_string}"},"query-input":"required name=search_term_string"}],"inLanguage":"fr-FR"},{"@type":"Organization","@id":"https:\/\/www.eenewseurope.com\/en\/#organization","name":"EENewsEurope","url":"https:\/\/www.eenewseurope.com\/en\/","logo":{"@type":"ImageObject","inLanguage":"fr-FR","@id":"https:\/\/www.eenewseurope.com\/en\/#\/schema\/logo\/image\/","url":"https:\/\/www.ecinews.fr\/wp-content\/uploads\/2022\/02\/logo-1.jpg","contentUrl":"https:\/\/www.ecinews.fr\/wp-content\/uploads\/2022\/02\/logo-1.jpg","width":283,"height":113,"caption":"EENewsEurope"},"image":{"@id":"https:\/\/www.eenewseurope.com\/en\/#\/schema\/logo\/image\/"}}]}},"_links":{"self":[{"href":"https:\/\/www.ecinews.fr\/fr\/wp-json\/wp\/v2\/white_papers\/27584"}],"collection":[{"href":"https:\/\/www.ecinews.fr\/fr\/wp-json\/wp\/v2\/white_papers"}],"about":[{"href":"https:\/\/www.ecinews.fr\/fr\/wp-json\/wp\/v2\/types\/white_papers"}],"wp:featuredmedia":[{"embeddable":true,"href":"https:\/\/www.ecinews.fr\/fr\/wp-json\/wp\/v2\/media\/27586"}],"wp:attachment":[{"href":"https:\/\/www.ecinews.fr\/fr\/wp-json\/wp\/v2\/media?parent=27584"}],"wp:term":[{"taxonomy":"post_tag","embeddable":true,"href":"https:\/\/www.ecinews.fr\/fr\/wp-json\/wp\/v2\/tags?post=27584"},{"taxonomy":"company","embeddable":true,"href":"https:\/\/www.ecinews.fr\/fr\/wp-json\/wp\/v2\/company?post=27584"},{"taxonomy":"wp_category","embeddable":true,"href":"https:\/\/www.ecinews.fr\/fr\/wp-json\/wp\/v2\/wp_category?post=27584"},{"taxonomy":"author","embeddable":true,"href":"https:\/\/www.ecinews.fr\/fr\/wp-json\/wp\/v2\/ppma_author?post=27584"}],"curies":[{"name":"wp","href":"https:\/\/api.w.org\/{rel}","templated":true}]}}