{"id":27474,"date":"2013-12-18T23:00:00","date_gmt":"2013-12-18T23:00:00","guid":{"rendered":"https:\/\/\/white_papers\/aspects-techniques-de-la-technologie-tactile-capacitive-projetee\/"},"modified":"2022-01-26T15:21:58","modified_gmt":"2022-01-26T15:21:58","slug":"aspects-techniques-de-la-technologie-tactile-capacitive-projetee","status":"publish","type":"white_papers","link":"https:\/\/www.ecinews.fr\/fr\/white_papers\/aspects-techniques-de-la-technologie-tactile-capacitive-projetee\/","title":{"rendered":"Aspects techniques\u00a0de la technologie tactile capacitive projet\u00e9e"},"content":{"rendered":"","protected":false},"excerpt":{"rendered":"<p>La derni\u00e8re g\u00e9n\u00e9ration d&rsquo;appareils \u00e9lectroniques portatifs\u00a0 dot\u00e9s d&rsquo;interfaces utilisateur tr\u00e8s sensibles et intuitives, con\u00e7us autour de la technologie tactile capacitive projet\u00e9e (p-cap), a stimul\u00e9\u00a0 une forte demande des performances et fonctionnalit\u00e9s,\u00a0 m\u00eame pour des afficheurs interactifs \u00e0 utilisation intensive que l&rsquo;on trouve dans\u00a0 les milieux industriels\u00a0 (aux environnements s\u00e9v\u00e8res)\u00a0 ou dans les applications grand public. Cependant, on note certaines diff\u00e9rences notables au niveau des crit\u00e8res techniques, auxquels il faut r\u00e9pondre\u00a0 pour pouvoir\u00a0 mettre en oeuvre l&rsquo;application tactile p-cap dans les syst\u00e8mes. Si le temps r\u00e9action et la sensibilit\u00e9 sont\u00a0 en principe parfaitement adapt\u00e9s sur les Smartphones ou les tablettes, a contrario les syst\u00e8mes non destin\u00e9s au grand public soumettent les m\u00e9canismes conventionnels de d\u00e9tection p-cap \u00e0 des contraintes inimaginables. C&rsquo;est pourquoi on fait appel aux solutions p-cap qui sont plus adapt\u00e9es pour r\u00e9pondre aux exigences des applications.<br \/>\nLe fait que la technologie p-cap ait \u00e9t\u00e9 adopt\u00e9e \u00e0 une vitesse ph\u00e9nom\u00e9nale t\u00e9moigne des nombreuses possibilit\u00e9s qu&rsquo;elle offre aux concepteurs d&rsquo;interfaces utilisateur qui sont tr\u00e8s difficiles \u00e0 endommager et, par cons\u00e9quent, elles ont une dur\u00e9e de vie bien plus longue que les technologies tactiles sensitives concurrentes.<\/p>\n","protected":false},"featured_media":27476,"template":"","tags":[],"company":[],"wp_category":[],"ppma_author":[1149],"class_list":["post-27474","white_papers","type-white_papers","status-publish","has-post-thumbnail","hentry"],"acf":[],"yoast_head":"<title>Aspects techniques\u00a0de la technologie tactile capacitive projet...<\/title>\n<meta name=\"description\" content=\"La derni\u00e8re g\u00e9n\u00e9ration d&#039;appareils \u00e9lectroniques portatifs\u00a0 dot\u00e9s d&#039;interfaces utilisateur tr\u00e8s sensibles et intuitives, con\u00e7us autour de la...\" \/>\n<meta name=\"robots\" content=\"index, follow, max-snippet:-1, max-image-preview:large, max-video-preview:-1\" \/>\n<link rel=\"canonical\" href=\"https:\/\/www.ecinews.fr\/fr\/wp-json\/wp\/v2\/white_papers\/27474\/\" \/>\n<meta property=\"og:locale\" content=\"fr_FR\" \/>\n<meta property=\"og:type\" content=\"article\" \/>\n<meta property=\"og:title\" content=\"Aspects techniques\u00a0de la technologie tactile capacitive projet\u00e9e\" \/>\n<meta property=\"og:description\" content=\"La derni\u00e8re g\u00e9n\u00e9ration d&#039;appareils \u00e9lectroniques portatifs\u00a0 dot\u00e9s d&#039;interfaces utilisateur tr\u00e8s sensibles et intuitives, con\u00e7us autour de la technologie tactile capacitive projet\u00e9e (p-cap), a stimul\u00e9\u00a0 une forte demande des performances et fonctionnalit\u00e9s,\u00a0 m\u00eame pour des afficheurs interactifs \u00e0 utilisation intensive que l&#039;on trouve dans\u00a0 les milieux industriels\u00a0 (aux environnements s\u00e9v\u00e8res)\u00a0 ou dans les applications grand public. Cependant, on note certaines diff\u00e9rences notables au niveau des crit\u00e8res techniques, auxquels il faut r\u00e9pondre\u00a0 pour pouvoir\u00a0 mettre en oeuvre l&#039;application tactile p-cap dans les syst\u00e8mes. Si le temps r\u00e9action et la sensibilit\u00e9 sont\u00a0 en principe parfaitement adapt\u00e9s sur les Smartphones ou les tablettes, a contrario les syst\u00e8mes non destin\u00e9s au grand public soumettent les m\u00e9canismes conventionnels de d\u00e9tection p-cap \u00e0 des contraintes inimaginables. C&#039;est pourquoi on fait appel aux solutions p-cap qui sont plus adapt\u00e9es pour r\u00e9pondre aux exigences des applications.   Le fait que la technologie p-cap ait \u00e9t\u00e9 adopt\u00e9e \u00e0 une vitesse ph\u00e9nom\u00e9nale t\u00e9moigne des nombreuses possibilit\u00e9s qu&#039;elle offre aux concepteurs d&#039;interfaces utilisateur qui sont tr\u00e8s difficiles \u00e0 endommager et, par cons\u00e9quent, elles ont une dur\u00e9e de vie bien plus longue que les technologies tactiles sensitives concurrentes.\" \/>\n<meta property=\"og:url\" content=\"https:\/\/www.ecinews.fr\/fr\/wp-json\/wp\/v2\/white_papers\/27474\/\" \/>\n<meta property=\"og:site_name\" content=\"EENewsEurope\" \/>\n<meta property=\"article:modified_time\" content=\"2022-01-26T15:21:58+00:00\" \/>\n<meta property=\"og:image\" content=\"https:\/\/www.ecinews.fr\/wp-content\/uploads\/import\/default\/files\/import\/eci3893_zytronic_zy379a_glass_layers_by_rory_gibson-scaled.jpg\" \/>\n\t<meta property=\"og:image:width\" content=\"2560\" \/>\n\t<meta property=\"og:image:height\" content=\"1707\" \/>\n\t<meta property=\"og:image:type\" content=\"image\/jpeg\" \/>\n<meta name=\"twitter:card\" content=\"summary_large_image\" \/>\n<script type=\"application\/ld+json\" class=\"yoast-schema-graph\">{\"@context\":\"https:\/\/schema.org\",\"@graph\":[{\"@type\":\"WebPage\",\"@id\":\"https:\/\/www.ecinews.fr\/fr\/white_papers\/aspects-techniques-de-la-technologie-tactile-capacitive-projetee\/\",\"url\":\"https:\/\/www.ecinews.fr\/fr\/white_papers\/aspects-techniques-de-la-technologie-tactile-capacitive-projetee\/\",\"name\":\"Aspects techniques\u00a0de la technologie tactile capacitive projet\u00e9e -\",\"isPartOf\":{\"@id\":\"https:\/\/www.eenewseurope.com\/en\/#website\"},\"datePublished\":\"2013-12-18T23:00:00+00:00\",\"dateModified\":\"2022-01-26T15:21:58+00:00\",\"breadcrumb\":{\"@id\":\"https:\/\/www.ecinews.fr\/fr\/white_papers\/aspects-techniques-de-la-technologie-tactile-capacitive-projetee\/#breadcrumb\"},\"inLanguage\":\"fr-FR\",\"potentialAction\":[{\"@type\":\"ReadAction\",\"target\":[\"https:\/\/www.ecinews.fr\/fr\/white_papers\/aspects-techniques-de-la-technologie-tactile-capacitive-projetee\/\"]}]},{\"@type\":\"BreadcrumbList\",\"@id\":\"https:\/\/www.ecinews.fr\/fr\/white_papers\/aspects-techniques-de-la-technologie-tactile-capacitive-projetee\/#breadcrumb\",\"itemListElement\":[{\"@type\":\"ListItem\",\"position\":1,\"name\":\"Home\",\"item\":\"https:\/\/www.ecinews.fr\/fr\/\"},{\"@type\":\"ListItem\",\"position\":2,\"name\":\"Aspects techniques\u00a0de la technologie tactile capacitive projet\u00e9e\"}]},{\"@type\":\"WebSite\",\"@id\":\"https:\/\/www.eenewseurope.com\/en\/#website\",\"url\":\"https:\/\/www.eenewseurope.com\/en\/\",\"name\":\"EENewsEurope\",\"description\":\"Just another WordPress site\",\"publisher\":{\"@id\":\"https:\/\/www.eenewseurope.com\/en\/#organization\"},\"potentialAction\":[{\"@type\":\"SearchAction\",\"target\":{\"@type\":\"EntryPoint\",\"urlTemplate\":\"https:\/\/www.eenewseurope.com\/en\/?s={search_term_string}\"},\"query-input\":\"required name=search_term_string\"}],\"inLanguage\":\"fr-FR\"},{\"@type\":\"Organization\",\"@id\":\"https:\/\/www.eenewseurope.com\/en\/#organization\",\"name\":\"EENewsEurope\",\"url\":\"https:\/\/www.eenewseurope.com\/en\/\",\"logo\":{\"@type\":\"ImageObject\",\"inLanguage\":\"fr-FR\",\"@id\":\"https:\/\/www.eenewseurope.com\/en\/#\/schema\/logo\/image\/\",\"url\":\"https:\/\/www.ecinews.fr\/wp-content\/uploads\/2022\/02\/logo-1.jpg\",\"contentUrl\":\"https:\/\/www.ecinews.fr\/wp-content\/uploads\/2022\/02\/logo-1.jpg\",\"width\":283,\"height\":113,\"caption\":\"EENewsEurope\"},\"image\":{\"@id\":\"https:\/\/www.eenewseurope.com\/en\/#\/schema\/logo\/image\/\"}}]}<\/script>","yoast_head_json":{"title":"Aspects techniques\u00a0de la technologie tactile capacitive projet...","description":"La derni\u00e8re g\u00e9n\u00e9ration d'appareils \u00e9lectroniques portatifs\u00a0 dot\u00e9s d'interfaces utilisateur tr\u00e8s sensibles et intuitives, con\u00e7us autour de la...","robots":{"index":"index","follow":"follow","max-snippet":"max-snippet:-1","max-image-preview":"max-image-preview:large","max-video-preview":"max-video-preview:-1"},"canonical":"https:\/\/www.ecinews.fr\/fr\/wp-json\/wp\/v2\/white_papers\/27474\/","og_locale":"fr_FR","og_type":"article","og_title":"Aspects techniques\u00a0de la technologie tactile capacitive projet\u00e9e","og_description":"La derni\u00e8re g\u00e9n\u00e9ration d'appareils \u00e9lectroniques portatifs\u00a0 dot\u00e9s d'interfaces utilisateur tr\u00e8s sensibles et intuitives, con\u00e7us autour de la technologie tactile capacitive projet\u00e9e (p-cap), a stimul\u00e9\u00a0 une forte demande des performances et fonctionnalit\u00e9s,\u00a0 m\u00eame pour des afficheurs interactifs \u00e0 utilisation intensive que l'on trouve dans\u00a0 les milieux industriels\u00a0 (aux environnements s\u00e9v\u00e8res)\u00a0 ou dans les applications grand public. Cependant, on note certaines diff\u00e9rences notables au niveau des crit\u00e8res techniques, auxquels il faut r\u00e9pondre\u00a0 pour pouvoir\u00a0 mettre en oeuvre l'application tactile p-cap dans les syst\u00e8mes. Si le temps r\u00e9action et la sensibilit\u00e9 sont\u00a0 en principe parfaitement adapt\u00e9s sur les Smartphones ou les tablettes, a contrario les syst\u00e8mes non destin\u00e9s au grand public soumettent les m\u00e9canismes conventionnels de d\u00e9tection p-cap \u00e0 des contraintes inimaginables. C'est pourquoi on fait appel aux solutions p-cap qui sont plus adapt\u00e9es pour r\u00e9pondre aux exigences des applications.   Le fait que la technologie p-cap ait \u00e9t\u00e9 adopt\u00e9e \u00e0 une vitesse ph\u00e9nom\u00e9nale t\u00e9moigne des nombreuses possibilit\u00e9s qu'elle offre aux concepteurs d'interfaces utilisateur qui sont tr\u00e8s difficiles \u00e0 endommager et, par cons\u00e9quent, elles ont une dur\u00e9e de vie bien plus longue que les technologies tactiles sensitives concurrentes.","og_url":"https:\/\/www.ecinews.fr\/fr\/wp-json\/wp\/v2\/white_papers\/27474\/","og_site_name":"EENewsEurope","article_modified_time":"2022-01-26T15:21:58+00:00","og_image":[{"width":2560,"height":1707,"url":"https:\/\/www.ecinews.fr\/wp-content\/uploads\/import\/default\/files\/import\/eci3893_zytronic_zy379a_glass_layers_by_rory_gibson-scaled.jpg","type":"image\/jpeg"}],"twitter_card":"summary_large_image","schema":{"@context":"https:\/\/schema.org","@graph":[{"@type":"WebPage","@id":"https:\/\/www.ecinews.fr\/fr\/white_papers\/aspects-techniques-de-la-technologie-tactile-capacitive-projetee\/","url":"https:\/\/www.ecinews.fr\/fr\/white_papers\/aspects-techniques-de-la-technologie-tactile-capacitive-projetee\/","name":"Aspects techniques\u00a0de la technologie tactile capacitive projet\u00e9e -","isPartOf":{"@id":"https:\/\/www.eenewseurope.com\/en\/#website"},"datePublished":"2013-12-18T23:00:00+00:00","dateModified":"2022-01-26T15:21:58+00:00","breadcrumb":{"@id":"https:\/\/www.ecinews.fr\/fr\/white_papers\/aspects-techniques-de-la-technologie-tactile-capacitive-projetee\/#breadcrumb"},"inLanguage":"fr-FR","potentialAction":[{"@type":"ReadAction","target":["https:\/\/www.ecinews.fr\/fr\/white_papers\/aspects-techniques-de-la-technologie-tactile-capacitive-projetee\/"]}]},{"@type":"BreadcrumbList","@id":"https:\/\/www.ecinews.fr\/fr\/white_papers\/aspects-techniques-de-la-technologie-tactile-capacitive-projetee\/#breadcrumb","itemListElement":[{"@type":"ListItem","position":1,"name":"Home","item":"https:\/\/www.ecinews.fr\/fr\/"},{"@type":"ListItem","position":2,"name":"Aspects techniques\u00a0de la technologie tactile capacitive projet\u00e9e"}]},{"@type":"WebSite","@id":"https:\/\/www.eenewseurope.com\/en\/#website","url":"https:\/\/www.eenewseurope.com\/en\/","name":"EENewsEurope","description":"Just another WordPress site","publisher":{"@id":"https:\/\/www.eenewseurope.com\/en\/#organization"},"potentialAction":[{"@type":"SearchAction","target":{"@type":"EntryPoint","urlTemplate":"https:\/\/www.eenewseurope.com\/en\/?s={search_term_string}"},"query-input":"required name=search_term_string"}],"inLanguage":"fr-FR"},{"@type":"Organization","@id":"https:\/\/www.eenewseurope.com\/en\/#organization","name":"EENewsEurope","url":"https:\/\/www.eenewseurope.com\/en\/","logo":{"@type":"ImageObject","inLanguage":"fr-FR","@id":"https:\/\/www.eenewseurope.com\/en\/#\/schema\/logo\/image\/","url":"https:\/\/www.ecinews.fr\/wp-content\/uploads\/2022\/02\/logo-1.jpg","contentUrl":"https:\/\/www.ecinews.fr\/wp-content\/uploads\/2022\/02\/logo-1.jpg","width":283,"height":113,"caption":"EENewsEurope"},"image":{"@id":"https:\/\/www.eenewseurope.com\/en\/#\/schema\/logo\/image\/"}}]}},"_links":{"self":[{"href":"https:\/\/www.ecinews.fr\/fr\/wp-json\/wp\/v2\/white_papers\/27474"}],"collection":[{"href":"https:\/\/www.ecinews.fr\/fr\/wp-json\/wp\/v2\/white_papers"}],"about":[{"href":"https:\/\/www.ecinews.fr\/fr\/wp-json\/wp\/v2\/types\/white_papers"}],"wp:featuredmedia":[{"embeddable":true,"href":"https:\/\/www.ecinews.fr\/fr\/wp-json\/wp\/v2\/media\/27476"}],"wp:attachment":[{"href":"https:\/\/www.ecinews.fr\/fr\/wp-json\/wp\/v2\/media?parent=27474"}],"wp:term":[{"taxonomy":"post_tag","embeddable":true,"href":"https:\/\/www.ecinews.fr\/fr\/wp-json\/wp\/v2\/tags?post=27474"},{"taxonomy":"company","embeddable":true,"href":"https:\/\/www.ecinews.fr\/fr\/wp-json\/wp\/v2\/company?post=27474"},{"taxonomy":"wp_category","embeddable":true,"href":"https:\/\/www.ecinews.fr\/fr\/wp-json\/wp\/v2\/wp_category?post=27474"},{"taxonomy":"author","embeddable":true,"href":"https:\/\/www.ecinews.fr\/fr\/wp-json\/wp\/v2\/ppma_author?post=27474"}],"curies":[{"name":"wp","href":"https:\/\/api.w.org\/{rel}","templated":true}]}}