{"id":27305,"date":"2013-02-21T23:00:00","date_gmt":"2013-02-21T23:00:00","guid":{"rendered":"https:\/\/\/white_papers\/lecran-tactile-pct-au-coeur-dun-systeme-de-transport-ecologique\/"},"modified":"2022-01-26T15:21:40","modified_gmt":"2022-01-26T15:21:40","slug":"lecran-tactile-pct-au-coeur-dun-systeme-de-transport-ecologique","status":"publish","type":"white_papers","link":"https:\/\/www.ecinews.fr\/fr\/white_papers\/lecran-tactile-pct-au-coeur-dun-systeme-de-transport-ecologique\/","title":{"rendered":"L&rsquo;\u00e9cran tactile PCT au coeur d&rsquo;un syst\u00e8me de transport \u00e9cologique"},"content":{"rendered":"","protected":false},"excerpt":{"rendered":"<p>Une fois encore, les \u00e9crans tactiles bas\u00e9s sur la technologie PCT (Projected Capacitive Technology, ou technologie capacitive projet\u00e9e) propre \u00e0 Zytronic, contribuent au d\u00e9veloppement durable. La soci\u00e9t\u00e9 a confirm\u00e9 que, gr\u00e2ce \u00e0 son partenaire distributeur fran\u00e7ais Eurocomposant, ses capteurs tactiles avaient \u00e9t\u00e9 retenus pour les interfaces utilisateur des stations de location de voitures \u00e9lectriques Autolib d&rsquo;IER, actuellement en cours de d\u00e9ploiement \u00e0 Paris et dans 46 villes de la r\u00e9gion Ile-de-France.<\/p>\n","protected":false},"featured_media":27307,"template":"","tags":[],"company":[],"wp_category":[],"ppma_author":[1149],"class_list":["post-27305","white_papers","type-white_papers","status-publish","has-post-thumbnail","hentry"],"acf":[],"yoast_head":"<title>L&#039;\u00e9cran tactile PCT au coeur d&#039;un syst\u00e8me de transport \u00e9colo...<\/title>\n<meta name=\"description\" content=\"Une fois encore, les \u00e9crans tactiles bas\u00e9s sur la technologie PCT (Projected Capacitive Technology, ou technologie capacitive projet\u00e9e) propre \u00e0...\" \/>\n<meta name=\"robots\" content=\"index, follow, max-snippet:-1, max-image-preview:large, max-video-preview:-1\" \/>\n<link rel=\"canonical\" href=\"https:\/\/www.ecinews.fr\/fr\/wp-json\/wp\/v2\/white_papers\/27305\/\" \/>\n<meta property=\"og:locale\" content=\"fr_FR\" \/>\n<meta property=\"og:type\" content=\"article\" \/>\n<meta property=\"og:title\" content=\"L&#039;\u00e9cran tactile PCT au coeur d&#039;un syst\u00e8me de transport \u00e9cologique\" \/>\n<meta property=\"og:description\" content=\"Une fois encore, les \u00e9crans tactiles bas\u00e9s sur la technologie PCT (Projected Capacitive Technology, ou technologie capacitive projet\u00e9e) propre \u00e0 Zytronic, contribuent au d\u00e9veloppement durable. La soci\u00e9t\u00e9 a confirm\u00e9 que, gr\u00e2ce \u00e0 son partenaire distributeur fran\u00e7ais Eurocomposant, ses capteurs tactiles avaient \u00e9t\u00e9 retenus pour les interfaces utilisateur des stations de location de voitures \u00e9lectriques Autolib d&#039;IER, actuellement en cours de d\u00e9ploiement \u00e0 Paris et dans 46 villes de la r\u00e9gion Ile-de-France.\" \/>\n<meta property=\"og:url\" content=\"https:\/\/www.ecinews.fr\/fr\/wp-json\/wp\/v2\/white_papers\/27305\/\" \/>\n<meta property=\"og:site_name\" content=\"EENewsEurope\" \/>\n<meta property=\"article:modified_time\" content=\"2022-01-26T15:21:40+00:00\" \/>\n<meta property=\"og:image\" content=\"https:\/\/www.ecinews.fr\/wp-content\/uploads\/import\/default\/files\/import\/eci3590_zytronic.jpg\" \/>\n\t<meta property=\"og:image:width\" content=\"1624\" \/>\n\t<meta property=\"og:image:height\" content=\"2188\" \/>\n\t<meta property=\"og:image:type\" content=\"image\/jpeg\" \/>\n<meta name=\"twitter:card\" content=\"summary_large_image\" \/>\n<script type=\"application\/ld+json\" class=\"yoast-schema-graph\">{\"@context\":\"https:\/\/schema.org\",\"@graph\":[{\"@type\":\"WebPage\",\"@id\":\"https:\/\/www.ecinews.fr\/fr\/white_papers\/lecran-tactile-pct-au-coeur-dun-systeme-de-transport-ecologique\/\",\"url\":\"https:\/\/www.ecinews.fr\/fr\/white_papers\/lecran-tactile-pct-au-coeur-dun-systeme-de-transport-ecologique\/\",\"name\":\"L'\u00e9cran tactile PCT au coeur d'un syst\u00e8me de transport \u00e9cologique -\",\"isPartOf\":{\"@id\":\"https:\/\/www.eenewseurope.com\/en\/#website\"},\"datePublished\":\"2013-02-21T23:00:00+00:00\",\"dateModified\":\"2022-01-26T15:21:40+00:00\",\"breadcrumb\":{\"@id\":\"https:\/\/www.ecinews.fr\/fr\/white_papers\/lecran-tactile-pct-au-coeur-dun-systeme-de-transport-ecologique\/#breadcrumb\"},\"inLanguage\":\"fr-FR\",\"potentialAction\":[{\"@type\":\"ReadAction\",\"target\":[\"https:\/\/www.ecinews.fr\/fr\/white_papers\/lecran-tactile-pct-au-coeur-dun-systeme-de-transport-ecologique\/\"]}]},{\"@type\":\"BreadcrumbList\",\"@id\":\"https:\/\/www.ecinews.fr\/fr\/white_papers\/lecran-tactile-pct-au-coeur-dun-systeme-de-transport-ecologique\/#breadcrumb\",\"itemListElement\":[{\"@type\":\"ListItem\",\"position\":1,\"name\":\"Home\",\"item\":\"https:\/\/www.ecinews.fr\/fr\/\"},{\"@type\":\"ListItem\",\"position\":2,\"name\":\"L&rsquo;\u00e9cran tactile PCT au coeur d&rsquo;un syst\u00e8me de transport \u00e9cologique\"}]},{\"@type\":\"WebSite\",\"@id\":\"https:\/\/www.eenewseurope.com\/en\/#website\",\"url\":\"https:\/\/www.eenewseurope.com\/en\/\",\"name\":\"EENewsEurope\",\"description\":\"Just another WordPress site\",\"publisher\":{\"@id\":\"https:\/\/www.eenewseurope.com\/en\/#organization\"},\"potentialAction\":[{\"@type\":\"SearchAction\",\"target\":{\"@type\":\"EntryPoint\",\"urlTemplate\":\"https:\/\/www.eenewseurope.com\/en\/?s={search_term_string}\"},\"query-input\":\"required name=search_term_string\"}],\"inLanguage\":\"fr-FR\"},{\"@type\":\"Organization\",\"@id\":\"https:\/\/www.eenewseurope.com\/en\/#organization\",\"name\":\"EENewsEurope\",\"url\":\"https:\/\/www.eenewseurope.com\/en\/\",\"logo\":{\"@type\":\"ImageObject\",\"inLanguage\":\"fr-FR\",\"@id\":\"https:\/\/www.eenewseurope.com\/en\/#\/schema\/logo\/image\/\",\"url\":\"https:\/\/www.ecinews.fr\/wp-content\/uploads\/2022\/02\/logo-1.jpg\",\"contentUrl\":\"https:\/\/www.ecinews.fr\/wp-content\/uploads\/2022\/02\/logo-1.jpg\",\"width\":283,\"height\":113,\"caption\":\"EENewsEurope\"},\"image\":{\"@id\":\"https:\/\/www.eenewseurope.com\/en\/#\/schema\/logo\/image\/\"}}]}<\/script>","yoast_head_json":{"title":"L'\u00e9cran tactile PCT au coeur d'un syst\u00e8me de transport \u00e9colo...","description":"Une fois encore, les \u00e9crans tactiles bas\u00e9s sur la technologie PCT (Projected Capacitive Technology, ou technologie capacitive projet\u00e9e) propre \u00e0...","robots":{"index":"index","follow":"follow","max-snippet":"max-snippet:-1","max-image-preview":"max-image-preview:large","max-video-preview":"max-video-preview:-1"},"canonical":"https:\/\/www.ecinews.fr\/fr\/wp-json\/wp\/v2\/white_papers\/27305\/","og_locale":"fr_FR","og_type":"article","og_title":"L'\u00e9cran tactile PCT au coeur d'un syst\u00e8me de transport \u00e9cologique","og_description":"Une fois encore, les \u00e9crans tactiles bas\u00e9s sur la technologie PCT (Projected Capacitive Technology, ou technologie capacitive projet\u00e9e) propre \u00e0 Zytronic, contribuent au d\u00e9veloppement durable. La soci\u00e9t\u00e9 a confirm\u00e9 que, gr\u00e2ce \u00e0 son partenaire distributeur fran\u00e7ais Eurocomposant, ses capteurs tactiles avaient \u00e9t\u00e9 retenus pour les interfaces utilisateur des stations de location de voitures \u00e9lectriques Autolib d'IER, actuellement en cours de d\u00e9ploiement \u00e0 Paris et dans 46 villes de la r\u00e9gion Ile-de-France.","og_url":"https:\/\/www.ecinews.fr\/fr\/wp-json\/wp\/v2\/white_papers\/27305\/","og_site_name":"EENewsEurope","article_modified_time":"2022-01-26T15:21:40+00:00","og_image":[{"width":1624,"height":2188,"url":"https:\/\/www.ecinews.fr\/wp-content\/uploads\/import\/default\/files\/import\/eci3590_zytronic.jpg","type":"image\/jpeg"}],"twitter_card":"summary_large_image","schema":{"@context":"https:\/\/schema.org","@graph":[{"@type":"WebPage","@id":"https:\/\/www.ecinews.fr\/fr\/white_papers\/lecran-tactile-pct-au-coeur-dun-systeme-de-transport-ecologique\/","url":"https:\/\/www.ecinews.fr\/fr\/white_papers\/lecran-tactile-pct-au-coeur-dun-systeme-de-transport-ecologique\/","name":"L'\u00e9cran tactile PCT au coeur d'un syst\u00e8me de transport \u00e9cologique -","isPartOf":{"@id":"https:\/\/www.eenewseurope.com\/en\/#website"},"datePublished":"2013-02-21T23:00:00+00:00","dateModified":"2022-01-26T15:21:40+00:00","breadcrumb":{"@id":"https:\/\/www.ecinews.fr\/fr\/white_papers\/lecran-tactile-pct-au-coeur-dun-systeme-de-transport-ecologique\/#breadcrumb"},"inLanguage":"fr-FR","potentialAction":[{"@type":"ReadAction","target":["https:\/\/www.ecinews.fr\/fr\/white_papers\/lecran-tactile-pct-au-coeur-dun-systeme-de-transport-ecologique\/"]}]},{"@type":"BreadcrumbList","@id":"https:\/\/www.ecinews.fr\/fr\/white_papers\/lecran-tactile-pct-au-coeur-dun-systeme-de-transport-ecologique\/#breadcrumb","itemListElement":[{"@type":"ListItem","position":1,"name":"Home","item":"https:\/\/www.ecinews.fr\/fr\/"},{"@type":"ListItem","position":2,"name":"L&rsquo;\u00e9cran tactile PCT au coeur d&rsquo;un syst\u00e8me de transport \u00e9cologique"}]},{"@type":"WebSite","@id":"https:\/\/www.eenewseurope.com\/en\/#website","url":"https:\/\/www.eenewseurope.com\/en\/","name":"EENewsEurope","description":"Just another WordPress site","publisher":{"@id":"https:\/\/www.eenewseurope.com\/en\/#organization"},"potentialAction":[{"@type":"SearchAction","target":{"@type":"EntryPoint","urlTemplate":"https:\/\/www.eenewseurope.com\/en\/?s={search_term_string}"},"query-input":"required name=search_term_string"}],"inLanguage":"fr-FR"},{"@type":"Organization","@id":"https:\/\/www.eenewseurope.com\/en\/#organization","name":"EENewsEurope","url":"https:\/\/www.eenewseurope.com\/en\/","logo":{"@type":"ImageObject","inLanguage":"fr-FR","@id":"https:\/\/www.eenewseurope.com\/en\/#\/schema\/logo\/image\/","url":"https:\/\/www.ecinews.fr\/wp-content\/uploads\/2022\/02\/logo-1.jpg","contentUrl":"https:\/\/www.ecinews.fr\/wp-content\/uploads\/2022\/02\/logo-1.jpg","width":283,"height":113,"caption":"EENewsEurope"},"image":{"@id":"https:\/\/www.eenewseurope.com\/en\/#\/schema\/logo\/image\/"}}]}},"_links":{"self":[{"href":"https:\/\/www.ecinews.fr\/fr\/wp-json\/wp\/v2\/white_papers\/27305"}],"collection":[{"href":"https:\/\/www.ecinews.fr\/fr\/wp-json\/wp\/v2\/white_papers"}],"about":[{"href":"https:\/\/www.ecinews.fr\/fr\/wp-json\/wp\/v2\/types\/white_papers"}],"wp:featuredmedia":[{"embeddable":true,"href":"https:\/\/www.ecinews.fr\/fr\/wp-json\/wp\/v2\/media\/27307"}],"wp:attachment":[{"href":"https:\/\/www.ecinews.fr\/fr\/wp-json\/wp\/v2\/media?parent=27305"}],"wp:term":[{"taxonomy":"post_tag","embeddable":true,"href":"https:\/\/www.ecinews.fr\/fr\/wp-json\/wp\/v2\/tags?post=27305"},{"taxonomy":"company","embeddable":true,"href":"https:\/\/www.ecinews.fr\/fr\/wp-json\/wp\/v2\/company?post=27305"},{"taxonomy":"wp_category","embeddable":true,"href":"https:\/\/www.ecinews.fr\/fr\/wp-json\/wp\/v2\/wp_category?post=27305"},{"taxonomy":"author","embeddable":true,"href":"https:\/\/www.ecinews.fr\/fr\/wp-json\/wp\/v2\/ppma_author?post=27305"}],"curies":[{"name":"wp","href":"https:\/\/api.w.org\/{rel}","templated":true}]}}