{"id":26985,"date":"2011-07-05T22:00:00","date_gmt":"2011-07-05T22:00:00","guid":{"rendered":"https:\/\/\/white_papers\/defis-poses-par-les-batteries-dans-les-equipements-electroniques-portables\/"},"modified":"2022-01-26T15:20:55","modified_gmt":"2022-01-26T15:20:55","slug":"defis-poses-par-les-batteries-dans-les-equipements-electroniques-portables","status":"publish","type":"white_papers","link":"https:\/\/www.ecinews.fr\/fr\/white_papers\/defis-poses-par-les-batteries-dans-les-equipements-electroniques-portables\/","title":{"rendered":"D\u00e9fis pos\u00e9s par les batteries dans les \u00e9quipements \u00e9lectroniques portables"},"content":{"rendered":"","protected":false},"excerpt":{"rendered":"<p>Les exigences en mati\u00e8re de fonctionnalit\u00e9 et d&rsquo;autonomie constituent des d\u00e9fis permanents pour les concepteurs de produits \u00e9lectroniques portables. Les progr\u00e8s des technologies de fabrication de semiconducteurs ont permis d&rsquo;obtenir des appareils performants, malgr\u00e9 des dimensions r\u00e9duites et des prix tr\u00e8s comp\u00e9titifs. Ces progr\u00e8s ont ouvert aux appareils portables un nombre croissant de march\u00e9s, tant grand-public, que professionnels, notamment pour des applications m\u00e9dicales ou industrielles. Les g\u00e9om\u00e9tries de semiconducteurs plus fines ont impos\u00e9 l&rsquo;utilisation de tensions inf\u00e9rieures, qui permettent de simplifier les circuits d&rsquo;alimentation par batterie et permettent \u00e0 une simple pile\u00a0 alcaline (1.5V) ou lithium (3.6V) d&rsquo;assurer une autonomie confortable. Les progr\u00e8s des circuits de gestion d&rsquo;\u00e9nergie, comme les modes veille ou sommeil qui \u00e9conomisent l&rsquo;\u00e9nergie, ont \u00e9galement permis d&rsquo;am\u00e9liorer l&rsquo;autonomie \u00e0 chaque nouveau design. Les attentes des utilisateurs, cependant, vont \u00e0 l&rsquo;encontre des efforts des concepteurs pour augmenter le temps entre deux recharges ou pour le remplacement des batteries.<\/p>\n","protected":false},"featured_media":26987,"template":"","tags":[],"company":[450],"wp_category":[],"ppma_author":[1149],"class_list":["post-26985","white_papers","type-white_papers","status-publish","has-post-thumbnail","hentry","company-farnell"],"acf":[],"yoast_head":"<title>D\u00e9fis pos\u00e9s par les batteries dans les \u00e9quipements \u00e9lectron...<\/title>\n<meta name=\"description\" content=\"Les exigences en mati\u00e8re de fonctionnalit\u00e9 et d&#039;autonomie constituent des d\u00e9fis permanents pour les concepteurs de produits \u00e9lectroniques portables. Les...\" \/>\n<meta name=\"robots\" content=\"index, follow, max-snippet:-1, max-image-preview:large, max-video-preview:-1\" \/>\n<link rel=\"canonical\" href=\"https:\/\/www.ecinews.fr\/fr\/wp-json\/wp\/v2\/white_papers\/26985\/\" \/>\n<meta property=\"og:locale\" content=\"fr_FR\" \/>\n<meta property=\"og:type\" content=\"article\" \/>\n<meta property=\"og:title\" content=\"D\u00e9fis pos\u00e9s par les batteries dans les \u00e9quipements \u00e9lectroniques portables\" \/>\n<meta property=\"og:description\" content=\"Les exigences en mati\u00e8re de fonctionnalit\u00e9 et d&#039;autonomie constituent des d\u00e9fis permanents pour les concepteurs de produits \u00e9lectroniques portables. Les progr\u00e8s des technologies de fabrication de semiconducteurs ont permis d&#039;obtenir des appareils performants, malgr\u00e9 des dimensions r\u00e9duites et des prix tr\u00e8s comp\u00e9titifs. Ces progr\u00e8s ont ouvert aux appareils portables un nombre croissant de march\u00e9s, tant grand-public, que professionnels, notamment pour des applications m\u00e9dicales ou industrielles. Les g\u00e9om\u00e9tries de semiconducteurs plus fines ont impos\u00e9 l&#039;utilisation de tensions inf\u00e9rieures, qui permettent de simplifier les circuits d&#039;alimentation par batterie et permettent \u00e0 une simple pile\u00a0 alcaline (1.5V) ou lithium (3.6V) d&#039;assurer une autonomie confortable. Les progr\u00e8s des circuits de gestion d&#039;\u00e9nergie, comme les modes veille ou sommeil qui \u00e9conomisent l&#039;\u00e9nergie, ont \u00e9galement permis d&#039;am\u00e9liorer l&#039;autonomie \u00e0 chaque nouveau design. Les attentes des utilisateurs, cependant, vont \u00e0 l&#039;encontre des efforts des concepteurs pour augmenter le temps entre deux recharges ou pour le remplacement des batteries.\" \/>\n<meta property=\"og:url\" content=\"https:\/\/www.ecinews.fr\/fr\/wp-json\/wp\/v2\/white_papers\/26985\/\" \/>\n<meta property=\"og:site_name\" content=\"EENewsEurope\" \/>\n<meta property=\"article:modified_time\" content=\"2022-01-26T15:20:55+00:00\" \/>\n<meta property=\"og:image\" content=\"https:\/\/www.ecinews.fr\/wp-content\/uploads\/import\/default\/files\/import\/eci2035_farnell2.jpg\" \/>\n\t<meta property=\"og:image:width\" content=\"2132\" \/>\n\t<meta property=\"og:image:height\" content=\"1492\" \/>\n\t<meta property=\"og:image:type\" content=\"image\/jpeg\" \/>\n<meta name=\"twitter:card\" content=\"summary_large_image\" \/>\n<script type=\"application\/ld+json\" class=\"yoast-schema-graph\">{\"@context\":\"https:\/\/schema.org\",\"@graph\":[{\"@type\":\"WebPage\",\"@id\":\"https:\/\/www.ecinews.fr\/fr\/white_papers\/defis-poses-par-les-batteries-dans-les-equipements-electroniques-portables\/\",\"url\":\"https:\/\/www.ecinews.fr\/fr\/white_papers\/defis-poses-par-les-batteries-dans-les-equipements-electroniques-portables\/\",\"name\":\"D\u00e9fis pos\u00e9s par les batteries dans les \u00e9quipements \u00e9lectroniques portables -\",\"isPartOf\":{\"@id\":\"https:\/\/www.eenewseurope.com\/en\/#website\"},\"datePublished\":\"2011-07-05T22:00:00+00:00\",\"dateModified\":\"2022-01-26T15:20:55+00:00\",\"breadcrumb\":{\"@id\":\"https:\/\/www.ecinews.fr\/fr\/white_papers\/defis-poses-par-les-batteries-dans-les-equipements-electroniques-portables\/#breadcrumb\"},\"inLanguage\":\"fr-FR\",\"potentialAction\":[{\"@type\":\"ReadAction\",\"target\":[\"https:\/\/www.ecinews.fr\/fr\/white_papers\/defis-poses-par-les-batteries-dans-les-equipements-electroniques-portables\/\"]}]},{\"@type\":\"BreadcrumbList\",\"@id\":\"https:\/\/www.ecinews.fr\/fr\/white_papers\/defis-poses-par-les-batteries-dans-les-equipements-electroniques-portables\/#breadcrumb\",\"itemListElement\":[{\"@type\":\"ListItem\",\"position\":1,\"name\":\"Home\",\"item\":\"https:\/\/www.ecinews.fr\/fr\/\"},{\"@type\":\"ListItem\",\"position\":2,\"name\":\"D\u00e9fis pos\u00e9s par les batteries dans les \u00e9quipements \u00e9lectroniques portables\"}]},{\"@type\":\"WebSite\",\"@id\":\"https:\/\/www.eenewseurope.com\/en\/#website\",\"url\":\"https:\/\/www.eenewseurope.com\/en\/\",\"name\":\"EENewsEurope\",\"description\":\"Just another WordPress site\",\"publisher\":{\"@id\":\"https:\/\/www.eenewseurope.com\/en\/#organization\"},\"potentialAction\":[{\"@type\":\"SearchAction\",\"target\":{\"@type\":\"EntryPoint\",\"urlTemplate\":\"https:\/\/www.eenewseurope.com\/en\/?s={search_term_string}\"},\"query-input\":\"required name=search_term_string\"}],\"inLanguage\":\"fr-FR\"},{\"@type\":\"Organization\",\"@id\":\"https:\/\/www.eenewseurope.com\/en\/#organization\",\"name\":\"EENewsEurope\",\"url\":\"https:\/\/www.eenewseurope.com\/en\/\",\"logo\":{\"@type\":\"ImageObject\",\"inLanguage\":\"fr-FR\",\"@id\":\"https:\/\/www.eenewseurope.com\/en\/#\/schema\/logo\/image\/\",\"url\":\"https:\/\/www.ecinews.fr\/wp-content\/uploads\/2022\/02\/logo-1.jpg\",\"contentUrl\":\"https:\/\/www.ecinews.fr\/wp-content\/uploads\/2022\/02\/logo-1.jpg\",\"width\":283,\"height\":113,\"caption\":\"EENewsEurope\"},\"image\":{\"@id\":\"https:\/\/www.eenewseurope.com\/en\/#\/schema\/logo\/image\/\"}}]}<\/script>","yoast_head_json":{"title":"D\u00e9fis pos\u00e9s par les batteries dans les \u00e9quipements \u00e9lectron...","description":"Les exigences en mati\u00e8re de fonctionnalit\u00e9 et d'autonomie constituent des d\u00e9fis permanents pour les concepteurs de produits \u00e9lectroniques portables. Les...","robots":{"index":"index","follow":"follow","max-snippet":"max-snippet:-1","max-image-preview":"max-image-preview:large","max-video-preview":"max-video-preview:-1"},"canonical":"https:\/\/www.ecinews.fr\/fr\/wp-json\/wp\/v2\/white_papers\/26985\/","og_locale":"fr_FR","og_type":"article","og_title":"D\u00e9fis pos\u00e9s par les batteries dans les \u00e9quipements \u00e9lectroniques portables","og_description":"Les exigences en mati\u00e8re de fonctionnalit\u00e9 et d'autonomie constituent des d\u00e9fis permanents pour les concepteurs de produits \u00e9lectroniques portables. Les progr\u00e8s des technologies de fabrication de semiconducteurs ont permis d'obtenir des appareils performants, malgr\u00e9 des dimensions r\u00e9duites et des prix tr\u00e8s comp\u00e9titifs. Ces progr\u00e8s ont ouvert aux appareils portables un nombre croissant de march\u00e9s, tant grand-public, que professionnels, notamment pour des applications m\u00e9dicales ou industrielles. Les g\u00e9om\u00e9tries de semiconducteurs plus fines ont impos\u00e9 l'utilisation de tensions inf\u00e9rieures, qui permettent de simplifier les circuits d'alimentation par batterie et permettent \u00e0 une simple pile\u00a0 alcaline (1.5V) ou lithium (3.6V) d'assurer une autonomie confortable. Les progr\u00e8s des circuits de gestion d'\u00e9nergie, comme les modes veille ou sommeil qui \u00e9conomisent l'\u00e9nergie, ont \u00e9galement permis d'am\u00e9liorer l'autonomie \u00e0 chaque nouveau design. Les attentes des utilisateurs, cependant, vont \u00e0 l'encontre des efforts des concepteurs pour augmenter le temps entre deux recharges ou pour le remplacement des batteries.","og_url":"https:\/\/www.ecinews.fr\/fr\/wp-json\/wp\/v2\/white_papers\/26985\/","og_site_name":"EENewsEurope","article_modified_time":"2022-01-26T15:20:55+00:00","og_image":[{"width":2132,"height":1492,"url":"https:\/\/www.ecinews.fr\/wp-content\/uploads\/import\/default\/files\/import\/eci2035_farnell2.jpg","type":"image\/jpeg"}],"twitter_card":"summary_large_image","schema":{"@context":"https:\/\/schema.org","@graph":[{"@type":"WebPage","@id":"https:\/\/www.ecinews.fr\/fr\/white_papers\/defis-poses-par-les-batteries-dans-les-equipements-electroniques-portables\/","url":"https:\/\/www.ecinews.fr\/fr\/white_papers\/defis-poses-par-les-batteries-dans-les-equipements-electroniques-portables\/","name":"D\u00e9fis pos\u00e9s par les batteries dans les \u00e9quipements \u00e9lectroniques portables -","isPartOf":{"@id":"https:\/\/www.eenewseurope.com\/en\/#website"},"datePublished":"2011-07-05T22:00:00+00:00","dateModified":"2022-01-26T15:20:55+00:00","breadcrumb":{"@id":"https:\/\/www.ecinews.fr\/fr\/white_papers\/defis-poses-par-les-batteries-dans-les-equipements-electroniques-portables\/#breadcrumb"},"inLanguage":"fr-FR","potentialAction":[{"@type":"ReadAction","target":["https:\/\/www.ecinews.fr\/fr\/white_papers\/defis-poses-par-les-batteries-dans-les-equipements-electroniques-portables\/"]}]},{"@type":"BreadcrumbList","@id":"https:\/\/www.ecinews.fr\/fr\/white_papers\/defis-poses-par-les-batteries-dans-les-equipements-electroniques-portables\/#breadcrumb","itemListElement":[{"@type":"ListItem","position":1,"name":"Home","item":"https:\/\/www.ecinews.fr\/fr\/"},{"@type":"ListItem","position":2,"name":"D\u00e9fis pos\u00e9s par les batteries dans les \u00e9quipements \u00e9lectroniques portables"}]},{"@type":"WebSite","@id":"https:\/\/www.eenewseurope.com\/en\/#website","url":"https:\/\/www.eenewseurope.com\/en\/","name":"EENewsEurope","description":"Just another WordPress site","publisher":{"@id":"https:\/\/www.eenewseurope.com\/en\/#organization"},"potentialAction":[{"@type":"SearchAction","target":{"@type":"EntryPoint","urlTemplate":"https:\/\/www.eenewseurope.com\/en\/?s={search_term_string}"},"query-input":"required name=search_term_string"}],"inLanguage":"fr-FR"},{"@type":"Organization","@id":"https:\/\/www.eenewseurope.com\/en\/#organization","name":"EENewsEurope","url":"https:\/\/www.eenewseurope.com\/en\/","logo":{"@type":"ImageObject","inLanguage":"fr-FR","@id":"https:\/\/www.eenewseurope.com\/en\/#\/schema\/logo\/image\/","url":"https:\/\/www.ecinews.fr\/wp-content\/uploads\/2022\/02\/logo-1.jpg","contentUrl":"https:\/\/www.ecinews.fr\/wp-content\/uploads\/2022\/02\/logo-1.jpg","width":283,"height":113,"caption":"EENewsEurope"},"image":{"@id":"https:\/\/www.eenewseurope.com\/en\/#\/schema\/logo\/image\/"}}]}},"_links":{"self":[{"href":"https:\/\/www.ecinews.fr\/fr\/wp-json\/wp\/v2\/white_papers\/26985"}],"collection":[{"href":"https:\/\/www.ecinews.fr\/fr\/wp-json\/wp\/v2\/white_papers"}],"about":[{"href":"https:\/\/www.ecinews.fr\/fr\/wp-json\/wp\/v2\/types\/white_papers"}],"wp:featuredmedia":[{"embeddable":true,"href":"https:\/\/www.ecinews.fr\/fr\/wp-json\/wp\/v2\/media\/26987"}],"wp:attachment":[{"href":"https:\/\/www.ecinews.fr\/fr\/wp-json\/wp\/v2\/media?parent=26985"}],"wp:term":[{"taxonomy":"post_tag","embeddable":true,"href":"https:\/\/www.ecinews.fr\/fr\/wp-json\/wp\/v2\/tags?post=26985"},{"taxonomy":"company","embeddable":true,"href":"https:\/\/www.ecinews.fr\/fr\/wp-json\/wp\/v2\/company?post=26985"},{"taxonomy":"wp_category","embeddable":true,"href":"https:\/\/www.ecinews.fr\/fr\/wp-json\/wp\/v2\/wp_category?post=26985"},{"taxonomy":"author","embeddable":true,"href":"https:\/\/www.ecinews.fr\/fr\/wp-json\/wp\/v2\/ppma_author?post=26985"}],"curies":[{"name":"wp","href":"https:\/\/api.w.org\/{rel}","templated":true}]}}