{"id":26975,"date":"2011-06-23T22:00:00","date_gmt":"2011-06-23T22:00:00","guid":{"rendered":"https:\/\/\/white_papers\/la-mesure-clef-de-la-consommation-energetique-industrielle\/"},"modified":"2022-01-26T15:20:53","modified_gmt":"2022-01-26T15:20:53","slug":"la-mesure-clef-de-la-consommation-energetique-industrielle","status":"publish","type":"white_papers","link":"https:\/\/www.ecinews.fr\/fr\/white_papers\/la-mesure-clef-de-la-consommation-energetique-industrielle\/","title":{"rendered":"La mesure, clef de la consommation \u00e9nerg\u00e9tique industrielle !"},"content":{"rendered":"","protected":false},"excerpt":{"rendered":"<p>Aujourd&rsquo;hui plus que jamais, l&rsquo;efficacit\u00e9 \u00e9nerg\u00e9tique est un th\u00e8me pr\u00e9sent dans tous les d\u00e9bats, que ce soit sur le plan priv\u00e9, en entreprise ou au niveau gouvernemental. Nous sommes tous largement conscients de probl\u00e8mes tels que les changements climatiques ou la pollution g\u00e9n\u00e9r\u00e9e par les \u00e9nergies fossiles ainsi que par la n\u00e9cessit\u00e9 de r\u00e9duire notre empreinte \u00e9cologique. Mais au-del\u00e0 m\u00eame de cette pr\u00e9occupation \u00e9cologique, le co\u00fbt de l&rsquo;\u00e9nergie \u00e0 lui seul, continuellement \u00e0 la hausse, attire l&rsquo;attention. En effet, ces derni\u00e8res ann\u00e9es, les tarifs de l&rsquo;\u00e9lectricit\u00e9 se sont envol\u00e9s et ont connu une augmentation moyenne de 5 \u00e0 10 % par an. Or de nombreux processus industriels ont \u00e9t\u00e9 mis en place \u00e0 une \u00e9poque o\u00f9 l&rsquo;on n&rsquo;incitait pas encore les entreprises \u00e0 \u00eatre aussi \u00a0\u00bb vertes \u00a0\u00bb que possibles, ni \u00e0 tirer le maximum de valeur possible de chaque unit\u00e9 \u00e9nerg\u00e9tique consomm\u00e9e.<\/p>\n","protected":false},"featured_media":26977,"template":"","tags":[],"company":[],"wp_category":[],"ppma_author":[1149],"class_list":["post-26975","white_papers","type-white_papers","status-publish","has-post-thumbnail","hentry"],"acf":[],"yoast_head":"<title>La mesure, clef de la consommation \u00e9nerg\u00e9tique industrielle ! ...<\/title>\n<meta name=\"description\" content=\"Aujourd&#039;hui plus que jamais, l&#039;efficacit\u00e9 \u00e9nerg\u00e9tique est un th\u00e8me pr\u00e9sent dans tous les d\u00e9bats, que ce soit sur le plan priv\u00e9, en entreprise ou au...\" \/>\n<meta name=\"robots\" content=\"index, follow, max-snippet:-1, max-image-preview:large, max-video-preview:-1\" \/>\n<link rel=\"canonical\" href=\"https:\/\/www.ecinews.fr\/fr\/wp-json\/wp\/v2\/white_papers\/26975\/\" \/>\n<meta property=\"og:locale\" content=\"fr_FR\" \/>\n<meta property=\"og:type\" content=\"article\" \/>\n<meta property=\"og:title\" content=\"La mesure, clef de la consommation \u00e9nerg\u00e9tique industrielle !\" \/>\n<meta property=\"og:description\" content=\"Aujourd&#039;hui plus que jamais, l&#039;efficacit\u00e9 \u00e9nerg\u00e9tique est un th\u00e8me pr\u00e9sent dans tous les d\u00e9bats, que ce soit sur le plan priv\u00e9, en entreprise ou au niveau gouvernemental. Nous sommes tous largement conscients de probl\u00e8mes tels que les changements climatiques ou la pollution g\u00e9n\u00e9r\u00e9e par les \u00e9nergies fossiles ainsi que par la n\u00e9cessit\u00e9 de r\u00e9duire notre empreinte \u00e9cologique. Mais au-del\u00e0 m\u00eame de cette pr\u00e9occupation \u00e9cologique, le co\u00fbt de l&#039;\u00e9nergie \u00e0 lui seul, continuellement \u00e0 la hausse, attire l&#039;attention. En effet, ces derni\u00e8res ann\u00e9es, les tarifs de l&#039;\u00e9lectricit\u00e9 se sont envol\u00e9s et ont connu une augmentation moyenne de 5 \u00e0 10 % par an. Or de nombreux processus industriels ont \u00e9t\u00e9 mis en place \u00e0 une \u00e9poque o\u00f9 l&#039;on n&#039;incitait pas encore les entreprises \u00e0 \u00eatre aussi &quot; vertes &quot; que possibles, ni \u00e0 tirer le maximum de valeur possible de chaque unit\u00e9 \u00e9nerg\u00e9tique consomm\u00e9e.\" \/>\n<meta property=\"og:url\" content=\"https:\/\/www.ecinews.fr\/fr\/wp-json\/wp\/v2\/white_papers\/26975\/\" \/>\n<meta property=\"og:site_name\" content=\"EENewsEurope\" \/>\n<meta property=\"article:modified_time\" content=\"2022-01-26T15:20:53+00:00\" \/>\n<meta property=\"og:image\" content=\"https:\/\/www.ecinews.fr\/wp-content\/uploads\/import\/default\/files\/import\/eci1940_lem-1024x731.jpg\" \/>\n\t<meta property=\"og:image:width\" content=\"1024\" \/>\n\t<meta property=\"og:image:height\" content=\"731\" \/>\n\t<meta property=\"og:image:type\" content=\"image\/jpeg\" \/>\n<meta name=\"twitter:card\" content=\"summary_large_image\" \/>\n<script type=\"application\/ld+json\" class=\"yoast-schema-graph\">{\"@context\":\"https:\/\/schema.org\",\"@graph\":[{\"@type\":\"WebPage\",\"@id\":\"https:\/\/www.ecinews.fr\/fr\/white_papers\/la-mesure-clef-de-la-consommation-energetique-industrielle\/\",\"url\":\"https:\/\/www.ecinews.fr\/fr\/white_papers\/la-mesure-clef-de-la-consommation-energetique-industrielle\/\",\"name\":\"La mesure, clef de la consommation \u00e9nerg\u00e9tique industrielle ! -\",\"isPartOf\":{\"@id\":\"https:\/\/www.eenewseurope.com\/en\/#website\"},\"datePublished\":\"2011-06-23T22:00:00+00:00\",\"dateModified\":\"2022-01-26T15:20:53+00:00\",\"breadcrumb\":{\"@id\":\"https:\/\/www.ecinews.fr\/fr\/white_papers\/la-mesure-clef-de-la-consommation-energetique-industrielle\/#breadcrumb\"},\"inLanguage\":\"fr-FR\",\"potentialAction\":[{\"@type\":\"ReadAction\",\"target\":[\"https:\/\/www.ecinews.fr\/fr\/white_papers\/la-mesure-clef-de-la-consommation-energetique-industrielle\/\"]}]},{\"@type\":\"BreadcrumbList\",\"@id\":\"https:\/\/www.ecinews.fr\/fr\/white_papers\/la-mesure-clef-de-la-consommation-energetique-industrielle\/#breadcrumb\",\"itemListElement\":[{\"@type\":\"ListItem\",\"position\":1,\"name\":\"Home\",\"item\":\"https:\/\/www.ecinews.fr\/fr\/\"},{\"@type\":\"ListItem\",\"position\":2,\"name\":\"La mesure, clef de la consommation \u00e9nerg\u00e9tique industrielle !\"}]},{\"@type\":\"WebSite\",\"@id\":\"https:\/\/www.eenewseurope.com\/en\/#website\",\"url\":\"https:\/\/www.eenewseurope.com\/en\/\",\"name\":\"EENewsEurope\",\"description\":\"Just another WordPress site\",\"publisher\":{\"@id\":\"https:\/\/www.eenewseurope.com\/en\/#organization\"},\"potentialAction\":[{\"@type\":\"SearchAction\",\"target\":{\"@type\":\"EntryPoint\",\"urlTemplate\":\"https:\/\/www.eenewseurope.com\/en\/?s={search_term_string}\"},\"query-input\":\"required name=search_term_string\"}],\"inLanguage\":\"fr-FR\"},{\"@type\":\"Organization\",\"@id\":\"https:\/\/www.eenewseurope.com\/en\/#organization\",\"name\":\"EENewsEurope\",\"url\":\"https:\/\/www.eenewseurope.com\/en\/\",\"logo\":{\"@type\":\"ImageObject\",\"inLanguage\":\"fr-FR\",\"@id\":\"https:\/\/www.eenewseurope.com\/en\/#\/schema\/logo\/image\/\",\"url\":\"https:\/\/www.ecinews.fr\/wp-content\/uploads\/2022\/02\/logo-1.jpg\",\"contentUrl\":\"https:\/\/www.ecinews.fr\/wp-content\/uploads\/2022\/02\/logo-1.jpg\",\"width\":283,\"height\":113,\"caption\":\"EENewsEurope\"},\"image\":{\"@id\":\"https:\/\/www.eenewseurope.com\/en\/#\/schema\/logo\/image\/\"}}]}<\/script>","yoast_head_json":{"title":"La mesure, clef de la consommation \u00e9nerg\u00e9tique industrielle ! ...","description":"Aujourd'hui plus que jamais, l'efficacit\u00e9 \u00e9nerg\u00e9tique est un th\u00e8me pr\u00e9sent dans tous les d\u00e9bats, que ce soit sur le plan priv\u00e9, en entreprise ou au...","robots":{"index":"index","follow":"follow","max-snippet":"max-snippet:-1","max-image-preview":"max-image-preview:large","max-video-preview":"max-video-preview:-1"},"canonical":"https:\/\/www.ecinews.fr\/fr\/wp-json\/wp\/v2\/white_papers\/26975\/","og_locale":"fr_FR","og_type":"article","og_title":"La mesure, clef de la consommation \u00e9nerg\u00e9tique industrielle !","og_description":"Aujourd'hui plus que jamais, l'efficacit\u00e9 \u00e9nerg\u00e9tique est un th\u00e8me pr\u00e9sent dans tous les d\u00e9bats, que ce soit sur le plan priv\u00e9, en entreprise ou au niveau gouvernemental. Nous sommes tous largement conscients de probl\u00e8mes tels que les changements climatiques ou la pollution g\u00e9n\u00e9r\u00e9e par les \u00e9nergies fossiles ainsi que par la n\u00e9cessit\u00e9 de r\u00e9duire notre empreinte \u00e9cologique. Mais au-del\u00e0 m\u00eame de cette pr\u00e9occupation \u00e9cologique, le co\u00fbt de l'\u00e9nergie \u00e0 lui seul, continuellement \u00e0 la hausse, attire l'attention. En effet, ces derni\u00e8res ann\u00e9es, les tarifs de l'\u00e9lectricit\u00e9 se sont envol\u00e9s et ont connu une augmentation moyenne de 5 \u00e0 10 % par an. Or de nombreux processus industriels ont \u00e9t\u00e9 mis en place \u00e0 une \u00e9poque o\u00f9 l'on n'incitait pas encore les entreprises \u00e0 \u00eatre aussi \" vertes \" que possibles, ni \u00e0 tirer le maximum de valeur possible de chaque unit\u00e9 \u00e9nerg\u00e9tique consomm\u00e9e.","og_url":"https:\/\/www.ecinews.fr\/fr\/wp-json\/wp\/v2\/white_papers\/26975\/","og_site_name":"EENewsEurope","article_modified_time":"2022-01-26T15:20:53+00:00","og_image":[{"width":1024,"height":731,"url":"https:\/\/www.ecinews.fr\/wp-content\/uploads\/import\/default\/files\/import\/eci1940_lem-1024x731.jpg","type":"image\/jpeg"}],"twitter_card":"summary_large_image","schema":{"@context":"https:\/\/schema.org","@graph":[{"@type":"WebPage","@id":"https:\/\/www.ecinews.fr\/fr\/white_papers\/la-mesure-clef-de-la-consommation-energetique-industrielle\/","url":"https:\/\/www.ecinews.fr\/fr\/white_papers\/la-mesure-clef-de-la-consommation-energetique-industrielle\/","name":"La mesure, clef de la consommation \u00e9nerg\u00e9tique industrielle ! -","isPartOf":{"@id":"https:\/\/www.eenewseurope.com\/en\/#website"},"datePublished":"2011-06-23T22:00:00+00:00","dateModified":"2022-01-26T15:20:53+00:00","breadcrumb":{"@id":"https:\/\/www.ecinews.fr\/fr\/white_papers\/la-mesure-clef-de-la-consommation-energetique-industrielle\/#breadcrumb"},"inLanguage":"fr-FR","potentialAction":[{"@type":"ReadAction","target":["https:\/\/www.ecinews.fr\/fr\/white_papers\/la-mesure-clef-de-la-consommation-energetique-industrielle\/"]}]},{"@type":"BreadcrumbList","@id":"https:\/\/www.ecinews.fr\/fr\/white_papers\/la-mesure-clef-de-la-consommation-energetique-industrielle\/#breadcrumb","itemListElement":[{"@type":"ListItem","position":1,"name":"Home","item":"https:\/\/www.ecinews.fr\/fr\/"},{"@type":"ListItem","position":2,"name":"La mesure, clef de la consommation \u00e9nerg\u00e9tique industrielle !"}]},{"@type":"WebSite","@id":"https:\/\/www.eenewseurope.com\/en\/#website","url":"https:\/\/www.eenewseurope.com\/en\/","name":"EENewsEurope","description":"Just another WordPress site","publisher":{"@id":"https:\/\/www.eenewseurope.com\/en\/#organization"},"potentialAction":[{"@type":"SearchAction","target":{"@type":"EntryPoint","urlTemplate":"https:\/\/www.eenewseurope.com\/en\/?s={search_term_string}"},"query-input":"required name=search_term_string"}],"inLanguage":"fr-FR"},{"@type":"Organization","@id":"https:\/\/www.eenewseurope.com\/en\/#organization","name":"EENewsEurope","url":"https:\/\/www.eenewseurope.com\/en\/","logo":{"@type":"ImageObject","inLanguage":"fr-FR","@id":"https:\/\/www.eenewseurope.com\/en\/#\/schema\/logo\/image\/","url":"https:\/\/www.ecinews.fr\/wp-content\/uploads\/2022\/02\/logo-1.jpg","contentUrl":"https:\/\/www.ecinews.fr\/wp-content\/uploads\/2022\/02\/logo-1.jpg","width":283,"height":113,"caption":"EENewsEurope"},"image":{"@id":"https:\/\/www.eenewseurope.com\/en\/#\/schema\/logo\/image\/"}}]}},"_links":{"self":[{"href":"https:\/\/www.ecinews.fr\/fr\/wp-json\/wp\/v2\/white_papers\/26975"}],"collection":[{"href":"https:\/\/www.ecinews.fr\/fr\/wp-json\/wp\/v2\/white_papers"}],"about":[{"href":"https:\/\/www.ecinews.fr\/fr\/wp-json\/wp\/v2\/types\/white_papers"}],"wp:featuredmedia":[{"embeddable":true,"href":"https:\/\/www.ecinews.fr\/fr\/wp-json\/wp\/v2\/media\/26977"}],"wp:attachment":[{"href":"https:\/\/www.ecinews.fr\/fr\/wp-json\/wp\/v2\/media?parent=26975"}],"wp:term":[{"taxonomy":"post_tag","embeddable":true,"href":"https:\/\/www.ecinews.fr\/fr\/wp-json\/wp\/v2\/tags?post=26975"},{"taxonomy":"company","embeddable":true,"href":"https:\/\/www.ecinews.fr\/fr\/wp-json\/wp\/v2\/company?post=26975"},{"taxonomy":"wp_category","embeddable":true,"href":"https:\/\/www.ecinews.fr\/fr\/wp-json\/wp\/v2\/wp_category?post=26975"},{"taxonomy":"author","embeddable":true,"href":"https:\/\/www.ecinews.fr\/fr\/wp-json\/wp\/v2\/ppma_author?post=26975"}],"curies":[{"name":"wp","href":"https:\/\/api.w.org\/{rel}","templated":true}]}}