{"id":26945,"date":"2011-04-19T22:00:00","date_gmt":"2011-04-19T22:00:00","guid":{"rendered":"https:\/\/\/white_papers\/utilisation-des-capacites-du-noyau-usb\/"},"modified":"2022-01-26T15:20:46","modified_gmt":"2022-01-26T15:20:46","slug":"utilisation-des-capacites-du-noyau-usb","status":"publish","type":"white_papers","link":"https:\/\/www.ecinews.fr\/fr\/white_papers\/utilisation-des-capacites-du-noyau-usb\/","title":{"rendered":"Utilisation des capacit\u00e9s du noyau USB"},"content":{"rendered":"","protected":false},"excerpt":{"rendered":"<p>L&rsquo;USB (Universal Serial Bus, ou bus s\u00e9rie universel) est consid\u00e9r\u00e9 depuis longtemps comme l&rsquo;un des piliers de l&rsquo;environnement PC, dans la mesure o\u00f9 il permet d&rsquo;interfacer des p\u00e9riph\u00e9riques, des appareils grand-public, ou des \u00e9quipements de stockage, \u00e0 un PC h\u00f4te, tout en permettant de les alimenter. Plus r\u00e9cemment, un march\u00e9 s&rsquo;est d\u00e9velopp\u00e9 au-del\u00e0 de cette sph\u00e8re, pour r\u00e9pondre \u00e0 une demande d&rsquo;int\u00e9grer des fonctionnalit\u00e9s USB \u00e0 d&rsquo;anciens syst\u00e8mes embarqu\u00e9s, pour les doter de caract\u00e9ristiques ou de fonctionnalit\u00e9s plus \u00e9volu\u00e9es.<\/p>\n","protected":false},"featured_media":26947,"template":"","tags":[],"company":[446],"wp_category":[],"ppma_author":[1149],"class_list":["post-26945","white_papers","type-white_papers","status-publish","has-post-thumbnail","hentry","company-ftdi"],"acf":[],"yoast_head":"<title>Utilisation des capacit\u00e9s du noyau USB ...<\/title>\n<meta name=\"description\" content=\"L&#039;USB (Universal Serial Bus, ou bus s\u00e9rie universel) est consid\u00e9r\u00e9 depuis longtemps comme l&#039;un des piliers de l&#039;environnement PC, dans la mesure o\u00f9 il...\" \/>\n<meta name=\"robots\" content=\"index, follow, max-snippet:-1, max-image-preview:large, max-video-preview:-1\" \/>\n<link rel=\"canonical\" href=\"https:\/\/www.ecinews.fr\/fr\/wp-json\/wp\/v2\/white_papers\/26945\/\" \/>\n<meta property=\"og:locale\" content=\"fr_FR\" \/>\n<meta property=\"og:type\" content=\"article\" \/>\n<meta property=\"og:title\" content=\"Utilisation des capacit\u00e9s du noyau USB\" \/>\n<meta property=\"og:description\" content=\"L&#039;USB (Universal Serial Bus, ou bus s\u00e9rie universel) est consid\u00e9r\u00e9 depuis longtemps comme l&#039;un des piliers de l&#039;environnement PC, dans la mesure o\u00f9 il permet d&#039;interfacer des p\u00e9riph\u00e9riques, des appareils grand-public, ou des \u00e9quipements de stockage, \u00e0 un PC h\u00f4te, tout en permettant de les alimenter. Plus r\u00e9cemment, un march\u00e9 s&#039;est d\u00e9velopp\u00e9 au-del\u00e0 de cette sph\u00e8re, pour r\u00e9pondre \u00e0 une demande d&#039;int\u00e9grer des fonctionnalit\u00e9s USB \u00e0 d&#039;anciens syst\u00e8mes embarqu\u00e9s, pour les doter de caract\u00e9ristiques ou de fonctionnalit\u00e9s plus \u00e9volu\u00e9es.\" \/>\n<meta property=\"og:url\" content=\"https:\/\/www.ecinews.fr\/fr\/wp-json\/wp\/v2\/white_papers\/26945\/\" \/>\n<meta property=\"og:site_name\" content=\"EENewsEurope\" \/>\n<meta property=\"article:modified_time\" content=\"2022-01-26T15:20:46+00:00\" \/>\n<meta property=\"og:image\" content=\"https:\/\/cdn.eenewseurope.com\/wp-content\/uploads\/import\/default\/files\/import\/eci1965_ftdi-scaled.jpg\" \/>\n\t<meta property=\"og:image:width\" content=\"2560\" \/>\n\t<meta property=\"og:image:height\" content=\"1810\" \/>\n\t<meta property=\"og:image:type\" content=\"image\/jpeg\" \/>\n<meta name=\"twitter:card\" content=\"summary_large_image\" \/>\n<script type=\"application\/ld+json\" class=\"yoast-schema-graph\">{\"@context\":\"https:\/\/schema.org\",\"@graph\":[{\"@type\":\"WebPage\",\"@id\":\"https:\/\/cdn.eenewseurope.com\/fr\/white_papers\/utilisation-des-capacites-du-noyau-usb\/\",\"url\":\"https:\/\/cdn.eenewseurope.com\/fr\/white_papers\/utilisation-des-capacites-du-noyau-usb\/\",\"name\":\"Utilisation des capacit\u00e9s du noyau USB -\",\"isPartOf\":{\"@id\":\"https:\/\/www.eenewseurope.com\/en\/#website\"},\"datePublished\":\"2011-04-19T22:00:00+00:00\",\"dateModified\":\"2022-01-26T15:20:46+00:00\",\"breadcrumb\":{\"@id\":\"https:\/\/cdn.eenewseurope.com\/fr\/white_papers\/utilisation-des-capacites-du-noyau-usb\/#breadcrumb\"},\"inLanguage\":\"fr-FR\",\"potentialAction\":[{\"@type\":\"ReadAction\",\"target\":[\"https:\/\/cdn.eenewseurope.com\/fr\/white_papers\/utilisation-des-capacites-du-noyau-usb\/\"]}]},{\"@type\":\"BreadcrumbList\",\"@id\":\"https:\/\/cdn.eenewseurope.com\/fr\/white_papers\/utilisation-des-capacites-du-noyau-usb\/#breadcrumb\",\"itemListElement\":[{\"@type\":\"ListItem\",\"position\":1,\"name\":\"Home\",\"item\":\"https:\/\/www.ecinews.fr\/fr\/\"},{\"@type\":\"ListItem\",\"position\":2,\"name\":\"Utilisation des capacit\u00e9s du noyau USB\"}]},{\"@type\":\"WebSite\",\"@id\":\"https:\/\/www.eenewseurope.com\/en\/#website\",\"url\":\"https:\/\/www.eenewseurope.com\/en\/\",\"name\":\"EENewsEurope\",\"description\":\"Just another WordPress site\",\"publisher\":{\"@id\":\"https:\/\/www.eenewseurope.com\/en\/#organization\"},\"potentialAction\":[{\"@type\":\"SearchAction\",\"target\":{\"@type\":\"EntryPoint\",\"urlTemplate\":\"https:\/\/www.eenewseurope.com\/en\/?s={search_term_string}\"},\"query-input\":\"required name=search_term_string\"}],\"inLanguage\":\"fr-FR\"},{\"@type\":\"Organization\",\"@id\":\"https:\/\/www.eenewseurope.com\/en\/#organization\",\"name\":\"EENewsEurope\",\"url\":\"https:\/\/www.eenewseurope.com\/en\/\",\"logo\":{\"@type\":\"ImageObject\",\"inLanguage\":\"fr-FR\",\"@id\":\"https:\/\/www.eenewseurope.com\/en\/#\/schema\/logo\/image\/\",\"url\":\"https:\/\/www.ecinews.fr\/wp-content\/uploads\/2022\/02\/logo-1.jpg\",\"contentUrl\":\"https:\/\/www.ecinews.fr\/wp-content\/uploads\/2022\/02\/logo-1.jpg\",\"width\":283,\"height\":113,\"caption\":\"EENewsEurope\"},\"image\":{\"@id\":\"https:\/\/www.eenewseurope.com\/en\/#\/schema\/logo\/image\/\"}}]}<\/script>","yoast_head_json":{"title":"Utilisation des capacit\u00e9s du noyau USB ...","description":"L'USB (Universal Serial Bus, ou bus s\u00e9rie universel) est consid\u00e9r\u00e9 depuis longtemps comme l'un des piliers de l'environnement PC, dans la mesure o\u00f9 il...","robots":{"index":"index","follow":"follow","max-snippet":"max-snippet:-1","max-image-preview":"max-image-preview:large","max-video-preview":"max-video-preview:-1"},"canonical":"https:\/\/www.ecinews.fr\/fr\/wp-json\/wp\/v2\/white_papers\/26945\/","og_locale":"fr_FR","og_type":"article","og_title":"Utilisation des capacit\u00e9s du noyau USB","og_description":"L'USB (Universal Serial Bus, ou bus s\u00e9rie universel) est consid\u00e9r\u00e9 depuis longtemps comme l'un des piliers de l'environnement PC, dans la mesure o\u00f9 il permet d'interfacer des p\u00e9riph\u00e9riques, des appareils grand-public, ou des \u00e9quipements de stockage, \u00e0 un PC h\u00f4te, tout en permettant de les alimenter. Plus r\u00e9cemment, un march\u00e9 s'est d\u00e9velopp\u00e9 au-del\u00e0 de cette sph\u00e8re, pour r\u00e9pondre \u00e0 une demande d'int\u00e9grer des fonctionnalit\u00e9s USB \u00e0 d'anciens syst\u00e8mes embarqu\u00e9s, pour les doter de caract\u00e9ristiques ou de fonctionnalit\u00e9s plus \u00e9volu\u00e9es.","og_url":"https:\/\/www.ecinews.fr\/fr\/wp-json\/wp\/v2\/white_papers\/26945\/","og_site_name":"EENewsEurope","article_modified_time":"2022-01-26T15:20:46+00:00","og_image":[{"width":2560,"height":1810,"url":"https:\/\/cdn.eenewseurope.com\/wp-content\/uploads\/import\/default\/files\/import\/eci1965_ftdi-scaled.jpg","type":"image\/jpeg"}],"twitter_card":"summary_large_image","schema":{"@context":"https:\/\/schema.org","@graph":[{"@type":"WebPage","@id":"https:\/\/cdn.eenewseurope.com\/fr\/white_papers\/utilisation-des-capacites-du-noyau-usb\/","url":"https:\/\/cdn.eenewseurope.com\/fr\/white_papers\/utilisation-des-capacites-du-noyau-usb\/","name":"Utilisation des capacit\u00e9s du noyau USB -","isPartOf":{"@id":"https:\/\/www.eenewseurope.com\/en\/#website"},"datePublished":"2011-04-19T22:00:00+00:00","dateModified":"2022-01-26T15:20:46+00:00","breadcrumb":{"@id":"https:\/\/cdn.eenewseurope.com\/fr\/white_papers\/utilisation-des-capacites-du-noyau-usb\/#breadcrumb"},"inLanguage":"fr-FR","potentialAction":[{"@type":"ReadAction","target":["https:\/\/cdn.eenewseurope.com\/fr\/white_papers\/utilisation-des-capacites-du-noyau-usb\/"]}]},{"@type":"BreadcrumbList","@id":"https:\/\/cdn.eenewseurope.com\/fr\/white_papers\/utilisation-des-capacites-du-noyau-usb\/#breadcrumb","itemListElement":[{"@type":"ListItem","position":1,"name":"Home","item":"https:\/\/www.ecinews.fr\/fr\/"},{"@type":"ListItem","position":2,"name":"Utilisation des capacit\u00e9s du noyau USB"}]},{"@type":"WebSite","@id":"https:\/\/www.eenewseurope.com\/en\/#website","url":"https:\/\/www.eenewseurope.com\/en\/","name":"EENewsEurope","description":"Just another WordPress site","publisher":{"@id":"https:\/\/www.eenewseurope.com\/en\/#organization"},"potentialAction":[{"@type":"SearchAction","target":{"@type":"EntryPoint","urlTemplate":"https:\/\/www.eenewseurope.com\/en\/?s={search_term_string}"},"query-input":"required name=search_term_string"}],"inLanguage":"fr-FR"},{"@type":"Organization","@id":"https:\/\/www.eenewseurope.com\/en\/#organization","name":"EENewsEurope","url":"https:\/\/www.eenewseurope.com\/en\/","logo":{"@type":"ImageObject","inLanguage":"fr-FR","@id":"https:\/\/www.eenewseurope.com\/en\/#\/schema\/logo\/image\/","url":"https:\/\/www.ecinews.fr\/wp-content\/uploads\/2022\/02\/logo-1.jpg","contentUrl":"https:\/\/www.ecinews.fr\/wp-content\/uploads\/2022\/02\/logo-1.jpg","width":283,"height":113,"caption":"EENewsEurope"},"image":{"@id":"https:\/\/www.eenewseurope.com\/en\/#\/schema\/logo\/image\/"}}]}},"_links":{"self":[{"href":"https:\/\/www.ecinews.fr\/fr\/wp-json\/wp\/v2\/white_papers\/26945"}],"collection":[{"href":"https:\/\/www.ecinews.fr\/fr\/wp-json\/wp\/v2\/white_papers"}],"about":[{"href":"https:\/\/www.ecinews.fr\/fr\/wp-json\/wp\/v2\/types\/white_papers"}],"wp:featuredmedia":[{"embeddable":true,"href":"https:\/\/www.ecinews.fr\/fr\/wp-json\/wp\/v2\/media\/26947"}],"wp:attachment":[{"href":"https:\/\/www.ecinews.fr\/fr\/wp-json\/wp\/v2\/media?parent=26945"}],"wp:term":[{"taxonomy":"post_tag","embeddable":true,"href":"https:\/\/www.ecinews.fr\/fr\/wp-json\/wp\/v2\/tags?post=26945"},{"taxonomy":"company","embeddable":true,"href":"https:\/\/www.ecinews.fr\/fr\/wp-json\/wp\/v2\/company?post=26945"},{"taxonomy":"wp_category","embeddable":true,"href":"https:\/\/www.ecinews.fr\/fr\/wp-json\/wp\/v2\/wp_category?post=26945"},{"taxonomy":"author","embeddable":true,"href":"https:\/\/www.ecinews.fr\/fr\/wp-json\/wp\/v2\/ppma_author?post=26945"}],"curies":[{"name":"wp","href":"https:\/\/api.w.org\/{rel}","templated":true}]}}