{"id":23143,"date":"2016-02-18T23:00:00","date_gmt":"2016-02-18T23:00:00","guid":{"rendered":"https:\/\/\/white_papers\/la-face-cachee-des-objets-connectes-un-point-de-vigilance-a-prendre-en-compte\/"},"modified":"2022-01-26T15:13:51","modified_gmt":"2022-01-26T15:13:51","slug":"la-face-cachee-des-objets-connectes-un-point-de-vigilance-a-prendre-en-compte","status":"publish","type":"white_papers","link":"https:\/\/www.ecinews.fr\/fr\/white_papers\/la-face-cachee-des-objets-connectes-un-point-de-vigilance-a-prendre-en-compte\/","title":{"rendered":"La face cach\u00e9e des objets connect\u00e9s : un point de vigilance \u00e0 prendre en compte"},"content":{"rendered":"","protected":false},"excerpt":{"rendered":"<p>L&rsquo;internet des objets (IoT) n&rsquo;est plus un simple effet de mode r\u00e9serv\u00e9 \u00e0 quelques Geek. Ce ph\u00e9nom\u00e8ne de soci\u00e9t\u00e9 a profond\u00e9ment transform\u00e9 nos usages et notre quotidien. Les objets connect\u00e9s vont conna\u00eetre une tr\u00e8s forte croissance sur les prochaines ann\u00e9es : d&rsquo;apr\u00e8s Gartner, le nombre d&rsquo;objets connect\u00e9s en circulation devrait passer de 4,9 milliards \u00e0 25 milliards en 2020. Si on ne peut que se r\u00e9jouir des avantages que ces objets vont offrir \u00e0 leurs utilisateurs, il faut prendre conscience que l&rsquo;utilisation accrue de l&rsquo;IoT implique de faire preuve d&rsquo;une vigilance importante.      C&rsquo;est notamment le cas des donn\u00e9es recueillies par ces objets. Le traitement et l&rsquo;utilisation de celles-ci font l&rsquo;objet d&rsquo;un grand \u00a0\u00bb flou \u00a0\u00bb qui se r\u00e9v\u00e8le \u00eatre une source de pr\u00e9occupation s\u00e9rieuse. En effet, la valeur des donn\u00e9es collect\u00e9es est un point cl\u00e9 qui peut amener \u00e0 de nombreuses d\u00e9rives. La s\u00e9curit\u00e9 des donn\u00e9es est donc strat\u00e9gique et doit \u00eatre prise au s\u00e9rieux par les utilisateurs qui doivent \u00eatre conscients de l&rsquo;usage qui peut \u00eatre fait de leurs donn\u00e9es personnelles. A ce niveau, nous pouvons d\u00e9celer deux grandes pr\u00e9occupations : l&rsquo;utilisation des donn\u00e9es \u00e0 des fins commerciales et l&rsquo;utilisation malveillante des donn\u00e9es. <\/p>\n","protected":false},"featured_media":23145,"template":"","tags":[],"company":[],"wp_category":[],"ppma_author":[1149],"class_list":["post-23143","white_papers","type-white_papers","status-publish","has-post-thumbnail","hentry"],"acf":[],"yoast_head":"<title><\/title>\n<meta name=\"description\" content=\"L&#039;internet des objets (IoT) n&#039;est plus un simple effet de mode r\u00e9serv\u00e9 \u00e0 quelques Geek. Ce ph\u00e9nom\u00e8ne de soci\u00e9t\u00e9 a profond\u00e9ment transform\u00e9 nos usages...\" \/>\n<meta name=\"robots\" content=\"index, follow, max-snippet:-1, max-image-preview:large, max-video-preview:-1\" \/>\n<link rel=\"canonical\" href=\"https:\/\/www.ecinews.fr\/fr\/wp-json\/wp\/v2\/white_papers\/23143\/\" \/>\n<meta property=\"og:locale\" content=\"fr_FR\" \/>\n<meta property=\"og:type\" content=\"article\" \/>\n<meta property=\"og:title\" content=\"La face cach\u00e9e des objets connect\u00e9s : un point de vigilance \u00e0 prendre en compte\" \/>\n<meta property=\"og:description\" content=\"L&#039;internet des objets (IoT) n&#039;est plus un simple effet de mode r\u00e9serv\u00e9 \u00e0 quelques Geek. Ce ph\u00e9nom\u00e8ne de soci\u00e9t\u00e9 a profond\u00e9ment transform\u00e9 nos usages et notre quotidien. Les objets connect\u00e9s vont conna\u00eetre une tr\u00e8s forte croissance sur les prochaines ann\u00e9es : d&#039;apr\u00e8s Gartner, le nombre d&#039;objets connect\u00e9s en circulation devrait passer de 4,9 milliards \u00e0 25 milliards en 2020. Si on ne peut que se r\u00e9jouir des avantages que ces objets vont offrir \u00e0 leurs utilisateurs, il faut prendre conscience que l&#039;utilisation accrue de l&#039;IoT implique de faire preuve d&#039;une vigilance importante.   C&#039;est notamment le cas des donn\u00e9es recueillies par ces objets. Le traitement et l&#039;utilisation de celles-ci font l&#039;objet d&#039;un grand &quot; flou &quot; qui se r\u00e9v\u00e8le \u00eatre une source de pr\u00e9occupation s\u00e9rieuse. En effet, la valeur des donn\u00e9es collect\u00e9es est un point cl\u00e9 qui peut amener \u00e0 de nombreuses d\u00e9rives. La s\u00e9curit\u00e9 des donn\u00e9es est donc strat\u00e9gique et doit \u00eatre prise au s\u00e9rieux par les utilisateurs qui doivent \u00eatre conscients de l&#039;usage qui peut \u00eatre fait de leurs donn\u00e9es personnelles. A ce niveau, nous pouvons d\u00e9celer deux grandes pr\u00e9occupations : l&#039;utilisation des donn\u00e9es \u00e0 des fins commerciales et l&#039;utilisation malveillante des donn\u00e9es.\" \/>\n<meta property=\"og:url\" content=\"https:\/\/www.ecinews.fr\/fr\/wp-json\/wp\/v2\/white_papers\/23143\/\" \/>\n<meta property=\"og:site_name\" content=\"EENewsEurope\" \/>\n<meta property=\"article:modified_time\" content=\"2022-01-26T15:13:51+00:00\" \/>\n<meta property=\"og:image\" content=\"https:\/\/test.ecinews.fr\/wp-content\/uploads\/import\/default\/files\/import\/eci5014_eolen.jpg\" \/>\n\t<meta property=\"og:image:width\" content=\"400\" \/>\n\t<meta property=\"og:image:height\" content=\"532\" \/>\n\t<meta property=\"og:image:type\" content=\"image\/jpeg\" \/>\n<meta name=\"twitter:card\" content=\"summary_large_image\" \/>\n<script type=\"application\/ld+json\" class=\"yoast-schema-graph\">{\"@context\":\"https:\/\/schema.org\",\"@graph\":[{\"@type\":\"WebPage\",\"@id\":\"https:\/\/test.ecinews.fr\/fr\/white_papers\/la-face-cachee-des-objets-connectes-un-point-de-vigilance-a-prendre-en-compte\/\",\"url\":\"https:\/\/test.ecinews.fr\/fr\/white_papers\/la-face-cachee-des-objets-connectes-un-point-de-vigilance-a-prendre-en-compte\/\",\"name\":\"La face cach\u00e9e des objets connect\u00e9s : un point de vigilance \u00e0 prendre en compte -\",\"isPartOf\":{\"@id\":\"https:\/\/www.eenewseurope.com\/en\/#website\"},\"datePublished\":\"2016-02-18T23:00:00+00:00\",\"dateModified\":\"2022-01-26T15:13:51+00:00\",\"breadcrumb\":{\"@id\":\"https:\/\/test.ecinews.fr\/fr\/white_papers\/la-face-cachee-des-objets-connectes-un-point-de-vigilance-a-prendre-en-compte\/#breadcrumb\"},\"inLanguage\":\"fr-FR\",\"potentialAction\":[{\"@type\":\"ReadAction\",\"target\":[\"https:\/\/test.ecinews.fr\/fr\/white_papers\/la-face-cachee-des-objets-connectes-un-point-de-vigilance-a-prendre-en-compte\/\"]}]},{\"@type\":\"BreadcrumbList\",\"@id\":\"https:\/\/test.ecinews.fr\/fr\/white_papers\/la-face-cachee-des-objets-connectes-un-point-de-vigilance-a-prendre-en-compte\/#breadcrumb\",\"itemListElement\":[{\"@type\":\"ListItem\",\"position\":1,\"name\":\"Home\",\"item\":\"https:\/\/www.ecinews.fr\/fr\/\"},{\"@type\":\"ListItem\",\"position\":2,\"name\":\"La face cach\u00e9e des objets connect\u00e9s : un point de vigilance \u00e0 prendre en compte\"}]},{\"@type\":\"WebSite\",\"@id\":\"https:\/\/www.eenewseurope.com\/en\/#website\",\"url\":\"https:\/\/www.eenewseurope.com\/en\/\",\"name\":\"EENewsEurope\",\"description\":\"Just another WordPress site\",\"publisher\":{\"@id\":\"https:\/\/www.eenewseurope.com\/en\/#organization\"},\"potentialAction\":[{\"@type\":\"SearchAction\",\"target\":{\"@type\":\"EntryPoint\",\"urlTemplate\":\"https:\/\/www.eenewseurope.com\/en\/?s={search_term_string}\"},\"query-input\":\"required name=search_term_string\"}],\"inLanguage\":\"fr-FR\"},{\"@type\":\"Organization\",\"@id\":\"https:\/\/www.eenewseurope.com\/en\/#organization\",\"name\":\"EENewsEurope\",\"url\":\"https:\/\/www.eenewseurope.com\/en\/\",\"logo\":{\"@type\":\"ImageObject\",\"inLanguage\":\"fr-FR\",\"@id\":\"https:\/\/www.eenewseurope.com\/en\/#\/schema\/logo\/image\/\",\"url\":\"https:\/\/www.ecinews.fr\/wp-content\/uploads\/2022\/02\/logo-1.jpg\",\"contentUrl\":\"https:\/\/www.ecinews.fr\/wp-content\/uploads\/2022\/02\/logo-1.jpg\",\"width\":283,\"height\":113,\"caption\":\"EENewsEurope\"},\"image\":{\"@id\":\"https:\/\/www.eenewseurope.com\/en\/#\/schema\/logo\/image\/\"}}]}<\/script>","yoast_head_json":{"title":"La face cach\u00e9e des objets connect\u00e9s : un point de vigilance ?...","description":"L'internet des objets (IoT) n'est plus un simple effet de mode r\u00e9serv\u00e9 \u00e0 quelques Geek. Ce ph\u00e9nom\u00e8ne de soci\u00e9t\u00e9 a profond\u00e9ment transform\u00e9 nos usages...","robots":{"index":"index","follow":"follow","max-snippet":"max-snippet:-1","max-image-preview":"max-image-preview:large","max-video-preview":"max-video-preview:-1"},"canonical":"https:\/\/www.ecinews.fr\/fr\/wp-json\/wp\/v2\/white_papers\/23143\/","og_locale":"fr_FR","og_type":"article","og_title":"La face cach\u00e9e des objets connect\u00e9s : un point de vigilance \u00e0 prendre en compte","og_description":"L'internet des objets (IoT) n'est plus un simple effet de mode r\u00e9serv\u00e9 \u00e0 quelques Geek. Ce ph\u00e9nom\u00e8ne de soci\u00e9t\u00e9 a profond\u00e9ment transform\u00e9 nos usages et notre quotidien. Les objets connect\u00e9s vont conna\u00eetre une tr\u00e8s forte croissance sur les prochaines ann\u00e9es : d'apr\u00e8s Gartner, le nombre d'objets connect\u00e9s en circulation devrait passer de 4,9 milliards \u00e0 25 milliards en 2020. Si on ne peut que se r\u00e9jouir des avantages que ces objets vont offrir \u00e0 leurs utilisateurs, il faut prendre conscience que l'utilisation accrue de l'IoT implique de faire preuve d'une vigilance importante.   C'est notamment le cas des donn\u00e9es recueillies par ces objets. Le traitement et l'utilisation de celles-ci font l'objet d'un grand \" flou \" qui se r\u00e9v\u00e8le \u00eatre une source de pr\u00e9occupation s\u00e9rieuse. En effet, la valeur des donn\u00e9es collect\u00e9es est un point cl\u00e9 qui peut amener \u00e0 de nombreuses d\u00e9rives. La s\u00e9curit\u00e9 des donn\u00e9es est donc strat\u00e9gique et doit \u00eatre prise au s\u00e9rieux par les utilisateurs qui doivent \u00eatre conscients de l'usage qui peut \u00eatre fait de leurs donn\u00e9es personnelles. A ce niveau, nous pouvons d\u00e9celer deux grandes pr\u00e9occupations : l'utilisation des donn\u00e9es \u00e0 des fins commerciales et l'utilisation malveillante des donn\u00e9es.","og_url":"https:\/\/www.ecinews.fr\/fr\/wp-json\/wp\/v2\/white_papers\/23143\/","og_site_name":"EENewsEurope","article_modified_time":"2022-01-26T15:13:51+00:00","og_image":[{"width":400,"height":532,"url":"https:\/\/test.ecinews.fr\/wp-content\/uploads\/import\/default\/files\/import\/eci5014_eolen.jpg","type":"image\/jpeg"}],"twitter_card":"summary_large_image","schema":{"@context":"https:\/\/schema.org","@graph":[{"@type":"WebPage","@id":"https:\/\/test.ecinews.fr\/fr\/white_papers\/la-face-cachee-des-objets-connectes-un-point-de-vigilance-a-prendre-en-compte\/","url":"https:\/\/test.ecinews.fr\/fr\/white_papers\/la-face-cachee-des-objets-connectes-un-point-de-vigilance-a-prendre-en-compte\/","name":"La face cach\u00e9e des objets connect\u00e9s : un point de vigilance \u00e0 prendre en compte -","isPartOf":{"@id":"https:\/\/www.eenewseurope.com\/en\/#website"},"datePublished":"2016-02-18T23:00:00+00:00","dateModified":"2022-01-26T15:13:51+00:00","breadcrumb":{"@id":"https:\/\/test.ecinews.fr\/fr\/white_papers\/la-face-cachee-des-objets-connectes-un-point-de-vigilance-a-prendre-en-compte\/#breadcrumb"},"inLanguage":"fr-FR","potentialAction":[{"@type":"ReadAction","target":["https:\/\/test.ecinews.fr\/fr\/white_papers\/la-face-cachee-des-objets-connectes-un-point-de-vigilance-a-prendre-en-compte\/"]}]},{"@type":"BreadcrumbList","@id":"https:\/\/test.ecinews.fr\/fr\/white_papers\/la-face-cachee-des-objets-connectes-un-point-de-vigilance-a-prendre-en-compte\/#breadcrumb","itemListElement":[{"@type":"ListItem","position":1,"name":"Home","item":"https:\/\/www.ecinews.fr\/fr\/"},{"@type":"ListItem","position":2,"name":"La face cach\u00e9e des objets connect\u00e9s : un point de vigilance \u00e0 prendre en compte"}]},{"@type":"WebSite","@id":"https:\/\/www.eenewseurope.com\/en\/#website","url":"https:\/\/www.eenewseurope.com\/en\/","name":"EENewsEurope","description":"Just another WordPress site","publisher":{"@id":"https:\/\/www.eenewseurope.com\/en\/#organization"},"potentialAction":[{"@type":"SearchAction","target":{"@type":"EntryPoint","urlTemplate":"https:\/\/www.eenewseurope.com\/en\/?s={search_term_string}"},"query-input":"required name=search_term_string"}],"inLanguage":"fr-FR"},{"@type":"Organization","@id":"https:\/\/www.eenewseurope.com\/en\/#organization","name":"EENewsEurope","url":"https:\/\/www.eenewseurope.com\/en\/","logo":{"@type":"ImageObject","inLanguage":"fr-FR","@id":"https:\/\/www.eenewseurope.com\/en\/#\/schema\/logo\/image\/","url":"https:\/\/www.ecinews.fr\/wp-content\/uploads\/2022\/02\/logo-1.jpg","contentUrl":"https:\/\/www.ecinews.fr\/wp-content\/uploads\/2022\/02\/logo-1.jpg","width":283,"height":113,"caption":"EENewsEurope"},"image":{"@id":"https:\/\/www.eenewseurope.com\/en\/#\/schema\/logo\/image\/"}}]}},"_links":{"self":[{"href":"https:\/\/www.ecinews.fr\/fr\/wp-json\/wp\/v2\/white_papers\/23143"}],"collection":[{"href":"https:\/\/www.ecinews.fr\/fr\/wp-json\/wp\/v2\/white_papers"}],"about":[{"href":"https:\/\/www.ecinews.fr\/fr\/wp-json\/wp\/v2\/types\/white_papers"}],"wp:featuredmedia":[{"embeddable":true,"href":"https:\/\/www.ecinews.fr\/fr\/wp-json\/wp\/v2\/media\/23145"}],"wp:attachment":[{"href":"https:\/\/www.ecinews.fr\/fr\/wp-json\/wp\/v2\/media?parent=23143"}],"wp:term":[{"taxonomy":"post_tag","embeddable":true,"href":"https:\/\/www.ecinews.fr\/fr\/wp-json\/wp\/v2\/tags?post=23143"},{"taxonomy":"company","embeddable":true,"href":"https:\/\/www.ecinews.fr\/fr\/wp-json\/wp\/v2\/company?post=23143"},{"taxonomy":"wp_category","embeddable":true,"href":"https:\/\/www.ecinews.fr\/fr\/wp-json\/wp\/v2\/wp_category?post=23143"},{"taxonomy":"author","embeddable":true,"href":"https:\/\/www.ecinews.fr\/fr\/wp-json\/wp\/v2\/ppma_author?post=23143"}],"curies":[{"name":"wp","href":"https:\/\/api.w.org\/{rel}","templated":true}]}}