{"id":23076,"date":"2016-03-29T06:00:00","date_gmt":"2016-03-29T06:00:00","guid":{"rendered":"https:\/\/\/white_papers\/la-technologie-des-capteurs-evolues-encourage-le-deploiement-des-vehicules-hybrides-electriques\/"},"modified":"2022-01-26T15:13:41","modified_gmt":"2022-01-26T15:13:41","slug":"la-technologie-des-capteurs-evolues-encourage-le-deploiement-des-vehicules-hybrides-electriques","status":"publish","type":"white_papers","link":"https:\/\/www.ecinews.fr\/fr\/white_papers\/la-technologie-des-capteurs-evolues-encourage-le-deploiement-des-vehicules-hybrides-electriques\/","title":{"rendered":"La technologie des capteurs \u00e9volu\u00e9s encourage le d\u00e9ploiement  des v\u00e9hicules hybrides \u00e9lectriques"},"content":{"rendered":"","protected":false},"excerpt":{"rendered":"<p>Des l\u00e9gislations tr\u00e8s strictes sont d\u00e9sormais en place dans toute l&rsquo;Union Europ\u00e9enne pour limiter les \u00e9missions dangereuses, pour que les g\u00e9n\u00e9rations futures puissent profiter d&rsquo;un air plus pur, et pour \u00e9viter des dommages irr\u00e9versibles \u00e0 l&rsquo;environnement.<br \/>\nDans le m\u00eame temps, des efforts croissants sont faits pour r\u00e9duire notre d\u00e9pendance vis-\u00e0-vis de r\u00e9serves de p\u00e9trole en baisse.<br \/>\nCette dynamique favorise le passage de v\u00e9hicules uniquement dot\u00e9s d&rsquo;un moteur \u00e0 combustion, vers une utilisation de plus en plus importantes de v\u00e9hicules HEV (Hybrid and Electric Vehicles, ou v\u00e9hicules hybrides et \u00e9lectriques). Jusqu&rsquo;ici plusieurs obstacles ont emp\u00each\u00e9 la diffusion \u00e0 grande \u00e9chelle des v\u00e9hicules HEV. Cet article passe en revue ce que l&rsquo;on peut faire pour rem\u00e9dier \u00e0 cela. <\/p>\n","protected":false},"featured_media":23078,"template":"","tags":[],"company":[716],"wp_category":[922],"ppma_author":[],"class_list":["post-23076","white_papers","type-white_papers","status-publish","has-post-thumbnail","hentry","company-melexis","wp_category-automotive"],"acf":[],"yoast_head":"<title>La technologie des capteurs \u00e9volu\u00e9s encourage le d\u00e9ploiement...<\/title>\n<meta name=\"description\" content=\"Des l\u00e9gislations tr\u00e8s strictes sont d\u00e9sormais en place dans toute l&#039;Union Europ\u00e9enne pour limiter les \u00e9missions dangereuses, pour que les g\u00e9n\u00e9rations...\" \/>\n<meta name=\"robots\" content=\"index, follow, max-snippet:-1, max-image-preview:large, max-video-preview:-1\" \/>\n<link rel=\"canonical\" href=\"https:\/\/www.ecinews.fr\/fr\/wp-json\/wp\/v2\/white_papers\/23076\/\" \/>\n<meta property=\"og:locale\" content=\"fr_FR\" \/>\n<meta property=\"og:type\" content=\"article\" \/>\n<meta property=\"og:title\" content=\"La technologie des capteurs \u00e9volu\u00e9s encourage le d\u00e9ploiement des v\u00e9hicules hybrides \u00e9lectriques\" \/>\n<meta property=\"og:description\" content=\"Des l\u00e9gislations tr\u00e8s strictes sont d\u00e9sormais en place dans toute l&#039;Union Europ\u00e9enne pour limiter les \u00e9missions dangereuses, pour que les g\u00e9n\u00e9rations futures puissent profiter d&#039;un air plus pur, et pour \u00e9viter des dommages irr\u00e9versibles \u00e0 l&#039;environnement.  Dans le m\u00eame temps, des efforts croissants sont faits pour r\u00e9duire notre d\u00e9pendance vis-\u00e0-vis de r\u00e9serves de p\u00e9trole en baisse.  Cette dynamique favorise le passage de v\u00e9hicules uniquement dot\u00e9s d&#039;un moteur \u00e0 combustion, vers une utilisation de plus en plus importantes de v\u00e9hicules HEV (Hybrid and Electric Vehicles, ou v\u00e9hicules hybrides et \u00e9lectriques). Jusqu&#039;ici plusieurs obstacles ont emp\u00each\u00e9 la diffusion \u00e0 grande \u00e9chelle des v\u00e9hicules HEV. Cet article passe en revue ce que l&#039;on peut faire pour rem\u00e9dier \u00e0 cela.\" \/>\n<meta property=\"og:url\" content=\"https:\/\/www.ecinews.fr\/fr\/wp-json\/wp\/v2\/white_papers\/23076\/\" \/>\n<meta property=\"og:site_name\" content=\"EENewsEurope\" \/>\n<meta property=\"article:modified_time\" content=\"2022-01-26T15:13:41+00:00\" \/>\n<meta property=\"og:image\" content=\"https:\/\/cdn.eenewseurope.com\/wp-content\/uploads\/import\/default\/files\/eci4908_melexis-a27-fig2.jpg\" \/>\n\t<meta property=\"og:image:width\" content=\"2500\" \/>\n\t<meta property=\"og:image:height\" content=\"2500\" \/>\n\t<meta property=\"og:image:type\" content=\"image\/jpeg\" \/>\n<meta name=\"twitter:card\" content=\"summary_large_image\" \/>\n<script type=\"application\/ld+json\" class=\"yoast-schema-graph\">{\"@context\":\"https:\/\/schema.org\",\"@graph\":[{\"@type\":\"WebPage\",\"@id\":\"https:\/\/cdn.eenewseurope.com\/fr\/white_papers\/la-technologie-des-capteurs-evolues-encourage-le-deploiement-des-vehicules-hybrides-electriques\/\",\"url\":\"https:\/\/cdn.eenewseurope.com\/fr\/white_papers\/la-technologie-des-capteurs-evolues-encourage-le-deploiement-des-vehicules-hybrides-electriques\/\",\"name\":\"La technologie des capteurs \u00e9volu\u00e9s encourage le d\u00e9ploiement des v\u00e9hicules hybrides \u00e9lectriques -\",\"isPartOf\":{\"@id\":\"https:\/\/www.eenewseurope.com\/en\/#website\"},\"datePublished\":\"2016-03-29T06:00:00+00:00\",\"dateModified\":\"2022-01-26T15:13:41+00:00\",\"breadcrumb\":{\"@id\":\"https:\/\/cdn.eenewseurope.com\/fr\/white_papers\/la-technologie-des-capteurs-evolues-encourage-le-deploiement-des-vehicules-hybrides-electriques\/#breadcrumb\"},\"inLanguage\":\"fr-FR\",\"potentialAction\":[{\"@type\":\"ReadAction\",\"target\":[\"https:\/\/cdn.eenewseurope.com\/fr\/white_papers\/la-technologie-des-capteurs-evolues-encourage-le-deploiement-des-vehicules-hybrides-electriques\/\"]}]},{\"@type\":\"BreadcrumbList\",\"@id\":\"https:\/\/cdn.eenewseurope.com\/fr\/white_papers\/la-technologie-des-capteurs-evolues-encourage-le-deploiement-des-vehicules-hybrides-electriques\/#breadcrumb\",\"itemListElement\":[{\"@type\":\"ListItem\",\"position\":1,\"name\":\"Home\",\"item\":\"https:\/\/www.ecinews.fr\/fr\/\"},{\"@type\":\"ListItem\",\"position\":2,\"name\":\"La technologie des capteurs \u00e9volu\u00e9s encourage le d\u00e9ploiement des v\u00e9hicules hybrides \u00e9lectriques\"}]},{\"@type\":\"WebSite\",\"@id\":\"https:\/\/www.eenewseurope.com\/en\/#website\",\"url\":\"https:\/\/www.eenewseurope.com\/en\/\",\"name\":\"EENewsEurope\",\"description\":\"Just another WordPress site\",\"publisher\":{\"@id\":\"https:\/\/www.eenewseurope.com\/en\/#organization\"},\"potentialAction\":[{\"@type\":\"SearchAction\",\"target\":{\"@type\":\"EntryPoint\",\"urlTemplate\":\"https:\/\/www.eenewseurope.com\/en\/?s={search_term_string}\"},\"query-input\":\"required name=search_term_string\"}],\"inLanguage\":\"fr-FR\"},{\"@type\":\"Organization\",\"@id\":\"https:\/\/www.eenewseurope.com\/en\/#organization\",\"name\":\"EENewsEurope\",\"url\":\"https:\/\/www.eenewseurope.com\/en\/\",\"logo\":{\"@type\":\"ImageObject\",\"inLanguage\":\"fr-FR\",\"@id\":\"https:\/\/www.eenewseurope.com\/en\/#\/schema\/logo\/image\/\",\"url\":\"https:\/\/www.ecinews.fr\/wp-content\/uploads\/2022\/02\/logo-1.jpg\",\"contentUrl\":\"https:\/\/www.ecinews.fr\/wp-content\/uploads\/2022\/02\/logo-1.jpg\",\"width\":283,\"height\":113,\"caption\":\"EENewsEurope\"},\"image\":{\"@id\":\"https:\/\/www.eenewseurope.com\/en\/#\/schema\/logo\/image\/\"}}]}<\/script>","yoast_head_json":{"title":"La technologie des capteurs \u00e9volu\u00e9s encourage le d\u00e9ploiement...","description":"Des l\u00e9gislations tr\u00e8s strictes sont d\u00e9sormais en place dans toute l'Union Europ\u00e9enne pour limiter les \u00e9missions dangereuses, pour que les g\u00e9n\u00e9rations...","robots":{"index":"index","follow":"follow","max-snippet":"max-snippet:-1","max-image-preview":"max-image-preview:large","max-video-preview":"max-video-preview:-1"},"canonical":"https:\/\/www.ecinews.fr\/fr\/wp-json\/wp\/v2\/white_papers\/23076\/","og_locale":"fr_FR","og_type":"article","og_title":"La technologie des capteurs \u00e9volu\u00e9s encourage le d\u00e9ploiement des v\u00e9hicules hybrides \u00e9lectriques","og_description":"Des l\u00e9gislations tr\u00e8s strictes sont d\u00e9sormais en place dans toute l'Union Europ\u00e9enne pour limiter les \u00e9missions dangereuses, pour que les g\u00e9n\u00e9rations futures puissent profiter d'un air plus pur, et pour \u00e9viter des dommages irr\u00e9versibles \u00e0 l'environnement.  Dans le m\u00eame temps, des efforts croissants sont faits pour r\u00e9duire notre d\u00e9pendance vis-\u00e0-vis de r\u00e9serves de p\u00e9trole en baisse.  Cette dynamique favorise le passage de v\u00e9hicules uniquement dot\u00e9s d'un moteur \u00e0 combustion, vers une utilisation de plus en plus importantes de v\u00e9hicules HEV (Hybrid and Electric Vehicles, ou v\u00e9hicules hybrides et \u00e9lectriques). Jusqu'ici plusieurs obstacles ont emp\u00each\u00e9 la diffusion \u00e0 grande \u00e9chelle des v\u00e9hicules HEV. Cet article passe en revue ce que l'on peut faire pour rem\u00e9dier \u00e0 cela.","og_url":"https:\/\/www.ecinews.fr\/fr\/wp-json\/wp\/v2\/white_papers\/23076\/","og_site_name":"EENewsEurope","article_modified_time":"2022-01-26T15:13:41+00:00","og_image":[{"width":2500,"height":2500,"url":"https:\/\/cdn.eenewseurope.com\/wp-content\/uploads\/import\/default\/files\/eci4908_melexis-a27-fig2.jpg","type":"image\/jpeg"}],"twitter_card":"summary_large_image","schema":{"@context":"https:\/\/schema.org","@graph":[{"@type":"WebPage","@id":"https:\/\/cdn.eenewseurope.com\/fr\/white_papers\/la-technologie-des-capteurs-evolues-encourage-le-deploiement-des-vehicules-hybrides-electriques\/","url":"https:\/\/cdn.eenewseurope.com\/fr\/white_papers\/la-technologie-des-capteurs-evolues-encourage-le-deploiement-des-vehicules-hybrides-electriques\/","name":"La technologie des capteurs \u00e9volu\u00e9s encourage le d\u00e9ploiement des v\u00e9hicules hybrides \u00e9lectriques -","isPartOf":{"@id":"https:\/\/www.eenewseurope.com\/en\/#website"},"datePublished":"2016-03-29T06:00:00+00:00","dateModified":"2022-01-26T15:13:41+00:00","breadcrumb":{"@id":"https:\/\/cdn.eenewseurope.com\/fr\/white_papers\/la-technologie-des-capteurs-evolues-encourage-le-deploiement-des-vehicules-hybrides-electriques\/#breadcrumb"},"inLanguage":"fr-FR","potentialAction":[{"@type":"ReadAction","target":["https:\/\/cdn.eenewseurope.com\/fr\/white_papers\/la-technologie-des-capteurs-evolues-encourage-le-deploiement-des-vehicules-hybrides-electriques\/"]}]},{"@type":"BreadcrumbList","@id":"https:\/\/cdn.eenewseurope.com\/fr\/white_papers\/la-technologie-des-capteurs-evolues-encourage-le-deploiement-des-vehicules-hybrides-electriques\/#breadcrumb","itemListElement":[{"@type":"ListItem","position":1,"name":"Home","item":"https:\/\/www.ecinews.fr\/fr\/"},{"@type":"ListItem","position":2,"name":"La technologie des capteurs \u00e9volu\u00e9s encourage le d\u00e9ploiement des v\u00e9hicules hybrides \u00e9lectriques"}]},{"@type":"WebSite","@id":"https:\/\/www.eenewseurope.com\/en\/#website","url":"https:\/\/www.eenewseurope.com\/en\/","name":"EENewsEurope","description":"Just another WordPress site","publisher":{"@id":"https:\/\/www.eenewseurope.com\/en\/#organization"},"potentialAction":[{"@type":"SearchAction","target":{"@type":"EntryPoint","urlTemplate":"https:\/\/www.eenewseurope.com\/en\/?s={search_term_string}"},"query-input":"required name=search_term_string"}],"inLanguage":"fr-FR"},{"@type":"Organization","@id":"https:\/\/www.eenewseurope.com\/en\/#organization","name":"EENewsEurope","url":"https:\/\/www.eenewseurope.com\/en\/","logo":{"@type":"ImageObject","inLanguage":"fr-FR","@id":"https:\/\/www.eenewseurope.com\/en\/#\/schema\/logo\/image\/","url":"https:\/\/www.ecinews.fr\/wp-content\/uploads\/2022\/02\/logo-1.jpg","contentUrl":"https:\/\/www.ecinews.fr\/wp-content\/uploads\/2022\/02\/logo-1.jpg","width":283,"height":113,"caption":"EENewsEurope"},"image":{"@id":"https:\/\/www.eenewseurope.com\/en\/#\/schema\/logo\/image\/"}}]}},"_links":{"self":[{"href":"https:\/\/www.ecinews.fr\/fr\/wp-json\/wp\/v2\/white_papers\/23076"}],"collection":[{"href":"https:\/\/www.ecinews.fr\/fr\/wp-json\/wp\/v2\/white_papers"}],"about":[{"href":"https:\/\/www.ecinews.fr\/fr\/wp-json\/wp\/v2\/types\/white_papers"}],"wp:featuredmedia":[{"embeddable":true,"href":"https:\/\/www.ecinews.fr\/fr\/wp-json\/wp\/v2\/media\/23078"}],"wp:attachment":[{"href":"https:\/\/www.ecinews.fr\/fr\/wp-json\/wp\/v2\/media?parent=23076"}],"wp:term":[{"taxonomy":"post_tag","embeddable":true,"href":"https:\/\/www.ecinews.fr\/fr\/wp-json\/wp\/v2\/tags?post=23076"},{"taxonomy":"company","embeddable":true,"href":"https:\/\/www.ecinews.fr\/fr\/wp-json\/wp\/v2\/company?post=23076"},{"taxonomy":"wp_category","embeddable":true,"href":"https:\/\/www.ecinews.fr\/fr\/wp-json\/wp\/v2\/wp_category?post=23076"},{"taxonomy":"author","embeddable":true,"href":"https:\/\/www.ecinews.fr\/fr\/wp-json\/wp\/v2\/ppma_author?post=23076"}],"curies":[{"name":"wp","href":"https:\/\/api.w.org\/{rel}","templated":true}]}}