{"id":22501,"date":"2016-08-22T22:00:02","date_gmt":"2016-08-22T22:00:02","guid":{"rendered":"https:\/\/\/white_papers\/warp7-accelere-le-developpement-des-applications-dobjets-connectes-portables-et-iot\/"},"modified":"2022-01-26T15:12:44","modified_gmt":"2022-01-26T15:12:44","slug":"warp7-accelere-le-developpement-des-applications-dobjets-connectes-portables-et-iot","status":"publish","type":"white_papers","link":"https:\/\/www.ecinews.fr\/fr\/white_papers\/warp7-accelere-le-developpement-des-applications-dobjets-connectes-portables-et-iot\/","title":{"rendered":"WaRP7 acc\u00e9l\u00e8re le d\u00e9veloppement  des applications d\u2019objets connect\u00e9s portables et IoT"},"content":{"rendered":"","protected":false},"excerpt":{"rendered":"<p>Consid\u00e9r\u00e9e comme une r\u00e9volution pour l&rsquo;Internet des objets (IoT) et le march\u00e9 des objets connect\u00e9s \u00ab portables \u00bb, la plateforme de d\u00e9veloppement WaRP7 am\u00e9lior\u00e9e par NXP Semiconductors, con\u00e7ue et fabriqu\u00e9e en partenariat avec Farnell element14, est d\u00e9sormais disponible \u00e0 l\u2019achat. Elle a \u00e9t\u00e9 construite pour aider les ing\u00e9nieurs en conception \u00e0 r\u00e9soudre les principaux probl\u00e8mes qu\u2019ils rencontrent, comme la taille, la dur\u00e9e de vie de la batterie et la connectivit\u00e9. La conception \u00ab open source \u00bb et la suite logicielle compl\u00e8te de WaRP7 permettent aux d\u00e9veloppeurs d\u2019innover sans restrictions de licence, tout en r\u00e9duisant les d\u00e9lais de mise sur le march\u00e9 et en se concentrant sur la diff\u00e9renciation des produits, essentielle dans ce march\u00e9 en plein essor. En s\u2019int\u00e9ressant sans cesse \u00e0 des composants plus petits, plus l\u00e9gers et plus puissants, ce march\u00e9 s\u2019est d\u00e9velopp\u00e9 et a cr\u00e9\u00e9 de nouvelles opportunit\u00e9s pour les ing\u00e9nieurs en conception. <\/p>\n","protected":false},"featured_media":22503,"template":"","tags":[],"company":[382],"wp_category":[],"ppma_author":[],"class_list":["post-22501","white_papers","type-white_papers","status-publish","has-post-thumbnail","hentry","company-farnell-element14"],"acf":[],"yoast_head":"<title>WaRP7 acc\u00e9l\u00e8re le d\u00e9veloppement des applications d\u2019objets ...<\/title>\n<meta name=\"description\" content=\"Consid\u00e9r\u00e9e comme une r\u00e9volution pour l&#039;Internet des objets (IoT) et le march\u00e9 des objets connect\u00e9s \u00ab portables \u00bb, la plateforme de d\u00e9veloppement...\" \/>\n<meta name=\"robots\" content=\"index, follow, max-snippet:-1, max-image-preview:large, max-video-preview:-1\" \/>\n<link rel=\"canonical\" href=\"https:\/\/www.ecinews.fr\/fr\/wp-json\/wp\/v2\/white_papers\/22501\/\" \/>\n<meta property=\"og:locale\" content=\"fr_FR\" \/>\n<meta property=\"og:type\" content=\"article\" \/>\n<meta property=\"og:title\" content=\"WaRP7 acc\u00e9l\u00e8re le d\u00e9veloppement des applications d\u2019objets connect\u00e9s portables et IoT\" \/>\n<meta property=\"og:description\" content=\"Consid\u00e9r\u00e9e comme une r\u00e9volution pour l&#039;Internet des objets (IoT) et le march\u00e9 des objets connect\u00e9s \u00ab portables \u00bb, la plateforme de d\u00e9veloppement WaRP7 am\u00e9lior\u00e9e par NXP Semiconductors, con\u00e7ue et fabriqu\u00e9e en partenariat avec Farnell element14, est d\u00e9sormais disponible \u00e0 l\u2019achat. Elle a \u00e9t\u00e9 construite pour aider les ing\u00e9nieurs en conception \u00e0 r\u00e9soudre les principaux probl\u00e8mes qu\u2019ils rencontrent, comme la taille, la dur\u00e9e de vie de la batterie et la connectivit\u00e9. La conception \u00ab open source \u00bb et la suite logicielle compl\u00e8te de WaRP7 permettent aux d\u00e9veloppeurs d\u2019innover sans restrictions de licence, tout en r\u00e9duisant les d\u00e9lais de mise sur le march\u00e9 et en se concentrant sur la diff\u00e9renciation des produits, essentielle dans ce march\u00e9 en plein essor. En s\u2019int\u00e9ressant sans cesse \u00e0 des composants plus petits, plus l\u00e9gers et plus puissants, ce march\u00e9 s\u2019est d\u00e9velopp\u00e9 et a cr\u00e9\u00e9 de nouvelles opportunit\u00e9s pour les ing\u00e9nieurs en conception.\" \/>\n<meta property=\"og:url\" content=\"https:\/\/www.ecinews.fr\/fr\/wp-json\/wp\/v2\/white_papers\/22501\/\" \/>\n<meta property=\"og:site_name\" content=\"EENewsEurope\" \/>\n<meta property=\"article:modified_time\" content=\"2022-01-26T15:12:44+00:00\" \/>\n<meta property=\"og:image\" content=\"https:\/\/test.ecinews.fr\/wp-content\/uploads\/import\/default\/files\/eci5535_farnell_far012-hires.jpg\" \/>\n\t<meta property=\"og:image:width\" content=\"2100\" \/>\n\t<meta property=\"og:image:height\" content=\"1500\" \/>\n\t<meta property=\"og:image:type\" content=\"image\/jpeg\" \/>\n<meta name=\"twitter:card\" content=\"summary_large_image\" \/>\n<script type=\"application\/ld+json\" class=\"yoast-schema-graph\">{\"@context\":\"https:\/\/schema.org\",\"@graph\":[{\"@type\":\"WebPage\",\"@id\":\"https:\/\/test.ecinews.fr\/fr\/white_papers\/warp7-accelere-le-developpement-des-applications-dobjets-connectes-portables-et-iot\/\",\"url\":\"https:\/\/test.ecinews.fr\/fr\/white_papers\/warp7-accelere-le-developpement-des-applications-dobjets-connectes-portables-et-iot\/\",\"name\":\"WaRP7 acc\u00e9l\u00e8re le d\u00e9veloppement des applications d\u2019objets connect\u00e9s portables et IoT -\",\"isPartOf\":{\"@id\":\"https:\/\/www.eenewseurope.com\/en\/#website\"},\"datePublished\":\"2016-08-22T22:00:02+00:00\",\"dateModified\":\"2022-01-26T15:12:44+00:00\",\"breadcrumb\":{\"@id\":\"https:\/\/test.ecinews.fr\/fr\/white_papers\/warp7-accelere-le-developpement-des-applications-dobjets-connectes-portables-et-iot\/#breadcrumb\"},\"inLanguage\":\"fr-FR\",\"potentialAction\":[{\"@type\":\"ReadAction\",\"target\":[\"https:\/\/test.ecinews.fr\/fr\/white_papers\/warp7-accelere-le-developpement-des-applications-dobjets-connectes-portables-et-iot\/\"]}]},{\"@type\":\"BreadcrumbList\",\"@id\":\"https:\/\/test.ecinews.fr\/fr\/white_papers\/warp7-accelere-le-developpement-des-applications-dobjets-connectes-portables-et-iot\/#breadcrumb\",\"itemListElement\":[{\"@type\":\"ListItem\",\"position\":1,\"name\":\"Home\",\"item\":\"https:\/\/www.ecinews.fr\/fr\/\"},{\"@type\":\"ListItem\",\"position\":2,\"name\":\"WaRP7 acc\u00e9l\u00e8re le d\u00e9veloppement des applications d\u2019objets connect\u00e9s portables et IoT\"}]},{\"@type\":\"WebSite\",\"@id\":\"https:\/\/www.eenewseurope.com\/en\/#website\",\"url\":\"https:\/\/www.eenewseurope.com\/en\/\",\"name\":\"EENewsEurope\",\"description\":\"Just another WordPress site\",\"publisher\":{\"@id\":\"https:\/\/www.eenewseurope.com\/en\/#organization\"},\"potentialAction\":[{\"@type\":\"SearchAction\",\"target\":{\"@type\":\"EntryPoint\",\"urlTemplate\":\"https:\/\/www.eenewseurope.com\/en\/?s={search_term_string}\"},\"query-input\":\"required name=search_term_string\"}],\"inLanguage\":\"fr-FR\"},{\"@type\":\"Organization\",\"@id\":\"https:\/\/www.eenewseurope.com\/en\/#organization\",\"name\":\"EENewsEurope\",\"url\":\"https:\/\/www.eenewseurope.com\/en\/\",\"logo\":{\"@type\":\"ImageObject\",\"inLanguage\":\"fr-FR\",\"@id\":\"https:\/\/www.eenewseurope.com\/en\/#\/schema\/logo\/image\/\",\"url\":\"https:\/\/www.ecinews.fr\/wp-content\/uploads\/2022\/02\/logo-1.jpg\",\"contentUrl\":\"https:\/\/www.ecinews.fr\/wp-content\/uploads\/2022\/02\/logo-1.jpg\",\"width\":283,\"height\":113,\"caption\":\"EENewsEurope\"},\"image\":{\"@id\":\"https:\/\/www.eenewseurope.com\/en\/#\/schema\/logo\/image\/\"}}]}<\/script>","yoast_head_json":{"title":"WaRP7 acc\u00e9l\u00e8re le d\u00e9veloppement des applications d\u2019objets ...","description":"Consid\u00e9r\u00e9e comme une r\u00e9volution pour l'Internet des objets (IoT) et le march\u00e9 des objets connect\u00e9s \u00ab portables \u00bb, la plateforme de d\u00e9veloppement...","robots":{"index":"index","follow":"follow","max-snippet":"max-snippet:-1","max-image-preview":"max-image-preview:large","max-video-preview":"max-video-preview:-1"},"canonical":"https:\/\/www.ecinews.fr\/fr\/wp-json\/wp\/v2\/white_papers\/22501\/","og_locale":"fr_FR","og_type":"article","og_title":"WaRP7 acc\u00e9l\u00e8re le d\u00e9veloppement des applications d\u2019objets connect\u00e9s portables et IoT","og_description":"Consid\u00e9r\u00e9e comme une r\u00e9volution pour l'Internet des objets (IoT) et le march\u00e9 des objets connect\u00e9s \u00ab portables \u00bb, la plateforme de d\u00e9veloppement WaRP7 am\u00e9lior\u00e9e par NXP Semiconductors, con\u00e7ue et fabriqu\u00e9e en partenariat avec Farnell element14, est d\u00e9sormais disponible \u00e0 l\u2019achat. Elle a \u00e9t\u00e9 construite pour aider les ing\u00e9nieurs en conception \u00e0 r\u00e9soudre les principaux probl\u00e8mes qu\u2019ils rencontrent, comme la taille, la dur\u00e9e de vie de la batterie et la connectivit\u00e9. La conception \u00ab open source \u00bb et la suite logicielle compl\u00e8te de WaRP7 permettent aux d\u00e9veloppeurs d\u2019innover sans restrictions de licence, tout en r\u00e9duisant les d\u00e9lais de mise sur le march\u00e9 et en se concentrant sur la diff\u00e9renciation des produits, essentielle dans ce march\u00e9 en plein essor. En s\u2019int\u00e9ressant sans cesse \u00e0 des composants plus petits, plus l\u00e9gers et plus puissants, ce march\u00e9 s\u2019est d\u00e9velopp\u00e9 et a cr\u00e9\u00e9 de nouvelles opportunit\u00e9s pour les ing\u00e9nieurs en conception.","og_url":"https:\/\/www.ecinews.fr\/fr\/wp-json\/wp\/v2\/white_papers\/22501\/","og_site_name":"EENewsEurope","article_modified_time":"2022-01-26T15:12:44+00:00","og_image":[{"width":2100,"height":1500,"url":"https:\/\/test.ecinews.fr\/wp-content\/uploads\/import\/default\/files\/eci5535_farnell_far012-hires.jpg","type":"image\/jpeg"}],"twitter_card":"summary_large_image","schema":{"@context":"https:\/\/schema.org","@graph":[{"@type":"WebPage","@id":"https:\/\/test.ecinews.fr\/fr\/white_papers\/warp7-accelere-le-developpement-des-applications-dobjets-connectes-portables-et-iot\/","url":"https:\/\/test.ecinews.fr\/fr\/white_papers\/warp7-accelere-le-developpement-des-applications-dobjets-connectes-portables-et-iot\/","name":"WaRP7 acc\u00e9l\u00e8re le d\u00e9veloppement des applications d\u2019objets connect\u00e9s portables et IoT -","isPartOf":{"@id":"https:\/\/www.eenewseurope.com\/en\/#website"},"datePublished":"2016-08-22T22:00:02+00:00","dateModified":"2022-01-26T15:12:44+00:00","breadcrumb":{"@id":"https:\/\/test.ecinews.fr\/fr\/white_papers\/warp7-accelere-le-developpement-des-applications-dobjets-connectes-portables-et-iot\/#breadcrumb"},"inLanguage":"fr-FR","potentialAction":[{"@type":"ReadAction","target":["https:\/\/test.ecinews.fr\/fr\/white_papers\/warp7-accelere-le-developpement-des-applications-dobjets-connectes-portables-et-iot\/"]}]},{"@type":"BreadcrumbList","@id":"https:\/\/test.ecinews.fr\/fr\/white_papers\/warp7-accelere-le-developpement-des-applications-dobjets-connectes-portables-et-iot\/#breadcrumb","itemListElement":[{"@type":"ListItem","position":1,"name":"Home","item":"https:\/\/www.ecinews.fr\/fr\/"},{"@type":"ListItem","position":2,"name":"WaRP7 acc\u00e9l\u00e8re le d\u00e9veloppement des applications d\u2019objets connect\u00e9s portables et IoT"}]},{"@type":"WebSite","@id":"https:\/\/www.eenewseurope.com\/en\/#website","url":"https:\/\/www.eenewseurope.com\/en\/","name":"EENewsEurope","description":"Just another WordPress site","publisher":{"@id":"https:\/\/www.eenewseurope.com\/en\/#organization"},"potentialAction":[{"@type":"SearchAction","target":{"@type":"EntryPoint","urlTemplate":"https:\/\/www.eenewseurope.com\/en\/?s={search_term_string}"},"query-input":"required name=search_term_string"}],"inLanguage":"fr-FR"},{"@type":"Organization","@id":"https:\/\/www.eenewseurope.com\/en\/#organization","name":"EENewsEurope","url":"https:\/\/www.eenewseurope.com\/en\/","logo":{"@type":"ImageObject","inLanguage":"fr-FR","@id":"https:\/\/www.eenewseurope.com\/en\/#\/schema\/logo\/image\/","url":"https:\/\/www.ecinews.fr\/wp-content\/uploads\/2022\/02\/logo-1.jpg","contentUrl":"https:\/\/www.ecinews.fr\/wp-content\/uploads\/2022\/02\/logo-1.jpg","width":283,"height":113,"caption":"EENewsEurope"},"image":{"@id":"https:\/\/www.eenewseurope.com\/en\/#\/schema\/logo\/image\/"}}]}},"_links":{"self":[{"href":"https:\/\/www.ecinews.fr\/fr\/wp-json\/wp\/v2\/white_papers\/22501"}],"collection":[{"href":"https:\/\/www.ecinews.fr\/fr\/wp-json\/wp\/v2\/white_papers"}],"about":[{"href":"https:\/\/www.ecinews.fr\/fr\/wp-json\/wp\/v2\/types\/white_papers"}],"wp:featuredmedia":[{"embeddable":true,"href":"https:\/\/www.ecinews.fr\/fr\/wp-json\/wp\/v2\/media\/22503"}],"wp:attachment":[{"href":"https:\/\/www.ecinews.fr\/fr\/wp-json\/wp\/v2\/media?parent=22501"}],"wp:term":[{"taxonomy":"post_tag","embeddable":true,"href":"https:\/\/www.ecinews.fr\/fr\/wp-json\/wp\/v2\/tags?post=22501"},{"taxonomy":"company","embeddable":true,"href":"https:\/\/www.ecinews.fr\/fr\/wp-json\/wp\/v2\/company?post=22501"},{"taxonomy":"wp_category","embeddable":true,"href":"https:\/\/www.ecinews.fr\/fr\/wp-json\/wp\/v2\/wp_category?post=22501"},{"taxonomy":"author","embeddable":true,"href":"https:\/\/www.ecinews.fr\/fr\/wp-json\/wp\/v2\/ppma_author?post=22501"}],"curies":[{"name":"wp","href":"https:\/\/api.w.org\/{rel}","templated":true}]}}