{"id":21837,"date":"2017-02-23T18:15:24","date_gmt":"2017-02-23T18:15:24","guid":{"rendered":"https:\/\/\/white_papers\/lenergie-rf-a-etat-solide-va-t-elle-changer-notre-facon-de-cuisiner-et-de-manger\/"},"modified":"2022-01-26T15:11:43","modified_gmt":"2022-01-26T15:11:43","slug":"lenergie-rf-a-etat-solide-va-t-elle-changer-notre-facon-de-cuisiner-et-de-manger","status":"publish","type":"white_papers","link":"https:\/\/www.ecinews.fr\/fr\/white_papers\/lenergie-rf-a-etat-solide-va-t-elle-changer-notre-facon-de-cuisiner-et-de-manger\/","title":{"rendered":"L&rsquo;\u00e9nergie RF \u00e0 \u00e9tat-solide va-t-elle changer notre fa\u00e7on de cuisiner et de manger?"},"content":{"rendered":"","protected":false},"excerpt":{"rendered":"<p>Le r\u00e8gne de 60 ans du magn\u00e9tron en tant que source d&rsquo;\u00e9nergie primaire dans un four \u00e0 microondes commence \u00e0 voir sa fin. Capable de fonctionner seulement \u00e0 pleine puissance quand il est sous tension avec aucune autre alternative que la mise hors tension, et tributaire de techniques m\u00e9caniques telles qu&rsquo;un agitateur ou une plaque tournante pour tenter de r\u00e9partir l&rsquo;\u00e9nergie dans la cavit\u00e9 \u00e0 microondes, le magn\u00e9tron a fait son temps. Un autre inconv\u00e9nient du magn\u00e9tron est que sa puissance se d\u00e9grade au fil du temps. Typiquement, apr\u00e8s plus de 3 &#8211; 4 ans, la puissance de sortie d&rsquo;un magn\u00e9tron peut perdre jusqu&rsquo;\u00e0 30% de sa valeur. Cette d\u00e9gradation s&rsquo;applique aussi bien \u00e0 un four industriel qu\u2019\u00e0 un four domestique. Peu de gens remarquent que la m\u00eame nourriture doit g\u00e9n\u00e9ralement \u00eatre cuite un peu plus longtemps \u00e0 mesure que le four vieillit.<\/p>\n<p>Il y a d&rsquo;autres aspects d&rsquo;un four microonde \u00e0 base de magn\u00e9tron qui sont devenus de plus en plus frustrants au fil du temps, le plus probl\u00e9matique d\u2019entre eux \u00e9tant que la nourriture n&rsquo;est pas cuite uniform\u00e9ment, induisant des zones trop cuites ou pas assez cuites voire des aliments carr\u00e9ment crus. C&rsquo;est pour cette raison que les microondes ne sont pas souvent utilis\u00e9es pour cuire de la viande crue, finissant par servir simplement pour r\u00e9chauffer ou d\u00e9congeler des aliments. Une autre consid\u00e9ration est qu\u2019un magn\u00e9tron ne peut d\u00e9livrer que sa pleine puissance de sortie, de sorte que vous ne pouvez contr\u00f4ler la quantit\u00e9 d&rsquo;\u00e9nergie qu&rsquo;en ajustant le temps de service avec des cycles marche \/ arr\u00eat. Par exemple, un four de 900 Watt en fonctionnement \u00e0 90 Watt pourrait produire 900 Watt pendant cinq secondes, puis s&rsquo;\u00e9teindre pendant quarante-cinq secondes. <\/p>\n","protected":false},"featured_media":21839,"template":"","tags":[],"company":[330],"wp_category":[],"ppma_author":[],"class_list":["post-21837","white_papers","type-white_papers","status-publish","has-post-thumbnail","hentry","company-ampleon"],"acf":[],"yoast_head":"<title>L&#039;\u00e9nergie RF \u00e0 \u00e9tat-solide va-t-elle changer notre fa\u00e7on de...<\/title>\n<meta name=\"description\" content=\"Le r\u00e8gne de 60 ans du magn\u00e9tron en tant que source d&#039;\u00e9nergie primaire dans un four \u00e0 microondes commence \u00e0 voir sa fin. Capable de fonctionner seulement...\" \/>\n<meta name=\"robots\" content=\"index, follow, max-snippet:-1, max-image-preview:large, max-video-preview:-1\" \/>\n<link rel=\"canonical\" href=\"https:\/\/www.ecinews.fr\/fr\/wp-json\/wp\/v2\/white_papers\/21837\/\" \/>\n<meta property=\"og:locale\" content=\"fr_FR\" \/>\n<meta property=\"og:type\" content=\"article\" \/>\n<meta property=\"og:title\" content=\"L&#039;\u00e9nergie RF \u00e0 \u00e9tat-solide va-t-elle changer notre fa\u00e7on de cuisiner et de manger?\" \/>\n<meta property=\"og:description\" content=\"Le r\u00e8gne de 60 ans du magn\u00e9tron en tant que source d&#039;\u00e9nergie primaire dans un four \u00e0 microondes commence \u00e0 voir sa fin. Capable de fonctionner seulement \u00e0 pleine puissance quand il est sous tension avec aucune autre alternative que la mise hors tension, et tributaire de techniques m\u00e9caniques telles qu&#039;un agitateur ou une plaque tournante pour tenter de r\u00e9partir l&#039;\u00e9nergie dans la cavit\u00e9 \u00e0 microondes, le magn\u00e9tron a fait son temps. Un autre inconv\u00e9nient du magn\u00e9tron est que sa puissance se d\u00e9grade au fil du temps. Typiquement, apr\u00e8s plus de 3 - 4 ans, la puissance de sortie d&#039;un magn\u00e9tron peut perdre jusqu&#039;\u00e0 30% de sa valeur. Cette d\u00e9gradation s&#039;applique aussi bien \u00e0 un four industriel qu\u2019\u00e0 un four domestique. Peu de gens remarquent que la m\u00eame nourriture doit g\u00e9n\u00e9ralement \u00eatre cuite un peu plus longtemps \u00e0 mesure que le four vieillit.  Il y a d&#039;autres aspects d&#039;un four microonde \u00e0 base de magn\u00e9tron qui sont devenus de plus en plus frustrants au fil du temps, le plus probl\u00e9matique d\u2019entre eux \u00e9tant que la nourriture n&#039;est pas cuite uniform\u00e9ment, induisant des zones trop cuites ou pas assez cuites voire des aliments carr\u00e9ment crus. C&#039;est pour cette raison que les microondes ne sont pas souvent utilis\u00e9es pour cuire de la viande crue, finissant par servir simplement pour r\u00e9chauffer ou d\u00e9congeler des aliments. Une autre consid\u00e9ration est qu\u2019un magn\u00e9tron ne peut d\u00e9livrer que sa pleine puissance de sortie, de sorte que vous ne pouvez contr\u00f4ler la quantit\u00e9 d&#039;\u00e9nergie qu&#039;en ajustant le temps de service avec des cycles marche \/ arr\u00eat. Par exemple, un four de 900 Watt en fonctionnement \u00e0 90 Watt pourrait produire 900 Watt pendant cinq secondes, puis s&#039;\u00e9teindre pendant quarante-cinq secondes.\" \/>\n<meta property=\"og:url\" content=\"https:\/\/www.ecinews.fr\/fr\/wp-json\/wp\/v2\/white_papers\/21837\/\" \/>\n<meta property=\"og:site_name\" content=\"EENewsEurope\" \/>\n<meta property=\"article:modified_time\" content=\"2022-01-26T15:11:43+00:00\" \/>\n<meta property=\"og:image\" content=\"https:\/\/test.ecinews.fr\/wp-content\/uploads\/import\/default\/files\/eci5565_ampleon_applic_figure11-scaled.jpg\" \/>\n\t<meta property=\"og:image:width\" content=\"2560\" \/>\n\t<meta property=\"og:image:height\" content=\"1920\" \/>\n\t<meta property=\"og:image:type\" content=\"image\/jpeg\" \/>\n<meta name=\"twitter:card\" content=\"summary_large_image\" \/>\n<script type=\"application\/ld+json\" class=\"yoast-schema-graph\">{\"@context\":\"https:\/\/schema.org\",\"@graph\":[{\"@type\":\"WebPage\",\"@id\":\"https:\/\/test.ecinews.fr\/fr\/white_papers\/lenergie-rf-a-etat-solide-va-t-elle-changer-notre-facon-de-cuisiner-et-de-manger\/\",\"url\":\"https:\/\/test.ecinews.fr\/fr\/white_papers\/lenergie-rf-a-etat-solide-va-t-elle-changer-notre-facon-de-cuisiner-et-de-manger\/\",\"name\":\"L'\u00e9nergie RF \u00e0 \u00e9tat-solide va-t-elle changer notre fa\u00e7on de cuisiner et de manger? -\",\"isPartOf\":{\"@id\":\"https:\/\/www.eenewseurope.com\/en\/#website\"},\"datePublished\":\"2017-02-23T18:15:24+00:00\",\"dateModified\":\"2022-01-26T15:11:43+00:00\",\"breadcrumb\":{\"@id\":\"https:\/\/test.ecinews.fr\/fr\/white_papers\/lenergie-rf-a-etat-solide-va-t-elle-changer-notre-facon-de-cuisiner-et-de-manger\/#breadcrumb\"},\"inLanguage\":\"fr-FR\",\"potentialAction\":[{\"@type\":\"ReadAction\",\"target\":[\"https:\/\/test.ecinews.fr\/fr\/white_papers\/lenergie-rf-a-etat-solide-va-t-elle-changer-notre-facon-de-cuisiner-et-de-manger\/\"]}]},{\"@type\":\"BreadcrumbList\",\"@id\":\"https:\/\/test.ecinews.fr\/fr\/white_papers\/lenergie-rf-a-etat-solide-va-t-elle-changer-notre-facon-de-cuisiner-et-de-manger\/#breadcrumb\",\"itemListElement\":[{\"@type\":\"ListItem\",\"position\":1,\"name\":\"Home\",\"item\":\"https:\/\/www.ecinews.fr\/fr\/\"},{\"@type\":\"ListItem\",\"position\":2,\"name\":\"L&rsquo;\u00e9nergie RF \u00e0 \u00e9tat-solide va-t-elle changer notre fa\u00e7on de cuisiner et de manger?\"}]},{\"@type\":\"WebSite\",\"@id\":\"https:\/\/www.eenewseurope.com\/en\/#website\",\"url\":\"https:\/\/www.eenewseurope.com\/en\/\",\"name\":\"EENewsEurope\",\"description\":\"Just another WordPress site\",\"publisher\":{\"@id\":\"https:\/\/www.eenewseurope.com\/en\/#organization\"},\"potentialAction\":[{\"@type\":\"SearchAction\",\"target\":{\"@type\":\"EntryPoint\",\"urlTemplate\":\"https:\/\/www.eenewseurope.com\/en\/?s={search_term_string}\"},\"query-input\":\"required name=search_term_string\"}],\"inLanguage\":\"fr-FR\"},{\"@type\":\"Organization\",\"@id\":\"https:\/\/www.eenewseurope.com\/en\/#organization\",\"name\":\"EENewsEurope\",\"url\":\"https:\/\/www.eenewseurope.com\/en\/\",\"logo\":{\"@type\":\"ImageObject\",\"inLanguage\":\"fr-FR\",\"@id\":\"https:\/\/www.eenewseurope.com\/en\/#\/schema\/logo\/image\/\",\"url\":\"https:\/\/www.ecinews.fr\/wp-content\/uploads\/2022\/02\/logo-1.jpg\",\"contentUrl\":\"https:\/\/www.ecinews.fr\/wp-content\/uploads\/2022\/02\/logo-1.jpg\",\"width\":283,\"height\":113,\"caption\":\"EENewsEurope\"},\"image\":{\"@id\":\"https:\/\/www.eenewseurope.com\/en\/#\/schema\/logo\/image\/\"}}]}<\/script>","yoast_head_json":{"title":"L'\u00e9nergie RF \u00e0 \u00e9tat-solide va-t-elle changer notre fa\u00e7on de...","description":"Le r\u00e8gne de 60 ans du magn\u00e9tron en tant que source d'\u00e9nergie primaire dans un four \u00e0 microondes commence \u00e0 voir sa fin. Capable de fonctionner seulement...","robots":{"index":"index","follow":"follow","max-snippet":"max-snippet:-1","max-image-preview":"max-image-preview:large","max-video-preview":"max-video-preview:-1"},"canonical":"https:\/\/www.ecinews.fr\/fr\/wp-json\/wp\/v2\/white_papers\/21837\/","og_locale":"fr_FR","og_type":"article","og_title":"L'\u00e9nergie RF \u00e0 \u00e9tat-solide va-t-elle changer notre fa\u00e7on de cuisiner et de manger?","og_description":"Le r\u00e8gne de 60 ans du magn\u00e9tron en tant que source d'\u00e9nergie primaire dans un four \u00e0 microondes commence \u00e0 voir sa fin. Capable de fonctionner seulement \u00e0 pleine puissance quand il est sous tension avec aucune autre alternative que la mise hors tension, et tributaire de techniques m\u00e9caniques telles qu'un agitateur ou une plaque tournante pour tenter de r\u00e9partir l'\u00e9nergie dans la cavit\u00e9 \u00e0 microondes, le magn\u00e9tron a fait son temps. Un autre inconv\u00e9nient du magn\u00e9tron est que sa puissance se d\u00e9grade au fil du temps. Typiquement, apr\u00e8s plus de 3 - 4 ans, la puissance de sortie d'un magn\u00e9tron peut perdre jusqu'\u00e0 30% de sa valeur. Cette d\u00e9gradation s'applique aussi bien \u00e0 un four industriel qu\u2019\u00e0 un four domestique. Peu de gens remarquent que la m\u00eame nourriture doit g\u00e9n\u00e9ralement \u00eatre cuite un peu plus longtemps \u00e0 mesure que le four vieillit.  Il y a d'autres aspects d'un four microonde \u00e0 base de magn\u00e9tron qui sont devenus de plus en plus frustrants au fil du temps, le plus probl\u00e9matique d\u2019entre eux \u00e9tant que la nourriture n'est pas cuite uniform\u00e9ment, induisant des zones trop cuites ou pas assez cuites voire des aliments carr\u00e9ment crus. C'est pour cette raison que les microondes ne sont pas souvent utilis\u00e9es pour cuire de la viande crue, finissant par servir simplement pour r\u00e9chauffer ou d\u00e9congeler des aliments. Une autre consid\u00e9ration est qu\u2019un magn\u00e9tron ne peut d\u00e9livrer que sa pleine puissance de sortie, de sorte que vous ne pouvez contr\u00f4ler la quantit\u00e9 d'\u00e9nergie qu'en ajustant le temps de service avec des cycles marche \/ arr\u00eat. Par exemple, un four de 900 Watt en fonctionnement \u00e0 90 Watt pourrait produire 900 Watt pendant cinq secondes, puis s'\u00e9teindre pendant quarante-cinq secondes.","og_url":"https:\/\/www.ecinews.fr\/fr\/wp-json\/wp\/v2\/white_papers\/21837\/","og_site_name":"EENewsEurope","article_modified_time":"2022-01-26T15:11:43+00:00","og_image":[{"width":2560,"height":1920,"url":"https:\/\/test.ecinews.fr\/wp-content\/uploads\/import\/default\/files\/eci5565_ampleon_applic_figure11-scaled.jpg","type":"image\/jpeg"}],"twitter_card":"summary_large_image","schema":{"@context":"https:\/\/schema.org","@graph":[{"@type":"WebPage","@id":"https:\/\/test.ecinews.fr\/fr\/white_papers\/lenergie-rf-a-etat-solide-va-t-elle-changer-notre-facon-de-cuisiner-et-de-manger\/","url":"https:\/\/test.ecinews.fr\/fr\/white_papers\/lenergie-rf-a-etat-solide-va-t-elle-changer-notre-facon-de-cuisiner-et-de-manger\/","name":"L'\u00e9nergie RF \u00e0 \u00e9tat-solide va-t-elle changer notre fa\u00e7on de cuisiner et de manger? -","isPartOf":{"@id":"https:\/\/www.eenewseurope.com\/en\/#website"},"datePublished":"2017-02-23T18:15:24+00:00","dateModified":"2022-01-26T15:11:43+00:00","breadcrumb":{"@id":"https:\/\/test.ecinews.fr\/fr\/white_papers\/lenergie-rf-a-etat-solide-va-t-elle-changer-notre-facon-de-cuisiner-et-de-manger\/#breadcrumb"},"inLanguage":"fr-FR","potentialAction":[{"@type":"ReadAction","target":["https:\/\/test.ecinews.fr\/fr\/white_papers\/lenergie-rf-a-etat-solide-va-t-elle-changer-notre-facon-de-cuisiner-et-de-manger\/"]}]},{"@type":"BreadcrumbList","@id":"https:\/\/test.ecinews.fr\/fr\/white_papers\/lenergie-rf-a-etat-solide-va-t-elle-changer-notre-facon-de-cuisiner-et-de-manger\/#breadcrumb","itemListElement":[{"@type":"ListItem","position":1,"name":"Home","item":"https:\/\/www.ecinews.fr\/fr\/"},{"@type":"ListItem","position":2,"name":"L&rsquo;\u00e9nergie RF \u00e0 \u00e9tat-solide va-t-elle changer notre fa\u00e7on de cuisiner et de manger?"}]},{"@type":"WebSite","@id":"https:\/\/www.eenewseurope.com\/en\/#website","url":"https:\/\/www.eenewseurope.com\/en\/","name":"EENewsEurope","description":"Just another WordPress site","publisher":{"@id":"https:\/\/www.eenewseurope.com\/en\/#organization"},"potentialAction":[{"@type":"SearchAction","target":{"@type":"EntryPoint","urlTemplate":"https:\/\/www.eenewseurope.com\/en\/?s={search_term_string}"},"query-input":"required name=search_term_string"}],"inLanguage":"fr-FR"},{"@type":"Organization","@id":"https:\/\/www.eenewseurope.com\/en\/#organization","name":"EENewsEurope","url":"https:\/\/www.eenewseurope.com\/en\/","logo":{"@type":"ImageObject","inLanguage":"fr-FR","@id":"https:\/\/www.eenewseurope.com\/en\/#\/schema\/logo\/image\/","url":"https:\/\/www.ecinews.fr\/wp-content\/uploads\/2022\/02\/logo-1.jpg","contentUrl":"https:\/\/www.ecinews.fr\/wp-content\/uploads\/2022\/02\/logo-1.jpg","width":283,"height":113,"caption":"EENewsEurope"},"image":{"@id":"https:\/\/www.eenewseurope.com\/en\/#\/schema\/logo\/image\/"}}]}},"_links":{"self":[{"href":"https:\/\/www.ecinews.fr\/fr\/wp-json\/wp\/v2\/white_papers\/21837"}],"collection":[{"href":"https:\/\/www.ecinews.fr\/fr\/wp-json\/wp\/v2\/white_papers"}],"about":[{"href":"https:\/\/www.ecinews.fr\/fr\/wp-json\/wp\/v2\/types\/white_papers"}],"wp:featuredmedia":[{"embeddable":true,"href":"https:\/\/www.ecinews.fr\/fr\/wp-json\/wp\/v2\/media\/21839"}],"wp:attachment":[{"href":"https:\/\/www.ecinews.fr\/fr\/wp-json\/wp\/v2\/media?parent=21837"}],"wp:term":[{"taxonomy":"post_tag","embeddable":true,"href":"https:\/\/www.ecinews.fr\/fr\/wp-json\/wp\/v2\/tags?post=21837"},{"taxonomy":"company","embeddable":true,"href":"https:\/\/www.ecinews.fr\/fr\/wp-json\/wp\/v2\/company?post=21837"},{"taxonomy":"wp_category","embeddable":true,"href":"https:\/\/www.ecinews.fr\/fr\/wp-json\/wp\/v2\/wp_category?post=21837"},{"taxonomy":"author","embeddable":true,"href":"https:\/\/www.ecinews.fr\/fr\/wp-json\/wp\/v2\/ppma_author?post=21837"}],"curies":[{"name":"wp","href":"https:\/\/api.w.org\/{rel}","templated":true}]}}