{"id":21147,"date":"2017-11-21T10:30:55","date_gmt":"2017-11-21T10:30:55","guid":{"rendered":"https:\/\/\/white_papers\/diminuer-la-consommation-et-le-cablage-des-capteurs-de-donnees-relatives-a-lenvironnement\/"},"modified":"2022-01-26T15:10:45","modified_gmt":"2022-01-26T15:10:45","slug":"diminuer-la-consommation-et-le-cablage-des-capteurs-de-donnees-relatives-a-lenvironnement","status":"publish","type":"white_papers","link":"https:\/\/www.ecinews.fr\/fr\/white_papers\/diminuer-la-consommation-et-le-cablage-des-capteurs-de-donnees-relatives-a-lenvironnement\/","title":{"rendered":"Diminuer la consommation et le c\u00e2blage des capteurs de donn\u00e9es relatives \u00e0 l\u2019environnement"},"content":{"rendered":"","protected":false},"excerpt":{"rendered":"<p>Recueillir les donn\u00e9es relatives \u00e0 un environnement peut s\u2019av\u00e9rer utile pour comprendre les changements introduits dans l\u2019environnement par les algorithmes d\u2019immotique et pour r\u00e9unir davantage de donn\u00e9es sur la s\u00e9curit\u00e9 de la structure. L\u2019un des probl\u00e8mes li\u00e9s \u00e0 l\u2019ajout de capteurs dans un b\u00e2timent est l\u2019effort de c\u00e2blage consid\u00e9rable n\u00e9cessaire pour alimenter ces appareils et communiquer avec eux. \u00c0 l\u2019\u00e8re de l\u2019Internet des objets, les appareils connect\u00e9s dot\u00e9s de capteurs sans fil constituent une r\u00e9ponse au probl\u00e8me du c\u00e2blage. Celui de la dur\u00e9e de vie des batteries a \u00e9t\u00e9 abord\u00e9 dans un billet pr\u00e9c\u00e9dent, \u00ab Accro\u00eetre la dur\u00e9e de vie des batteries des appareils connect\u00e9s \u00bb. Toutefois, certaines applications demeurent filaires, notamment deux que je souhaite \u00e9voquer aujourd\u2019hui : les capteurs de lumi\u00e8re ambiante et les capteurs de surveillance des portes et fen\u00eatres. Il est possible de rendre sans fil ces applications habituellement filaires, et l\u2019op\u00e9ration est moins compliqu\u00e9e qu\u2019il n\u2019y para\u00eet.<\/p>\n","protected":false},"featured_media":21149,"template":"","tags":[],"company":[864],"wp_category":[],"ppma_author":[],"class_list":["post-21147","white_papers","type-white_papers","status-publish","has-post-thumbnail","hentry","company-texas-instruments"],"acf":[],"yoast_head":"<title>Diminuer la consommation et le c\u00e2blage des capteurs de donn\u00e9e...<\/title>\n<meta name=\"description\" content=\"Recueillir les donn\u00e9es relatives \u00e0 un environnement peut s\u2019av\u00e9rer utile pour comprendre les changements introduits dans l\u2019environnement par les...\" \/>\n<meta name=\"robots\" content=\"index, follow, max-snippet:-1, max-image-preview:large, max-video-preview:-1\" \/>\n<link rel=\"canonical\" href=\"https:\/\/www.ecinews.fr\/fr\/wp-json\/wp\/v2\/white_papers\/21147\/\" \/>\n<meta property=\"og:locale\" content=\"fr_FR\" \/>\n<meta property=\"og:type\" content=\"article\" \/>\n<meta property=\"og:title\" content=\"Diminuer la consommation et le c\u00e2blage des capteurs de donn\u00e9es relatives \u00e0 l\u2019environnement\" \/>\n<meta property=\"og:description\" content=\"Recueillir les donn\u00e9es relatives \u00e0 un environnement peut s\u2019av\u00e9rer utile pour comprendre les changements introduits dans l\u2019environnement par les algorithmes d\u2019immotique et pour r\u00e9unir davantage de donn\u00e9es sur la s\u00e9curit\u00e9 de la structure. L\u2019un des probl\u00e8mes li\u00e9s \u00e0 l\u2019ajout de capteurs dans un b\u00e2timent est l\u2019effort de c\u00e2blage consid\u00e9rable n\u00e9cessaire pour alimenter ces appareils et communiquer avec eux. \u00c0 l\u2019\u00e8re de l\u2019Internet des objets, les appareils connect\u00e9s dot\u00e9s de capteurs sans fil constituent une r\u00e9ponse au probl\u00e8me du c\u00e2blage. Celui de la dur\u00e9e de vie des batteries a \u00e9t\u00e9 abord\u00e9 dans un billet pr\u00e9c\u00e9dent, \u00ab Accro\u00eetre la dur\u00e9e de vie des batteries des appareils connect\u00e9s \u00bb. Toutefois, certaines applications demeurent filaires, notamment deux que je souhaite \u00e9voquer aujourd\u2019hui : les capteurs de lumi\u00e8re ambiante et les capteurs de surveillance des portes et fen\u00eatres. Il est possible de rendre sans fil ces applications habituellement filaires, et l\u2019op\u00e9ration est moins compliqu\u00e9e qu\u2019il n\u2019y para\u00eet.\" \/>\n<meta property=\"og:url\" content=\"https:\/\/www.ecinews.fr\/fr\/wp-json\/wp\/v2\/white_papers\/21147\/\" \/>\n<meta property=\"og:site_name\" content=\"EENewsEurope\" \/>\n<meta property=\"article:modified_time\" content=\"2022-01-26T15:10:45+00:00\" \/>\n<meta property=\"og:image\" content=\"https:\/\/www.ecinews.fr\/wp-content\/uploads\/import\/default\/files\/eci5929_ti.jpg\" \/>\n\t<meta property=\"og:image:width\" content=\"723\" \/>\n\t<meta property=\"og:image:height\" content=\"618\" \/>\n\t<meta property=\"og:image:type\" content=\"image\/jpeg\" \/>\n<meta name=\"twitter:card\" content=\"summary_large_image\" \/>\n<script type=\"application\/ld+json\" class=\"yoast-schema-graph\">{\"@context\":\"https:\/\/schema.org\",\"@graph\":[{\"@type\":\"WebPage\",\"@id\":\"https:\/\/www.ecinews.fr\/fr\/white_papers\/diminuer-la-consommation-et-le-cablage-des-capteurs-de-donnees-relatives-a-lenvironnement\/\",\"url\":\"https:\/\/www.ecinews.fr\/fr\/white_papers\/diminuer-la-consommation-et-le-cablage-des-capteurs-de-donnees-relatives-a-lenvironnement\/\",\"name\":\"Diminuer la consommation et le c\u00e2blage des capteurs de donn\u00e9es relatives \u00e0 l\u2019environnement -\",\"isPartOf\":{\"@id\":\"https:\/\/www.eenewseurope.com\/en\/#website\"},\"datePublished\":\"2017-11-21T10:30:55+00:00\",\"dateModified\":\"2022-01-26T15:10:45+00:00\",\"breadcrumb\":{\"@id\":\"https:\/\/www.ecinews.fr\/fr\/white_papers\/diminuer-la-consommation-et-le-cablage-des-capteurs-de-donnees-relatives-a-lenvironnement\/#breadcrumb\"},\"inLanguage\":\"fr-FR\",\"potentialAction\":[{\"@type\":\"ReadAction\",\"target\":[\"https:\/\/www.ecinews.fr\/fr\/white_papers\/diminuer-la-consommation-et-le-cablage-des-capteurs-de-donnees-relatives-a-lenvironnement\/\"]}]},{\"@type\":\"BreadcrumbList\",\"@id\":\"https:\/\/www.ecinews.fr\/fr\/white_papers\/diminuer-la-consommation-et-le-cablage-des-capteurs-de-donnees-relatives-a-lenvironnement\/#breadcrumb\",\"itemListElement\":[{\"@type\":\"ListItem\",\"position\":1,\"name\":\"Home\",\"item\":\"https:\/\/www.ecinews.fr\/fr\/\"},{\"@type\":\"ListItem\",\"position\":2,\"name\":\"Diminuer la consommation et le c\u00e2blage des capteurs de donn\u00e9es relatives \u00e0 l\u2019environnement\"}]},{\"@type\":\"WebSite\",\"@id\":\"https:\/\/www.eenewseurope.com\/en\/#website\",\"url\":\"https:\/\/www.eenewseurope.com\/en\/\",\"name\":\"EENewsEurope\",\"description\":\"Just another WordPress site\",\"publisher\":{\"@id\":\"https:\/\/www.eenewseurope.com\/en\/#organization\"},\"potentialAction\":[{\"@type\":\"SearchAction\",\"target\":{\"@type\":\"EntryPoint\",\"urlTemplate\":\"https:\/\/www.eenewseurope.com\/en\/?s={search_term_string}\"},\"query-input\":\"required name=search_term_string\"}],\"inLanguage\":\"fr-FR\"},{\"@type\":\"Organization\",\"@id\":\"https:\/\/www.eenewseurope.com\/en\/#organization\",\"name\":\"EENewsEurope\",\"url\":\"https:\/\/www.eenewseurope.com\/en\/\",\"logo\":{\"@type\":\"ImageObject\",\"inLanguage\":\"fr-FR\",\"@id\":\"https:\/\/www.eenewseurope.com\/en\/#\/schema\/logo\/image\/\",\"url\":\"https:\/\/www.ecinews.fr\/wp-content\/uploads\/2022\/02\/logo-1.jpg\",\"contentUrl\":\"https:\/\/www.ecinews.fr\/wp-content\/uploads\/2022\/02\/logo-1.jpg\",\"width\":283,\"height\":113,\"caption\":\"EENewsEurope\"},\"image\":{\"@id\":\"https:\/\/www.eenewseurope.com\/en\/#\/schema\/logo\/image\/\"}}]}<\/script>","yoast_head_json":{"title":"Diminuer la consommation et le c\u00e2blage des capteurs de donn\u00e9e...","description":"Recueillir les donn\u00e9es relatives \u00e0 un environnement peut s\u2019av\u00e9rer utile pour comprendre les changements introduits dans l\u2019environnement par les...","robots":{"index":"index","follow":"follow","max-snippet":"max-snippet:-1","max-image-preview":"max-image-preview:large","max-video-preview":"max-video-preview:-1"},"canonical":"https:\/\/www.ecinews.fr\/fr\/wp-json\/wp\/v2\/white_papers\/21147\/","og_locale":"fr_FR","og_type":"article","og_title":"Diminuer la consommation et le c\u00e2blage des capteurs de donn\u00e9es relatives \u00e0 l\u2019environnement","og_description":"Recueillir les donn\u00e9es relatives \u00e0 un environnement peut s\u2019av\u00e9rer utile pour comprendre les changements introduits dans l\u2019environnement par les algorithmes d\u2019immotique et pour r\u00e9unir davantage de donn\u00e9es sur la s\u00e9curit\u00e9 de la structure. L\u2019un des probl\u00e8mes li\u00e9s \u00e0 l\u2019ajout de capteurs dans un b\u00e2timent est l\u2019effort de c\u00e2blage consid\u00e9rable n\u00e9cessaire pour alimenter ces appareils et communiquer avec eux. \u00c0 l\u2019\u00e8re de l\u2019Internet des objets, les appareils connect\u00e9s dot\u00e9s de capteurs sans fil constituent une r\u00e9ponse au probl\u00e8me du c\u00e2blage. Celui de la dur\u00e9e de vie des batteries a \u00e9t\u00e9 abord\u00e9 dans un billet pr\u00e9c\u00e9dent, \u00ab Accro\u00eetre la dur\u00e9e de vie des batteries des appareils connect\u00e9s \u00bb. Toutefois, certaines applications demeurent filaires, notamment deux que je souhaite \u00e9voquer aujourd\u2019hui : les capteurs de lumi\u00e8re ambiante et les capteurs de surveillance des portes et fen\u00eatres. Il est possible de rendre sans fil ces applications habituellement filaires, et l\u2019op\u00e9ration est moins compliqu\u00e9e qu\u2019il n\u2019y para\u00eet.","og_url":"https:\/\/www.ecinews.fr\/fr\/wp-json\/wp\/v2\/white_papers\/21147\/","og_site_name":"EENewsEurope","article_modified_time":"2022-01-26T15:10:45+00:00","og_image":[{"width":723,"height":618,"url":"https:\/\/www.ecinews.fr\/wp-content\/uploads\/import\/default\/files\/eci5929_ti.jpg","type":"image\/jpeg"}],"twitter_card":"summary_large_image","schema":{"@context":"https:\/\/schema.org","@graph":[{"@type":"WebPage","@id":"https:\/\/www.ecinews.fr\/fr\/white_papers\/diminuer-la-consommation-et-le-cablage-des-capteurs-de-donnees-relatives-a-lenvironnement\/","url":"https:\/\/www.ecinews.fr\/fr\/white_papers\/diminuer-la-consommation-et-le-cablage-des-capteurs-de-donnees-relatives-a-lenvironnement\/","name":"Diminuer la consommation et le c\u00e2blage des capteurs de donn\u00e9es relatives \u00e0 l\u2019environnement -","isPartOf":{"@id":"https:\/\/www.eenewseurope.com\/en\/#website"},"datePublished":"2017-11-21T10:30:55+00:00","dateModified":"2022-01-26T15:10:45+00:00","breadcrumb":{"@id":"https:\/\/www.ecinews.fr\/fr\/white_papers\/diminuer-la-consommation-et-le-cablage-des-capteurs-de-donnees-relatives-a-lenvironnement\/#breadcrumb"},"inLanguage":"fr-FR","potentialAction":[{"@type":"ReadAction","target":["https:\/\/www.ecinews.fr\/fr\/white_papers\/diminuer-la-consommation-et-le-cablage-des-capteurs-de-donnees-relatives-a-lenvironnement\/"]}]},{"@type":"BreadcrumbList","@id":"https:\/\/www.ecinews.fr\/fr\/white_papers\/diminuer-la-consommation-et-le-cablage-des-capteurs-de-donnees-relatives-a-lenvironnement\/#breadcrumb","itemListElement":[{"@type":"ListItem","position":1,"name":"Home","item":"https:\/\/www.ecinews.fr\/fr\/"},{"@type":"ListItem","position":2,"name":"Diminuer la consommation et le c\u00e2blage des capteurs de donn\u00e9es relatives \u00e0 l\u2019environnement"}]},{"@type":"WebSite","@id":"https:\/\/www.eenewseurope.com\/en\/#website","url":"https:\/\/www.eenewseurope.com\/en\/","name":"EENewsEurope","description":"Just another WordPress site","publisher":{"@id":"https:\/\/www.eenewseurope.com\/en\/#organization"},"potentialAction":[{"@type":"SearchAction","target":{"@type":"EntryPoint","urlTemplate":"https:\/\/www.eenewseurope.com\/en\/?s={search_term_string}"},"query-input":"required name=search_term_string"}],"inLanguage":"fr-FR"},{"@type":"Organization","@id":"https:\/\/www.eenewseurope.com\/en\/#organization","name":"EENewsEurope","url":"https:\/\/www.eenewseurope.com\/en\/","logo":{"@type":"ImageObject","inLanguage":"fr-FR","@id":"https:\/\/www.eenewseurope.com\/en\/#\/schema\/logo\/image\/","url":"https:\/\/www.ecinews.fr\/wp-content\/uploads\/2022\/02\/logo-1.jpg","contentUrl":"https:\/\/www.ecinews.fr\/wp-content\/uploads\/2022\/02\/logo-1.jpg","width":283,"height":113,"caption":"EENewsEurope"},"image":{"@id":"https:\/\/www.eenewseurope.com\/en\/#\/schema\/logo\/image\/"}}]}},"_links":{"self":[{"href":"https:\/\/www.ecinews.fr\/fr\/wp-json\/wp\/v2\/white_papers\/21147"}],"collection":[{"href":"https:\/\/www.ecinews.fr\/fr\/wp-json\/wp\/v2\/white_papers"}],"about":[{"href":"https:\/\/www.ecinews.fr\/fr\/wp-json\/wp\/v2\/types\/white_papers"}],"wp:featuredmedia":[{"embeddable":true,"href":"https:\/\/www.ecinews.fr\/fr\/wp-json\/wp\/v2\/media\/21149"}],"wp:attachment":[{"href":"https:\/\/www.ecinews.fr\/fr\/wp-json\/wp\/v2\/media?parent=21147"}],"wp:term":[{"taxonomy":"post_tag","embeddable":true,"href":"https:\/\/www.ecinews.fr\/fr\/wp-json\/wp\/v2\/tags?post=21147"},{"taxonomy":"company","embeddable":true,"href":"https:\/\/www.ecinews.fr\/fr\/wp-json\/wp\/v2\/company?post=21147"},{"taxonomy":"wp_category","embeddable":true,"href":"https:\/\/www.ecinews.fr\/fr\/wp-json\/wp\/v2\/wp_category?post=21147"},{"taxonomy":"author","embeddable":true,"href":"https:\/\/www.ecinews.fr\/fr\/wp-json\/wp\/v2\/ppma_author?post=21147"}],"curies":[{"name":"wp","href":"https:\/\/api.w.org\/{rel}","templated":true}]}}