{"id":20230,"date":"2018-11-18T15:17:10","date_gmt":"2018-11-18T15:17:10","guid":{"rendered":"https:\/\/\/white_papers\/ajouter-la-commande-vocale-a-votre-application\/"},"modified":"2022-01-26T15:09:00","modified_gmt":"2022-01-26T15:09:00","slug":"ajouter-la-commande-vocale-a-votre-application","status":"publish","type":"white_papers","link":"https:\/\/www.ecinews.fr\/fr\/white_papers\/ajouter-la-commande-vocale-a-votre-application\/","title":{"rendered":"Ajouter la commande vocale \u00e0 votre application"},"content":{"rendered":"","protected":false},"excerpt":{"rendered":"<p>Depuis presque aussi longtemps qu&rsquo;existent les ordinateurs, les ing\u00e9nieurs travaillent \u00e0 am\u00e9liorer les moyens d&rsquo;interaction entre les humains et la technologie. Jusqu&rsquo;aux derni\u00e8res it\u00e9rations d&rsquo;\u00e9crans tactiles, la plupart des interfaces entre les humains et les ordinateurs consistaient en un compromis entre facilit\u00e9 d&rsquo;utilisation et contr\u00f4le granulaire. L&rsquo;\u00e9cran tactile offre une m\u00e9thode de contr\u00f4le bien plus naturelle et intuitive, accessible m\u00eame les enfants.<br \/>\nBien s\u00fbr, les \u00e9crans tactiles ne sont pas parfaits pour toutes les applications. Ils augmentent les co\u00fbts des applications bon march\u00e9, leur utilisation devient g\u00eanante sur les plus petits appareils, ils entra\u00eenent des inconv\u00e9nients sur les installations ext\u00e9rieures, que cela soit \u00e0 cause de l&rsquo;environnement ou du vandalisme, ils peuvent repr\u00e9senter une menace pour la s\u00e9curit\u00e9 et, bien s\u00fbr, interagir avec eux n\u00e9cessite une proximit\u00e9 physique. Dans des cas comme ceux-ci, les concepteurs ont besoin d&rsquo;un moyen plus intuitif de contr\u00f4ler les technologies, sans les inconv\u00e9nients. Pour ces applications et beaucoup d&rsquo;autres, la reconnaissance et le contr\u00f4le vocal peuvent repr\u00e9senter la technologie parfaite.   <\/p>\n","protected":false},"featured_media":20232,"template":"","tags":[],"company":[382],"wp_category":[],"ppma_author":[],"class_list":["post-20230","white_papers","type-white_papers","status-publish","has-post-thumbnail","hentry","company-farnell-element14"],"acf":[],"yoast_head":"<title>Ajouter la commande vocale \u00e0 votre application ...<\/title>\n<meta name=\"description\" content=\"Depuis presque aussi longtemps qu&#039;existent les ordinateurs, les ing\u00e9nieurs travaillent \u00e0 am\u00e9liorer les moyens d&#039;interaction entre les humains et la...\" \/>\n<meta name=\"robots\" content=\"index, follow, max-snippet:-1, max-image-preview:large, max-video-preview:-1\" \/>\n<link rel=\"canonical\" href=\"https:\/\/www.ecinews.fr\/fr\/wp-json\/wp\/v2\/white_papers\/20230\/\" \/>\n<meta property=\"og:locale\" content=\"fr_FR\" \/>\n<meta property=\"og:type\" content=\"article\" \/>\n<meta property=\"og:title\" content=\"Ajouter la commande vocale \u00e0 votre application\" \/>\n<meta property=\"og:description\" content=\"Depuis presque aussi longtemps qu&#039;existent les ordinateurs, les ing\u00e9nieurs travaillent \u00e0 am\u00e9liorer les moyens d&#039;interaction entre les humains et la technologie. Jusqu&#039;aux derni\u00e8res it\u00e9rations d&#039;\u00e9crans tactiles, la plupart des interfaces entre les humains et les ordinateurs consistaient en un compromis entre facilit\u00e9 d&#039;utilisation et contr\u00f4le granulaire. L&#039;\u00e9cran tactile offre une m\u00e9thode de contr\u00f4le bien plus naturelle et intuitive, accessible m\u00eame les enfants.  Bien s\u00fbr, les \u00e9crans tactiles ne sont pas parfaits pour toutes les applications. Ils augmentent les co\u00fbts des applications bon march\u00e9, leur utilisation devient g\u00eanante sur les plus petits appareils, ils entra\u00eenent des inconv\u00e9nients sur les installations ext\u00e9rieures, que cela soit \u00e0 cause de l&#039;environnement ou du vandalisme, ils peuvent repr\u00e9senter une menace pour la s\u00e9curit\u00e9 et, bien s\u00fbr, interagir avec eux n\u00e9cessite une proximit\u00e9 physique. Dans des cas comme ceux-ci, les concepteurs ont besoin d&#039;un moyen plus intuitif de contr\u00f4ler les technologies, sans les inconv\u00e9nients. Pour ces applications et beaucoup d&#039;autres, la reconnaissance et le contr\u00f4le vocal peuvent repr\u00e9senter la technologie parfaite.\" \/>\n<meta property=\"og:url\" content=\"https:\/\/www.ecinews.fr\/fr\/wp-json\/wp\/v2\/white_papers\/20230\/\" \/>\n<meta property=\"og:site_name\" content=\"EENewsEurope\" \/>\n<meta property=\"article:modified_time\" content=\"2022-01-26T15:09:00+00:00\" \/>\n<meta property=\"og:image\" content=\"https:\/\/www.ecinews.fr\/wp-content\/uploads\/import\/default\/files\/eci6721_farnell_applic_1.jpg\" \/>\n\t<meta property=\"og:image:width\" content=\"2362\" \/>\n\t<meta property=\"og:image:height\" content=\"2172\" \/>\n\t<meta property=\"og:image:type\" content=\"image\/jpeg\" \/>\n<meta name=\"twitter:card\" content=\"summary_large_image\" \/>\n<script type=\"application\/ld+json\" class=\"yoast-schema-graph\">{\"@context\":\"https:\/\/schema.org\",\"@graph\":[{\"@type\":\"WebPage\",\"@id\":\"https:\/\/www.ecinews.fr\/fr\/white_papers\/ajouter-la-commande-vocale-a-votre-application\/\",\"url\":\"https:\/\/www.ecinews.fr\/fr\/white_papers\/ajouter-la-commande-vocale-a-votre-application\/\",\"name\":\"Ajouter la commande vocale \u00e0 votre application -\",\"isPartOf\":{\"@id\":\"https:\/\/www.eenewseurope.com\/en\/#website\"},\"datePublished\":\"2018-11-18T15:17:10+00:00\",\"dateModified\":\"2022-01-26T15:09:00+00:00\",\"breadcrumb\":{\"@id\":\"https:\/\/www.ecinews.fr\/fr\/white_papers\/ajouter-la-commande-vocale-a-votre-application\/#breadcrumb\"},\"inLanguage\":\"fr-FR\",\"potentialAction\":[{\"@type\":\"ReadAction\",\"target\":[\"https:\/\/www.ecinews.fr\/fr\/white_papers\/ajouter-la-commande-vocale-a-votre-application\/\"]}]},{\"@type\":\"BreadcrumbList\",\"@id\":\"https:\/\/www.ecinews.fr\/fr\/white_papers\/ajouter-la-commande-vocale-a-votre-application\/#breadcrumb\",\"itemListElement\":[{\"@type\":\"ListItem\",\"position\":1,\"name\":\"Home\",\"item\":\"https:\/\/www.ecinews.fr\/fr\/\"},{\"@type\":\"ListItem\",\"position\":2,\"name\":\"Ajouter la commande vocale \u00e0 votre application\"}]},{\"@type\":\"WebSite\",\"@id\":\"https:\/\/www.eenewseurope.com\/en\/#website\",\"url\":\"https:\/\/www.eenewseurope.com\/en\/\",\"name\":\"EENewsEurope\",\"description\":\"Just another WordPress site\",\"publisher\":{\"@id\":\"https:\/\/www.eenewseurope.com\/en\/#organization\"},\"potentialAction\":[{\"@type\":\"SearchAction\",\"target\":{\"@type\":\"EntryPoint\",\"urlTemplate\":\"https:\/\/www.eenewseurope.com\/en\/?s={search_term_string}\"},\"query-input\":\"required name=search_term_string\"}],\"inLanguage\":\"fr-FR\"},{\"@type\":\"Organization\",\"@id\":\"https:\/\/www.eenewseurope.com\/en\/#organization\",\"name\":\"EENewsEurope\",\"url\":\"https:\/\/www.eenewseurope.com\/en\/\",\"logo\":{\"@type\":\"ImageObject\",\"inLanguage\":\"fr-FR\",\"@id\":\"https:\/\/www.eenewseurope.com\/en\/#\/schema\/logo\/image\/\",\"url\":\"https:\/\/www.ecinews.fr\/wp-content\/uploads\/2022\/02\/logo-1.jpg\",\"contentUrl\":\"https:\/\/www.ecinews.fr\/wp-content\/uploads\/2022\/02\/logo-1.jpg\",\"width\":283,\"height\":113,\"caption\":\"EENewsEurope\"},\"image\":{\"@id\":\"https:\/\/www.eenewseurope.com\/en\/#\/schema\/logo\/image\/\"}}]}<\/script>","yoast_head_json":{"title":"Ajouter la commande vocale \u00e0 votre application ...","description":"Depuis presque aussi longtemps qu'existent les ordinateurs, les ing\u00e9nieurs travaillent \u00e0 am\u00e9liorer les moyens d'interaction entre les humains et la...","robots":{"index":"index","follow":"follow","max-snippet":"max-snippet:-1","max-image-preview":"max-image-preview:large","max-video-preview":"max-video-preview:-1"},"canonical":"https:\/\/www.ecinews.fr\/fr\/wp-json\/wp\/v2\/white_papers\/20230\/","og_locale":"fr_FR","og_type":"article","og_title":"Ajouter la commande vocale \u00e0 votre application","og_description":"Depuis presque aussi longtemps qu'existent les ordinateurs, les ing\u00e9nieurs travaillent \u00e0 am\u00e9liorer les moyens d'interaction entre les humains et la technologie. Jusqu'aux derni\u00e8res it\u00e9rations d'\u00e9crans tactiles, la plupart des interfaces entre les humains et les ordinateurs consistaient en un compromis entre facilit\u00e9 d'utilisation et contr\u00f4le granulaire. L'\u00e9cran tactile offre une m\u00e9thode de contr\u00f4le bien plus naturelle et intuitive, accessible m\u00eame les enfants.  Bien s\u00fbr, les \u00e9crans tactiles ne sont pas parfaits pour toutes les applications. Ils augmentent les co\u00fbts des applications bon march\u00e9, leur utilisation devient g\u00eanante sur les plus petits appareils, ils entra\u00eenent des inconv\u00e9nients sur les installations ext\u00e9rieures, que cela soit \u00e0 cause de l'environnement ou du vandalisme, ils peuvent repr\u00e9senter une menace pour la s\u00e9curit\u00e9 et, bien s\u00fbr, interagir avec eux n\u00e9cessite une proximit\u00e9 physique. Dans des cas comme ceux-ci, les concepteurs ont besoin d'un moyen plus intuitif de contr\u00f4ler les technologies, sans les inconv\u00e9nients. Pour ces applications et beaucoup d'autres, la reconnaissance et le contr\u00f4le vocal peuvent repr\u00e9senter la technologie parfaite.","og_url":"https:\/\/www.ecinews.fr\/fr\/wp-json\/wp\/v2\/white_papers\/20230\/","og_site_name":"EENewsEurope","article_modified_time":"2022-01-26T15:09:00+00:00","og_image":[{"width":2362,"height":2172,"url":"https:\/\/www.ecinews.fr\/wp-content\/uploads\/import\/default\/files\/eci6721_farnell_applic_1.jpg","type":"image\/jpeg"}],"twitter_card":"summary_large_image","schema":{"@context":"https:\/\/schema.org","@graph":[{"@type":"WebPage","@id":"https:\/\/www.ecinews.fr\/fr\/white_papers\/ajouter-la-commande-vocale-a-votre-application\/","url":"https:\/\/www.ecinews.fr\/fr\/white_papers\/ajouter-la-commande-vocale-a-votre-application\/","name":"Ajouter la commande vocale \u00e0 votre application -","isPartOf":{"@id":"https:\/\/www.eenewseurope.com\/en\/#website"},"datePublished":"2018-11-18T15:17:10+00:00","dateModified":"2022-01-26T15:09:00+00:00","breadcrumb":{"@id":"https:\/\/www.ecinews.fr\/fr\/white_papers\/ajouter-la-commande-vocale-a-votre-application\/#breadcrumb"},"inLanguage":"fr-FR","potentialAction":[{"@type":"ReadAction","target":["https:\/\/www.ecinews.fr\/fr\/white_papers\/ajouter-la-commande-vocale-a-votre-application\/"]}]},{"@type":"BreadcrumbList","@id":"https:\/\/www.ecinews.fr\/fr\/white_papers\/ajouter-la-commande-vocale-a-votre-application\/#breadcrumb","itemListElement":[{"@type":"ListItem","position":1,"name":"Home","item":"https:\/\/www.ecinews.fr\/fr\/"},{"@type":"ListItem","position":2,"name":"Ajouter la commande vocale \u00e0 votre application"}]},{"@type":"WebSite","@id":"https:\/\/www.eenewseurope.com\/en\/#website","url":"https:\/\/www.eenewseurope.com\/en\/","name":"EENewsEurope","description":"Just another WordPress site","publisher":{"@id":"https:\/\/www.eenewseurope.com\/en\/#organization"},"potentialAction":[{"@type":"SearchAction","target":{"@type":"EntryPoint","urlTemplate":"https:\/\/www.eenewseurope.com\/en\/?s={search_term_string}"},"query-input":"required name=search_term_string"}],"inLanguage":"fr-FR"},{"@type":"Organization","@id":"https:\/\/www.eenewseurope.com\/en\/#organization","name":"EENewsEurope","url":"https:\/\/www.eenewseurope.com\/en\/","logo":{"@type":"ImageObject","inLanguage":"fr-FR","@id":"https:\/\/www.eenewseurope.com\/en\/#\/schema\/logo\/image\/","url":"https:\/\/www.ecinews.fr\/wp-content\/uploads\/2022\/02\/logo-1.jpg","contentUrl":"https:\/\/www.ecinews.fr\/wp-content\/uploads\/2022\/02\/logo-1.jpg","width":283,"height":113,"caption":"EENewsEurope"},"image":{"@id":"https:\/\/www.eenewseurope.com\/en\/#\/schema\/logo\/image\/"}}]}},"_links":{"self":[{"href":"https:\/\/www.ecinews.fr\/fr\/wp-json\/wp\/v2\/white_papers\/20230"}],"collection":[{"href":"https:\/\/www.ecinews.fr\/fr\/wp-json\/wp\/v2\/white_papers"}],"about":[{"href":"https:\/\/www.ecinews.fr\/fr\/wp-json\/wp\/v2\/types\/white_papers"}],"wp:featuredmedia":[{"embeddable":true,"href":"https:\/\/www.ecinews.fr\/fr\/wp-json\/wp\/v2\/media\/20232"}],"wp:attachment":[{"href":"https:\/\/www.ecinews.fr\/fr\/wp-json\/wp\/v2\/media?parent=20230"}],"wp:term":[{"taxonomy":"post_tag","embeddable":true,"href":"https:\/\/www.ecinews.fr\/fr\/wp-json\/wp\/v2\/tags?post=20230"},{"taxonomy":"company","embeddable":true,"href":"https:\/\/www.ecinews.fr\/fr\/wp-json\/wp\/v2\/company?post=20230"},{"taxonomy":"wp_category","embeddable":true,"href":"https:\/\/www.ecinews.fr\/fr\/wp-json\/wp\/v2\/wp_category?post=20230"},{"taxonomy":"author","embeddable":true,"href":"https:\/\/www.ecinews.fr\/fr\/wp-json\/wp\/v2\/ppma_author?post=20230"}],"curies":[{"name":"wp","href":"https:\/\/api.w.org\/{rel}","templated":true}]}}