{"version":"1.0","provider_name":"EENewsEurope","provider_url":"https:\/\/www.ecinews.fr\/fr\/","author_name":"eeNews Europe","author_url":"https:\/\/www.ecinews.fr\/fr\/author\/eenews-europe\/","title":"Utilisation des capacit\u00e9s du noyau USB","type":"rich","width":600,"height":338,"html":"<blockquote class=\"wp-embedded-content\" data-secret=\"ozCoOTa9v0\"><a href=\"https:\/\/www.ecinews.fr\/fr\/white_papers\/utilisation-des-capacites-du-noyau-usb\/\">Utilisation des capacit\u00e9s du noyau USB<\/a><\/blockquote><iframe sandbox=\"allow-scripts\" security=\"restricted\" src=\"https:\/\/www.ecinews.fr\/fr\/white_papers\/utilisation-des-capacites-du-noyau-usb\/embed\/#?secret=ozCoOTa9v0\" width=\"600\" height=\"338\" title=\"\u00ab\u00a0Utilisation des capacit\u00e9s du noyau USB\u00a0\u00bb &#8212; EENewsEurope\" data-secret=\"ozCoOTa9v0\" frameborder=\"0\" marginwidth=\"0\" marginheight=\"0\" scrolling=\"no\" class=\"wp-embedded-content\"><\/iframe><script type=\"text\/javascript\">\n\/* <![CDATA[ *\/\n\/*! This file is auto-generated *\/\n!function(d,l){\"use strict\";l.querySelector&&d.addEventListener&&\"undefined\"!=typeof URL&&(d.wp=d.wp||{},d.wp.receiveEmbedMessage||(d.wp.receiveEmbedMessage=function(e){var t=e.data;if((t||t.secret||t.message||t.value)&&!\/[^a-zA-Z0-9]\/.test(t.secret)){for(var s,r,n,a=l.querySelectorAll('iframe[data-secret=\"'+t.secret+'\"]'),o=l.querySelectorAll('blockquote[data-secret=\"'+t.secret+'\"]'),c=new RegExp(\"^https?:$\",\"i\"),i=0;i<o.length;i++)o[i].style.display=\"none\";for(i=0;i<a.length;i++)s=a[i],e.source===s.contentWindow&&(s.removeAttribute(\"style\"),\"height\"===t.message?(1e3<(r=parseInt(t.value,10))?r=1e3:~~r<200&&(r=200),s.height=r):\"link\"===t.message&&(r=new URL(s.getAttribute(\"src\")),n=new URL(t.value),c.test(n.protocol))&&n.host===r.host&&l.activeElement===s&&(d.top.location.href=t.value))}},d.addEventListener(\"message\",d.wp.receiveEmbedMessage,!1),l.addEventListener(\"DOMContentLoaded\",function(){for(var e,t,s=l.querySelectorAll(\"iframe.wp-embedded-content\"),r=0;r<s.length;r++)(t=(e=s[r]).getAttribute(\"data-secret\"))||(t=Math.random().toString(36).substring(2,12),e.src+=\"#?secret=\"+t,e.setAttribute(\"data-secret\",t)),e.contentWindow.postMessage({message:\"ready\",secret:t},\"*\")},!1)))}(window,document);\n\/* ]]> *\/\n<\/script>\n","thumbnail_url":"https:\/\/cdn.eenewseurope.com\/wp-content\/uploads\/import\/default\/files\/import\/eci1965_ftdi-scaled.jpg","thumbnail_width":2560,"thumbnail_height":1810,"description":"L'USB (Universal Serial Bus, ou bus s\u00e9rie universel) est consid\u00e9r\u00e9 depuis longtemps comme l'un des piliers de l'environnement PC, dans la mesure o\u00f9 il permet d'interfacer des p\u00e9riph\u00e9riques, des appareils grand-public, ou des \u00e9quipements de stockage, \u00e0 un PC h\u00f4te, tout en permettant de les alimenter. Plus r\u00e9cemment, un march\u00e9 s'est d\u00e9velopp\u00e9 au-del\u00e0 de cette sph\u00e8re, pour r\u00e9pondre \u00e0 une demande d'int\u00e9grer des fonctionnalit\u00e9s USB \u00e0 d'anciens syst\u00e8mes embarqu\u00e9s, pour les doter de caract\u00e9ristiques ou de fonctionnalit\u00e9s plus \u00e9volu\u00e9es."}