{"version":"1.0","provider_name":"EENewsEurope","provider_url":"https:\/\/www.ecinews.fr\/fr\/","author_name":"Alain Dieul","author_url":"https:\/\/www.ecinews.fr\/fr\/author\/alaindieul\/","title":"Les microcontr\u00f4leurs dans l'\u00e9lectronique port\u00e9e","type":"rich","width":600,"height":338,"html":"<blockquote class=\"wp-embedded-content\" data-secret=\"hJ5FVmJAzf\"><a href=\"https:\/\/www.ecinews.fr\/fr\/white_papers\/les-microcontroleurs-dans-lelectronique-portee\/\">Les microcontr\u00f4leurs dans l&rsquo;\u00e9lectronique port\u00e9e<\/a><\/blockquote><iframe sandbox=\"allow-scripts\" security=\"restricted\" src=\"https:\/\/www.ecinews.fr\/fr\/white_papers\/les-microcontroleurs-dans-lelectronique-portee\/embed\/#?secret=hJ5FVmJAzf\" width=\"600\" height=\"338\" title=\"\u00ab\u00a0Les microcontr\u00f4leurs dans l&rsquo;\u00e9lectronique port\u00e9e\u00a0\u00bb &#8212; EENewsEurope\" data-secret=\"hJ5FVmJAzf\" frameborder=\"0\" marginwidth=\"0\" marginheight=\"0\" scrolling=\"no\" class=\"wp-embedded-content\"><\/iframe><script type=\"text\/javascript\">\n\/* <![CDATA[ *\/\n\/*! This file is auto-generated *\/\n!function(d,l){\"use strict\";l.querySelector&&d.addEventListener&&\"undefined\"!=typeof URL&&(d.wp=d.wp||{},d.wp.receiveEmbedMessage||(d.wp.receiveEmbedMessage=function(e){var t=e.data;if((t||t.secret||t.message||t.value)&&!\/[^a-zA-Z0-9]\/.test(t.secret)){for(var s,r,n,a=l.querySelectorAll('iframe[data-secret=\"'+t.secret+'\"]'),o=l.querySelectorAll('blockquote[data-secret=\"'+t.secret+'\"]'),c=new RegExp(\"^https?:$\",\"i\"),i=0;i<o.length;i++)o[i].style.display=\"none\";for(i=0;i<a.length;i++)s=a[i],e.source===s.contentWindow&&(s.removeAttribute(\"style\"),\"height\"===t.message?(1e3<(r=parseInt(t.value,10))?r=1e3:~~r<200&&(r=200),s.height=r):\"link\"===t.message&&(r=new URL(s.getAttribute(\"src\")),n=new URL(t.value),c.test(n.protocol))&&n.host===r.host&&l.activeElement===s&&(d.top.location.href=t.value))}},d.addEventListener(\"message\",d.wp.receiveEmbedMessage,!1),l.addEventListener(\"DOMContentLoaded\",function(){for(var e,t,s=l.querySelectorAll(\"iframe.wp-embedded-content\"),r=0;r<s.length;r++)(t=(e=s[r]).getAttribute(\"data-secret\"))||(t=Math.random().toString(36).substring(2,12),e.src+=\"#?secret=\"+t,e.setAttribute(\"data-secret\",t)),e.contentWindow.postMessage({message:\"ready\",secret:t},\"*\")},!1)))}(window,document);\n\/* ]]> *\/\n<\/script>\n","thumbnail_url":"https:\/\/test.ecinews.fr\/wp-content\/uploads\/import\/default\/files\/eci5507_cypress_fig1_-_role_of_sensor_hub_in_a_wearable_system-scaled.jpg","thumbnail_width":2560,"thumbnail_height":1212,"description":"La technologie 'wearable', autrement dite port\u00e9e, fait actuellement le buzz dans l'industrie \u00e9lectronique grand public. Toute soci\u00e9t\u00e9 de ce secteur se doit d'annoncer le lancement d'un de ces accessoires port\u00e9s, appareils \u00e9lectroniques miniatures que nous portons habituellement sur nous, souvent int\u00e9gr\u00e9s \u00e0 un accessoire existant ou con\u00e7us pour le remplacer. Cette r\u00e9volution s'accompagne d'une demande croissante d'accessoires plus petits et plus intuitifs. Parmi les accessoires concern\u00e9s par cette tendance on peut citer les montres intelligentes, les lunettes intelligentes, les traceurs d'activit\u00e9 sportive ou de fitness. En dehors de l'\u00e9lectronique grand public la tendance gagne \u00e9galement une place significative dans le domaine m\u00e9dical.  Par voie de cons\u00e9quence l'\u00e9lectronique int\u00e9gr\u00e9e \u00e0 ces appareils doit suivre le mouvement de miniaturisation. Le composant \u00e9lectronique principal est le microcontr\u00f4leur (MCU : MicroController Unit)."}