{"version":"1.0","provider_name":"EENewsEurope","provider_url":"https:\/\/www.ecinews.fr\/fr\/","author_name":"Daniel Cardon","author_url":"https:\/\/www.ecinews.fr\/fr\/author\/danielcardon\/","title":"Volkswagen d\u00e9couvre l'\u00e9lectrique et l'e-mobilit\u00e9","type":"rich","width":600,"height":338,"html":"<blockquote class=\"wp-embedded-content\" data-secret=\"FLYfoFUMRf\"><a href=\"https:\/\/www.ecinews.fr\/fr\/volkswagen-decouvre-lelectrique-et-le-mobilite\/\">Volkswagen d\u00e9couvre l&rsquo;\u00e9lectrique et l&rsquo;e-mobilit\u00e9<\/a><\/blockquote><iframe sandbox=\"allow-scripts\" security=\"restricted\" src=\"https:\/\/www.ecinews.fr\/fr\/volkswagen-decouvre-lelectrique-et-le-mobilite\/embed\/#?secret=FLYfoFUMRf\" width=\"600\" height=\"338\" title=\"\u00ab\u00a0Volkswagen d\u00e9couvre l&rsquo;\u00e9lectrique et l&rsquo;e-mobilit\u00e9\u00a0\u00bb &#8212; EENewsEurope\" data-secret=\"FLYfoFUMRf\" frameborder=\"0\" marginwidth=\"0\" marginheight=\"0\" scrolling=\"no\" class=\"wp-embedded-content\"><\/iframe><script type=\"text\/javascript\">\n\/* <![CDATA[ *\/\n\/*! This file is auto-generated *\/\n!function(d,l){\"use strict\";l.querySelector&&d.addEventListener&&\"undefined\"!=typeof URL&&(d.wp=d.wp||{},d.wp.receiveEmbedMessage||(d.wp.receiveEmbedMessage=function(e){var t=e.data;if((t||t.secret||t.message||t.value)&&!\/[^a-zA-Z0-9]\/.test(t.secret)){for(var s,r,n,a=l.querySelectorAll('iframe[data-secret=\"'+t.secret+'\"]'),o=l.querySelectorAll('blockquote[data-secret=\"'+t.secret+'\"]'),c=new RegExp(\"^https?:$\",\"i\"),i=0;i<o.length;i++)o[i].style.display=\"none\";for(i=0;i<a.length;i++)s=a[i],e.source===s.contentWindow&&(s.removeAttribute(\"style\"),\"height\"===t.message?(1e3<(r=parseInt(t.value,10))?r=1e3:~~r<200&&(r=200),s.height=r):\"link\"===t.message&&(r=new URL(s.getAttribute(\"src\")),n=new URL(t.value),c.test(n.protocol))&&n.host===r.host&&l.activeElement===s&&(d.top.location.href=t.value))}},d.addEventListener(\"message\",d.wp.receiveEmbedMessage,!1),l.addEventListener(\"DOMContentLoaded\",function(){for(var e,t,s=l.querySelectorAll(\"iframe.wp-embedded-content\"),r=0;r<s.length;r++)(t=(e=s[r]).getAttribute(\"data-secret\"))||(t=Math.random().toString(36).substring(2,12),e.src+=\"#?secret=\"+t,e.setAttribute(\"data-secret\",t)),e.contentWindow.postMessage({message:\"ready\",secret:t},\"*\")},!1)))}(window,document);\n\/* ]]> *\/\n<\/script>\n","thumbnail_url":"https:\/\/www.ecinews.fr\/wp-content\/uploads\/import\/default\/files\/sites\/default\/files\/images\/volgwagen.jpg","thumbnail_width":595,"thumbnail_height":397,"description":"Afin de rem\u00e9dier \u00e0 la crise g\u00e9n\u00e9r\u00e9e par les logiciels truqu\u00e9s sur les \u00e9missions de gaz, Volkswagen veut se r\u00e9inventer. La \u00abStrat\u00e9gie 2025\u00bb, pr\u00e9sent\u00e9e par le PDG Matthias M\u00fcller, met l'\u00e9lectrique et la conduite autonome au centre des plans de nouveaux mod\u00e8les de v\u00e9hicules de la soci\u00e9t\u00e9. Des mesures d'accompagnement porteront sur le\u00a0d\u00e9veloppement de batteries de traction ainsi que sur de nouvelles approches de la mobilit\u00e9."}