{"version":"1.0","provider_name":"EENewsEurope","provider_url":"https:\/\/www.ecinews.fr\/fr\/","author_name":"Alain Dieul","author_url":"https:\/\/www.ecinews.fr\/fr\/author\/alaindieul\/","title":"Verkor choisit Dunkerque pour sa premi\u00e8re Gigafactory","type":"rich","width":600,"height":338,"html":"<blockquote class=\"wp-embedded-content\" data-secret=\"PXV27VynIK\"><a href=\"https:\/\/www.ecinews.fr\/fr\/verkor-choisit-dunkerque-pour-sa-premiere-gigafactory\/\">Verkor choisit Dunkerque pour sa premi\u00e8re Gigafactory<\/a><\/blockquote><iframe sandbox=\"allow-scripts\" security=\"restricted\" src=\"https:\/\/www.ecinews.fr\/fr\/verkor-choisit-dunkerque-pour-sa-premiere-gigafactory\/embed\/#?secret=PXV27VynIK\" width=\"600\" height=\"338\" title=\"\u00ab\u00a0Verkor choisit Dunkerque pour sa premi\u00e8re Gigafactory\u00a0\u00bb &#8212; EENewsEurope\" data-secret=\"PXV27VynIK\" frameborder=\"0\" marginwidth=\"0\" marginheight=\"0\" scrolling=\"no\" class=\"wp-embedded-content\"><\/iframe><script type=\"text\/javascript\">\n\/* <![CDATA[ *\/\n\/*! This file is auto-generated *\/\n!function(d,l){\"use strict\";l.querySelector&&d.addEventListener&&\"undefined\"!=typeof URL&&(d.wp=d.wp||{},d.wp.receiveEmbedMessage||(d.wp.receiveEmbedMessage=function(e){var t=e.data;if((t||t.secret||t.message||t.value)&&!\/[^a-zA-Z0-9]\/.test(t.secret)){for(var s,r,n,a=l.querySelectorAll('iframe[data-secret=\"'+t.secret+'\"]'),o=l.querySelectorAll('blockquote[data-secret=\"'+t.secret+'\"]'),c=new RegExp(\"^https?:$\",\"i\"),i=0;i<o.length;i++)o[i].style.display=\"none\";for(i=0;i<a.length;i++)s=a[i],e.source===s.contentWindow&&(s.removeAttribute(\"style\"),\"height\"===t.message?(1e3<(r=parseInt(t.value,10))?r=1e3:~~r<200&&(r=200),s.height=r):\"link\"===t.message&&(r=new URL(s.getAttribute(\"src\")),n=new URL(t.value),c.test(n.protocol))&&n.host===r.host&&l.activeElement===s&&(d.top.location.href=t.value))}},d.addEventListener(\"message\",d.wp.receiveEmbedMessage,!1),l.addEventListener(\"DOMContentLoaded\",function(){for(var e,t,s=l.querySelectorAll(\"iframe.wp-embedded-content\"),r=0;r<s.length;r++)(t=(e=s[r]).getAttribute(\"data-secret\"))||(t=Math.random().toString(36).substring(2,12),e.src+=\"#?secret=\"+t,e.setAttribute(\"data-secret\",t)),e.contentWindow.postMessage({message:\"ready\",secret:t},\"*\")},!1)))}(window,document);\n\/* ]]> *\/\n<\/script>\n","thumbnail_url":"https:\/\/www.ecinews.fr\/wp-content\/uploads\/2022\/02\/ECI1004_Verkor_actu.jpg","thumbnail_width":962,"thumbnail_height":536,"description":"L&rsquo;entreprise industrielle fran\u00e7aise Verkor annonce la s\u00e9lection du port de Dunkerque pour la construction de sa premi\u00e8re Gigafactory pour le d\u00e9veloppement de cellules de batterie bas-carbone con\u00e7ues pour soutenir les objectifs europ\u00e9ens de neutralit\u00e9 carbone. La premi\u00e8re livraison de batteries \u00e0 faible teneur en carbone et \u00e0 haute performance pour les v\u00e9hicules \u00e9lectriques, pr\u00e9vue pour [&hellip;]"}