{"version":"1.0","provider_name":"EENewsEurope","provider_url":"https:\/\/www.ecinews.fr\/fr\/","author_name":"Alain Dieul","author_url":"https:\/\/www.ecinews.fr\/fr\/author\/alaindieul\/","title":"Microcontr\u00f4leur pour \u00e9quipements ADAS et v\u00e9hicules autonomes","type":"rich","width":600,"height":338,"html":"<blockquote class=\"wp-embedded-content\" data-secret=\"srxlsJAQyn\"><a href=\"https:\/\/www.ecinews.fr\/fr\/microcontroleur-pour-equipements-adas-et-vehicules-autonomes\/\">Microcontr\u00f4leur pour \u00e9quipements ADAS et v\u00e9hicules autonomes<\/a><\/blockquote><iframe sandbox=\"allow-scripts\" security=\"restricted\" src=\"https:\/\/www.ecinews.fr\/fr\/microcontroleur-pour-equipements-adas-et-vehicules-autonomes\/embed\/#?secret=srxlsJAQyn\" width=\"600\" height=\"338\" title=\"\u00ab\u00a0Microcontr\u00f4leur pour \u00e9quipements ADAS et v\u00e9hicules autonomes\u00a0\u00bb &#8212; EENewsEurope\" data-secret=\"srxlsJAQyn\" frameborder=\"0\" marginwidth=\"0\" marginheight=\"0\" scrolling=\"no\" class=\"wp-embedded-content\"><\/iframe><script type=\"text\/javascript\">\n\/* <![CDATA[ *\/\n\/*! This file is auto-generated *\/\n!function(d,l){\"use strict\";l.querySelector&&d.addEventListener&&\"undefined\"!=typeof URL&&(d.wp=d.wp||{},d.wp.receiveEmbedMessage||(d.wp.receiveEmbedMessage=function(e){var t=e.data;if((t||t.secret||t.message||t.value)&&!\/[^a-zA-Z0-9]\/.test(t.secret)){for(var s,r,n,a=l.querySelectorAll('iframe[data-secret=\"'+t.secret+'\"]'),o=l.querySelectorAll('blockquote[data-secret=\"'+t.secret+'\"]'),c=new RegExp(\"^https?:$\",\"i\"),i=0;i<o.length;i++)o[i].style.display=\"none\";for(i=0;i<a.length;i++)s=a[i],e.source===s.contentWindow&&(s.removeAttribute(\"style\"),\"height\"===t.message?(1e3<(r=parseInt(t.value,10))?r=1e3:~~r<200&&(r=200),s.height=r):\"link\"===t.message&&(r=new URL(s.getAttribute(\"src\")),n=new URL(t.value),c.test(n.protocol))&&n.host===r.host&&l.activeElement===s&&(d.top.location.href=t.value))}},d.addEventListener(\"message\",d.wp.receiveEmbedMessage,!1),l.addEventListener(\"DOMContentLoaded\",function(){for(var e,t,s=l.querySelectorAll(\"iframe.wp-embedded-content\"),r=0;r<s.length;r++)(t=(e=s[r]).getAttribute(\"data-secret\"))||(t=Math.random().toString(36).substring(2,12),e.src+=\"#?secret=\"+t,e.setAttribute(\"data-secret\",t)),e.contentWindow.postMessage({message:\"ready\",secret:t},\"*\")},!1)))}(window,document);\n\/* ]]> *\/\n<\/script>\n","thumbnail_url":"https:\/\/www.ecinews.fr\/wp-content\/uploads\/import\/default\/files\/sites\/default\/files\/images\/eci8262_renesas_ren0672_rh850_v1r-m.jpg","thumbnail_width":1000,"thumbnail_height":700,"description":"Premi\u00e8re famille de microcontr\u00f4leur radar automobile 32 bits, la s\u00e9rie RH850\/V1R de Renesas Electronics offrira les hautes performances et les fonctionnalit\u00e9s requises pour l'activation des futurs syst\u00e8mes avanc\u00e9s d'assistance \u00e0 la conduite (ADAS) et les v\u00e9hicules autonomes. Premier produit de la s\u00e9rie destin\u00e9 aux radars de moyenne \u00e0 longue port\u00e9e, le RH850\/V1R-M comprend un processeur de signal num\u00e9rique et des interfaces s\u00e9rie \u00e0 haut d\u00e9bit."}