{"version":"1.0","provider_name":"EENewsEurope","provider_url":"https:\/\/www.ecinews.fr\/fr\/","author_name":"Alain Dieul","author_url":"https:\/\/www.ecinews.fr\/fr\/author\/alain-dieul\/","title":"L\u2019Internet sans radiation \u00e9lectromagn\u00e9tique en maternelle","type":"rich","width":600,"height":338,"html":"<blockquote class=\"wp-embedded-content\" data-secret=\"gl4RyRlRLV\"><a href=\"https:\/\/www.ecinews.fr\/fr\/linternet-sans-radiation-electromagnetique-en-maternelle\/\">L\u2019Internet sans radiation \u00e9lectromagn\u00e9tique en maternelle<\/a><\/blockquote><iframe sandbox=\"allow-scripts\" security=\"restricted\" src=\"https:\/\/www.ecinews.fr\/fr\/linternet-sans-radiation-electromagnetique-en-maternelle\/embed\/#?secret=gl4RyRlRLV\" width=\"600\" height=\"338\" title=\"\u00ab\u00a0L\u2019Internet sans radiation \u00e9lectromagn\u00e9tique en maternelle\u00a0\u00bb &#8212; EENewsEurope\" data-secret=\"gl4RyRlRLV\" frameborder=\"0\" marginwidth=\"0\" marginheight=\"0\" scrolling=\"no\" class=\"wp-embedded-content\"><\/iframe><script type=\"text\/javascript\">\n\/* <![CDATA[ *\/\n\/*! This file is auto-generated *\/\n!function(d,l){\"use strict\";l.querySelector&&d.addEventListener&&\"undefined\"!=typeof URL&&(d.wp=d.wp||{},d.wp.receiveEmbedMessage||(d.wp.receiveEmbedMessage=function(e){var t=e.data;if((t||t.secret||t.message||t.value)&&!\/[^a-zA-Z0-9]\/.test(t.secret)){for(var s,r,n,a=l.querySelectorAll('iframe[data-secret=\"'+t.secret+'\"]'),o=l.querySelectorAll('blockquote[data-secret=\"'+t.secret+'\"]'),c=new RegExp(\"^https?:$\",\"i\"),i=0;i<o.length;i++)o[i].style.display=\"none\";for(i=0;i<a.length;i++)s=a[i],e.source===s.contentWindow&&(s.removeAttribute(\"style\"),\"height\"===t.message?(1e3<(r=parseInt(t.value,10))?r=1e3:~~r<200&&(r=200),s.height=r):\"link\"===t.message&&(r=new URL(s.getAttribute(\"src\")),n=new URL(t.value),c.test(n.protocol))&&n.host===r.host&&l.activeElement===s&&(d.top.location.href=t.value))}},d.addEventListener(\"message\",d.wp.receiveEmbedMessage,!1),l.addEventListener(\"DOMContentLoaded\",function(){for(var e,t,s=l.querySelectorAll(\"iframe.wp-embedded-content\"),r=0;r<s.length;r++)(t=(e=s[r]).getAttribute(\"data-secret\"))||(t=Math.random().toString(36).substring(2,12),e.src+=\"#?secret=\"+t,e.setAttribute(\"data-secret\",t)),e.contentWindow.postMessage({message:\"ready\",secret:t},\"*\")},!1)))}(window,document);\n\/* ]]> *\/\n<\/script>\n","thumbnail_url":"https:\/\/www.eenewseurope.com\/wp-content\/uploads\/2022\/11\/ECI1551_Oledcomm-actu.jpg","thumbnail_width":622,"thumbnail_height":423,"description":"Oledcomm, leader mondial de la technologie LiFi, et M. S\u00e9bastien PONIATOWSKI, Maire de L\u2019Isle Adam annoncent avoir d\u00e9ploy\u00e9 la technologie LiFi, (Light Fidelity) dans les classes de l\u2019\u00e9cole maternelle de L\u2019Isle Adam. L\u2019Ecole Chantefleur devient ainsi la premi\u00e8re \u00e9cole maternelle d\u2019Ile de France \u00e0 se connecter \u00e0 Internet \u00e0 travers la lumi\u00e8re invisible. S\u00e9curis\u00e9, fiable [&hellip;]"}