{"version":"1.0","provider_name":"EENewsEurope","provider_url":"https:\/\/www.ecinews.fr\/fr\/","author_name":"Alain Dieul","author_url":"https:\/\/www.ecinews.fr\/fr\/author\/alaindieul\/","title":"Des chargeurs optimis\u00e9s pour v\u00e9los \u00e9lectriques","type":"rich","width":600,"height":338,"html":"<blockquote class=\"wp-embedded-content\" data-secret=\"eYk9KHAoMy\"><a href=\"https:\/\/www.ecinews.fr\/fr\/des-chargeurs-optimises-pour-velos-electriques\/\">Des chargeurs optimis\u00e9s pour v\u00e9los \u00e9lectriques<\/a><\/blockquote><iframe sandbox=\"allow-scripts\" security=\"restricted\" src=\"https:\/\/www.ecinews.fr\/fr\/des-chargeurs-optimises-pour-velos-electriques\/embed\/#?secret=eYk9KHAoMy\" width=\"600\" height=\"338\" title=\"\u00ab\u00a0Des chargeurs optimis\u00e9s pour v\u00e9los \u00e9lectriques\u00a0\u00bb &#8212; EENewsEurope\" data-secret=\"eYk9KHAoMy\" frameborder=\"0\" marginwidth=\"0\" marginheight=\"0\" scrolling=\"no\" class=\"wp-embedded-content\"><\/iframe><script type=\"text\/javascript\">\n\/* <![CDATA[ *\/\n\/*! This file is auto-generated *\/\n!function(d,l){\"use strict\";l.querySelector&&d.addEventListener&&\"undefined\"!=typeof URL&&(d.wp=d.wp||{},d.wp.receiveEmbedMessage||(d.wp.receiveEmbedMessage=function(e){var t=e.data;if((t||t.secret||t.message||t.value)&&!\/[^a-zA-Z0-9]\/.test(t.secret)){for(var s,r,n,a=l.querySelectorAll('iframe[data-secret=\"'+t.secret+'\"]'),o=l.querySelectorAll('blockquote[data-secret=\"'+t.secret+'\"]'),c=new RegExp(\"^https?:$\",\"i\"),i=0;i<o.length;i++)o[i].style.display=\"none\";for(i=0;i<a.length;i++)s=a[i],e.source===s.contentWindow&&(s.removeAttribute(\"style\"),\"height\"===t.message?(1e3<(r=parseInt(t.value,10))?r=1e3:~~r<200&&(r=200),s.height=r):\"link\"===t.message&&(r=new URL(s.getAttribute(\"src\")),n=new URL(t.value),c.test(n.protocol))&&n.host===r.host&&l.activeElement===s&&(d.top.location.href=t.value))}},d.addEventListener(\"message\",d.wp.receiveEmbedMessage,!1),l.addEventListener(\"DOMContentLoaded\",function(){for(var e,t,s=l.querySelectorAll(\"iframe.wp-embedded-content\"),r=0;r<s.length;r++)(t=(e=s[r]).getAttribute(\"data-secret\"))||(t=Math.random().toString(36).substring(2,12),e.src+=\"#?secret=\"+t,e.setAttribute(\"data-secret\",t)),e.contentWindow.postMessage({message:\"ready\",secret:t},\"*\")},!1)))}(window,document);\n\/* ]]> *\/\n<\/script>\n","thumbnail_url":"https:\/\/www.ecinews.fr\/wp-content\/uploads\/import\/default\/files\/sites\/default\/files\/images\/eci7737_bmz_att00002_r.jpg","thumbnail_width":430,"thumbnail_height":294,"description":"Pour la recharge des batteries des v\u00e9los \u00e0 assistance \u00e9lectrique, BMZ a lanc\u00e9 une famille de chargeurs d\u00e9clin\u00e9e selon plusieurs courants de charge et plusieurs formats de bo\u00eetiers. Les caract\u00e9ristiques de charge permettront aux fabricants de v\u00e9los de prendre en compte tous les types d\u2019usages courants dans le but d\u2019optimiser pleinement l\u2019op\u00e9ration de recharge."}