{"version":"1.0","provider_name":"EENewsEurope","provider_url":"https:\/\/www.ecinews.fr\/fr\/","author_name":"eeNews Europe","author_url":"https:\/\/www.ecinews.fr\/fr\/author\/eenews-europe\/","title":"Cree investit $1bn dans sa Fab SiC","type":"rich","width":600,"height":338,"html":"<blockquote class=\"wp-embedded-content\" data-secret=\"XK8Gl66822\"><a href=\"https:\/\/www.ecinews.fr\/fr\/cree-investit-1bn-dans-sa-fab-sic\/\">Cree investit $1bn dans sa Fab SiC<\/a><\/blockquote><iframe sandbox=\"allow-scripts\" security=\"restricted\" src=\"https:\/\/www.ecinews.fr\/fr\/cree-investit-1bn-dans-sa-fab-sic\/embed\/#?secret=XK8Gl66822\" width=\"600\" height=\"338\" title=\"\u00ab\u00a0Cree investit $1bn dans sa Fab SiC\u00a0\u00bb &#8212; EENewsEurope\" data-secret=\"XK8Gl66822\" frameborder=\"0\" marginwidth=\"0\" marginheight=\"0\" scrolling=\"no\" class=\"wp-embedded-content\"><\/iframe><script type=\"text\/javascript\">\n\/* <![CDATA[ *\/\n\/*! This file is auto-generated *\/\n!function(d,l){\"use strict\";l.querySelector&&d.addEventListener&&\"undefined\"!=typeof URL&&(d.wp=d.wp||{},d.wp.receiveEmbedMessage||(d.wp.receiveEmbedMessage=function(e){var t=e.data;if((t||t.secret||t.message||t.value)&&!\/[^a-zA-Z0-9]\/.test(t.secret)){for(var s,r,n,a=l.querySelectorAll('iframe[data-secret=\"'+t.secret+'\"]'),o=l.querySelectorAll('blockquote[data-secret=\"'+t.secret+'\"]'),c=new RegExp(\"^https?:$\",\"i\"),i=0;i<o.length;i++)o[i].style.display=\"none\";for(i=0;i<a.length;i++)s=a[i],e.source===s.contentWindow&&(s.removeAttribute(\"style\"),\"height\"===t.message?(1e3<(r=parseInt(t.value,10))?r=1e3:~~r<200&&(r=200),s.height=r):\"link\"===t.message&&(r=new URL(s.getAttribute(\"src\")),n=new URL(t.value),c.test(n.protocol))&&n.host===r.host&&l.activeElement===s&&(d.top.location.href=t.value))}},d.addEventListener(\"message\",d.wp.receiveEmbedMessage,!1),l.addEventListener(\"DOMContentLoaded\",function(){for(var e,t,s=l.querySelectorAll(\"iframe.wp-embedded-content\"),r=0;r<s.length;r++)(t=(e=s[r]).getAttribute(\"data-secret\"))||(t=Math.random().toString(36).substring(2,12),e.src+=\"#?secret=\"+t,e.setAttribute(\"data-secret\",t)),e.contentWindow.postMessage({message:\"ready\",secret:t},\"*\")},!1)))}(window,document);\n\/* ]]> *\/\n<\/script>\n","thumbnail_url":"https:\/\/www.ecinews.fr\/wp-content\/uploads\/import\/default\/files\/sites\/default\/files\/images\/cree_0.jpg","thumbnail_width":540,"thumbnail_height":405,"description":"Cree va investir jusqu'\u00e0 un milliard de dollars dans une Fab SiC pour \u00e9tendre sa capacit\u00e9 avec une usine de fabrication automatis\u00e9e de pointe de 200 mm et une m\u00e9ga usine de mat\u00e9riaux situ\u00e9e \u00e0 son si\u00e8ge am\u00e9ricain \u00e0 Durham, en Caroline du Nord."}