{"version":"1.0","provider_name":"EENewsEurope","provider_url":"https:\/\/www.ecinews.fr\/fr\/","author_name":"Alain Dieul","author_url":"https:\/\/www.ecinews.fr\/fr\/author\/alain-dieul\/","title":"Convertisseurs DC-DC isol\u00e9s pour v\u00e9hicules xEV","type":"rich","width":600,"height":338,"html":"<blockquote class=\"wp-embedded-content\" data-secret=\"y5WW10W1df\"><a href=\"https:\/\/www.ecinews.fr\/fr\/convertisseurs-dc-dc-isoles-pour-vehicules-xev\/\">Convertisseurs DC-DC isol\u00e9s pour v\u00e9hicules xEV<\/a><\/blockquote><iframe sandbox=\"allow-scripts\" security=\"restricted\" src=\"https:\/\/www.ecinews.fr\/fr\/convertisseurs-dc-dc-isoles-pour-vehicules-xev\/embed\/#?secret=y5WW10W1df\" width=\"600\" height=\"338\" title=\"\u00ab\u00a0Convertisseurs DC-DC isol\u00e9s pour v\u00e9hicules xEV\u00a0\u00bb &#8212; EENewsEurope\" data-secret=\"y5WW10W1df\" frameborder=\"0\" marginwidth=\"0\" marginheight=\"0\" scrolling=\"no\" class=\"wp-embedded-content\"><\/iframe><script type=\"text\/javascript\">\n\/* <![CDATA[ *\/\n\/*! This file is auto-generated *\/\n!function(d,l){\"use strict\";l.querySelector&&d.addEventListener&&\"undefined\"!=typeof URL&&(d.wp=d.wp||{},d.wp.receiveEmbedMessage||(d.wp.receiveEmbedMessage=function(e){var t=e.data;if((t||t.secret||t.message||t.value)&&!\/[^a-zA-Z0-9]\/.test(t.secret)){for(var s,r,n,a=l.querySelectorAll('iframe[data-secret=\"'+t.secret+'\"]'),o=l.querySelectorAll('blockquote[data-secret=\"'+t.secret+'\"]'),c=new RegExp(\"^https?:$\",\"i\"),i=0;i<o.length;i++)o[i].style.display=\"none\";for(i=0;i<a.length;i++)s=a[i],e.source===s.contentWindow&&(s.removeAttribute(\"style\"),\"height\"===t.message?(1e3<(r=parseInt(t.value,10))?r=1e3:~~r<200&&(r=200),s.height=r):\"link\"===t.message&&(r=new URL(s.getAttribute(\"src\")),n=new URL(t.value),c.test(n.protocol))&&n.host===r.host&&l.activeElement===s&&(d.top.location.href=t.value))}},d.addEventListener(\"message\",d.wp.receiveEmbedMessage,!1),l.addEventListener(\"DOMContentLoaded\",function(){for(var e,t,s=l.querySelectorAll(\"iframe.wp-embedded-content\"),r=0;r<s.length;r++)(t=(e=s[r]).getAttribute(\"data-secret\"))||(t=Math.random().toString(36).substring(2,12),e.src+=\"#?secret=\"+t,e.setAttribute(\"data-secret\",t)),e.contentWindow.postMessage({message:\"ready\",secret:t},\"*\")},!1)))}(window,document);\n\/* ]]> *\/\n<\/script>\n","thumbnail_url":"https:\/\/www.ecinews.fr\/wp-content\/uploads\/2023\/02\/ECI1672_Rohm-scaled.jpg","thumbnail_width":1080,"thumbnail_height":780,"description":"Ces derni\u00e8res ann\u00e9es, les v\u00e9hicules xEV, tels que les v\u00e9hicules hybrides et \u00e9lectriques, ont gagn\u00e9 en popularit\u00e9 \u00e0 mesure que l\u2019industrie s\u2019oriente vers une soci\u00e9t\u00e9 durable. Utilisant primairement l\u2019\u00e9lectricit\u00e9 comme source d\u2019\u00e9nergie, les xEV sont \u00e9quip\u00e9s d\u2019applications uniques tels que les compresseurs \u00e9lectriques pour la climatisation, et les chauffages PTC pour augmenter la temp\u00e9rature de [&hellip;]"}